{"id":10349,"date":"2019-04-26T10:08:50","date_gmt":"2019-04-26T10:08:50","guid":{"rendered":"https:\/\/lapinedaplatja.info\/on-dormir\/"},"modified":"2025-10-13T11:41:55","modified_gmt":"2025-10-13T09:41:55","slug":"on-dormir","status":"publish","type":"page","link":"https:\/\/lapinedaplatja.info\/de\/typ\/wo-schlafen\/","title":{"rendered":"Wo man \u00fcbernachten kann"},"content":{"rendered":"\t\t<div data-elementor-type=\"wp-page\" data-elementor-id=\"10349\" class=\"elementor elementor-10349 elementor-5679\" data-elementor-post-type=\"page\">\n\t\t\t\t<div class=\"elementor-element elementor-element-7dc978d e-flex e-con-boxed e-con e-parent\" data-id=\"7dc978d\" data-element_type=\"container\" data-settings=\"{&quot;background_background&quot;:&quot;classic&quot;}\">\n\t\t\t\t\t<div class=\"e-con-inner\">\n\t\t<div class=\"elementor-element elementor-element-f57e919 e-con-full e-flex e-con e-child\" data-id=\"f57e919\" data-element_type=\"container\" data-settings=\"{&quot;background_background&quot;:&quot;classic&quot;}\">\n\t\t\t\t<\/div>\n\t\t\t\t\t<\/div>\n\t\t\t\t<\/div>\n\t\t<div class=\"elementor-element elementor-element-b5992e5 e-flex e-con-boxed e-con e-parent\" data-id=\"b5992e5\" data-element_type=\"container\">\n\t\t\t\t\t<div class=\"e-con-inner\">\n\t\t<div class=\"elementor-element elementor-element-6c513de e-con-full e-flex e-con e-child\" data-id=\"6c513de\" data-element_type=\"container\" data-settings=\"{&quot;background_background&quot;:&quot;classic&quot;}\">\n\t\t\t\t<div class=\"elementor-element elementor-element-c880dc4 elementor-widget__width-auto elementor-widget elementor-widget-heading\" data-id=\"c880dc4\" data-element_type=\"widget\" data-widget_type=\"heading.default\">\n\t\t\t\t<div class=\"elementor-widget-container\">\n\t\t\t\t\t<h2 class=\"elementor-heading-title elementor-size-default\">Wo man \u00fcbernachten kann<\/h2>\t\t\t\t<\/div>\n\t\t\t\t<\/div>\n\t\t\t\t<\/div>\n\t\t\t\t\t<\/div>\n\t\t\t\t<\/div>\n\t\t<div class=\"elementor-element elementor-element-0fb774a e-flex e-con-boxed e-con e-parent\" data-id=\"0fb774a\" data-element_type=\"container\">\n\t\t\t\t\t<div class=\"e-con-inner\">\n\t\t\t\t<div class=\"elementor-element elementor-element-5d3b378 elementor-align-left elementor-widget elementor-widget-breadcrumbs\" data-id=\"5d3b378\" data-element_type=\"widget\" data-widget_type=\"breadcrumbs.default\">\n\t\t\t\t<div class=\"elementor-widget-container\">\n\t\t\t\t\t<p id=\"breadcrumbs\"><span><span><a href=\"https:\/\/lapinedaplatja.info\/de\/\">Portada<\/a><\/span><\/span><\/p>\t\t\t\t<\/div>\n\t\t\t\t<\/div>\n\t\t\t\t<div class=\"elementor-element elementor-element-4889c26 elementor-widget elementor-widget-text-editor\" data-id=\"4889c26\" data-element_type=\"widget\" data-widget_type=\"text-editor.default\">\n\t\t\t\t<div class=\"elementor-widget-container\">\n\t\t\t\t\t\t\t\t\t<div class=\"flex max-w-full flex-col flex-grow\"><div class=\"min-h-8 text-message relative flex w-full flex-col items-end gap-2 whitespace-normal break-words text-start [.text-message+&amp;]:mt-5\" dir=\"auto\" data-message-author-role=\"assistant\" data-message-id=\"a24ab41e-2ae3-4179-94a4-890bf99015a0\" data-message-model-slug=\"gpt-4o\"><div class=\"flex w-full flex-col gap-1 empty:hidden first:pt-[3px]\"><div class=\"markdown prose w-full break-words dark:prose-invert light\"><p data-start=\"0\" data-end=\"237\" data-is-last-node=\"\" data-is-only-node=\"\">In Vila-seca erwartet Sie in Pineda Platja der perfekte Urlaub! Hotels verschiedener Kategorien, Apartments, Campingpl\u00e4tze und Unterk\u00fcnfte f\u00fcr jeden Geschmack und Bedarf. <\/p><p data-start=\"0\" data-end=\"237\" data-is-last-node=\"\" data-is-only-node=\"\">Genie\u00dfen Sie einen komfortablen Aufenthalt am Meer und verbringen Sie einen unvergesslichen Urlaub!<\/p><\/div><\/div><\/div><\/div>\t\t\t\t\t\t\t\t<\/div>\n\t\t\t\t<\/div>\n\t\t\t\t\t<\/div>\n\t\t\t\t<\/div>\n\t\t<div class=\"elementor-element elementor-element-b437672 e-grid e-con-boxed e-con e-parent\" data-id=\"b437672\" data-element_type=\"container\">\n\t\t\t\t\t<div class=\"e-con-inner\">\n\t\t<a class=\"elementor-element elementor-element-56de11c e-con-full e-flex e-con e-child\" data-id=\"56de11c\" data-element_type=\"container\" data-settings=\"{&quot;background_background&quot;:&quot;classic&quot;}\" href=\"https:\/\/lapinedaplatja.info\/de\/tipus\/hotels-5-de\/\">\n\t\t<div class=\"elementor-element elementor-element-2bc66af e-con-full e-flex e-con e-child\" data-id=\"2bc66af\" data-element_type=\"container\" data-settings=\"{&quot;background_background&quot;:&quot;classic&quot;}\">\n\t\t\t\t<div class=\"elementor-element elementor-element-8963dc6 elementor-widget elementor-widget-heading\" data-id=\"8963dc6\" data-element_type=\"widget\" data-widget_type=\"heading.default\">\n\t\t\t\t<div class=\"elementor-widget-container\">\n\t\t\t\t\t<h2 class=\"elementor-heading-title elementor-size-default\">Hotels *****<\/h2>\t\t\t\t<\/div>\n\t\t\t\t<\/div>\n\t\t\t\t<\/div>\n\t\t\t\t<\/a>\n\t\t<a class=\"elementor-element elementor-element-5273f7b e-con-full e-flex e-con e-child\" data-id=\"5273f7b\" data-element_type=\"container\" data-settings=\"{&quot;background_background&quot;:&quot;classic&quot;}\" href=\"https:\/\/lapinedaplatja.info\/de\/tipus\/hotels-4-de\/\">\n\t\t<div class=\"elementor-element elementor-element-74063e2 e-con-full e-flex e-con e-child\" data-id=\"74063e2\" data-element_type=\"container\" data-settings=\"{&quot;background_background&quot;:&quot;classic&quot;}\">\n\t\t\t\t<div class=\"elementor-element elementor-element-3a79463 elementor-widget elementor-widget-heading\" data-id=\"3a79463\" data-element_type=\"widget\" data-widget_type=\"heading.default\">\n\t\t\t\t<div class=\"elementor-widget-container\">\n\t\t\t\t\t<h2 class=\"elementor-heading-title elementor-size-default\">Hotels ****<\/h2>\t\t\t\t<\/div>\n\t\t\t\t<\/div>\n\t\t\t\t<\/div>\n\t\t\t\t<\/a>\n\t\t<a class=\"elementor-element elementor-element-bdd3a1f e-con-full e-flex e-con e-child\" data-id=\"bdd3a1f\" data-element_type=\"container\" data-settings=\"{&quot;background_background&quot;:&quot;classic&quot;}\" href=\"https:\/\/lapinedaplatja.info\/de\/tipus\/apartahotels-de\/\">\n\t\t<div class=\"elementor-element elementor-element-0ff2b8c e-con-full e-flex e-con e-child\" data-id=\"0ff2b8c\" data-element_type=\"container\" data-settings=\"{&quot;background_background&quot;:&quot;classic&quot;}\">\n\t\t\t\t<div class=\"elementor-element elementor-element-cbe19ef elementor-widget elementor-widget-heading\" data-id=\"cbe19ef\" data-element_type=\"widget\" data-widget_type=\"heading.default\">\n\t\t\t\t<div class=\"elementor-widget-container\">\n\t\t\t\t\t<h2 class=\"elementor-heading-title elementor-size-default\">Aparthotels<\/h2>\t\t\t\t<\/div>\n\t\t\t\t<\/div>\n\t\t\t\t<\/div>\n\t\t\t\t<\/a>\n\t\t<a class=\"elementor-element elementor-element-bf3b330 e-con-full e-flex e-con e-child\" data-id=\"bf3b330\" data-element_type=\"container\" data-settings=\"{&quot;background_background&quot;:&quot;classic&quot;}\" href=\"https:\/\/lapinedaplatja.info\/de\/tipus\/pensions-de\/\">\n\t\t<div class=\"elementor-element elementor-element-7197eec e-con-full e-flex e-con e-child\" data-id=\"7197eec\" data-element_type=\"container\" data-settings=\"{&quot;background_background&quot;:&quot;classic&quot;}\">\n\t\t\t\t<div class=\"elementor-element elementor-element-9294bab elementor-widget elementor-widget-heading\" data-id=\"9294bab\" data-element_type=\"widget\" data-widget_type=\"heading.default\">\n\t\t\t\t<div class=\"elementor-widget-container\">\n\t\t\t\t\t<h2 class=\"elementor-heading-title elementor-size-default\">Renten<\/h2>\t\t\t\t<\/div>\n\t\t\t\t<\/div>\n\t\t\t\t<\/div>\n\t\t\t\t<\/a>\n\t\t<a class=\"elementor-element elementor-element-7bc4e19 e-con-full e-flex e-con e-child\" data-id=\"7bc4e19\" data-element_type=\"container\" data-settings=\"{&quot;background_background&quot;:&quot;classic&quot;}\" href=\"https:\/\/lapinedaplatja.info\/de\/tipus\/campings-de\/\">\n\t\t<div class=\"elementor-element elementor-element-e4a5df3 e-con-full e-flex e-con e-child\" data-id=\"e4a5df3\" data-element_type=\"container\" data-settings=\"{&quot;background_background&quot;:&quot;classic&quot;}\">\n\t\t\t\t<div class=\"elementor-element elementor-element-aa89d66 elementor-widget elementor-widget-heading\" data-id=\"aa89d66\" data-element_type=\"widget\" data-widget_type=\"heading.default\">\n\t\t\t\t<div class=\"elementor-widget-container\">\n\t\t\t\t\t<h2 class=\"elementor-heading-title elementor-size-default\">Campingpl\u00e4tze<\/h2>\t\t\t\t<\/div>\n\t\t\t\t<\/div>\n\t\t\t\t<\/div>\n\t\t\t\t<\/a>\n\t\t<a class=\"elementor-element elementor-element-0e54d71 e-con-full e-flex e-con e-child\" data-id=\"0e54d71\" data-element_type=\"container\" data-settings=\"{&quot;background_background&quot;:&quot;classic&quot;}\" href=\"https:\/\/lapinedaplatja.info\/de\/tipus\/apartaments-turistics-de\/\">\n\t\t<div class=\"elementor-element elementor-element-276835e e-con-full e-flex e-con e-child\" data-id=\"276835e\" data-element_type=\"container\" data-settings=\"{&quot;background_background&quot;:&quot;classic&quot;}\">\n\t\t\t\t<div class=\"elementor-element elementor-element-4e396ac elementor-widget elementor-widget-heading\" data-id=\"4e396ac\" data-element_type=\"widget\" data-widget_type=\"heading.default\">\n\t\t\t\t<div class=\"elementor-widget-container\">\n\t\t\t\t\t<h2 class=\"elementor-heading-title elementor-size-default\">Ferienwohnungen<\/h2>\t\t\t\t<\/div>\n\t\t\t\t<\/div>\n\t\t\t\t<\/div>\n\t\t\t\t<\/a>\n\t\t<a class=\"elementor-element elementor-element-7bdb4b3 e-con-full e-flex e-con e-child\" data-id=\"7bdb4b3\" data-element_type=\"container\" data-settings=\"{&quot;background_background&quot;:&quot;classic&quot;}\" href=\"https:\/\/lapinedaplatja.info\/de\/tipus\/lloguer-immobles-de\/\">\n\t\t<div class=\"elementor-element elementor-element-607f2d0 e-con-full e-flex e-con e-child\" data-id=\"607f2d0\" data-element_type=\"container\" data-settings=\"{&quot;background_background&quot;:&quot;classic&quot;}\">\n\t\t\t\t<div class=\"elementor-element elementor-element-88a46f2 elementor-widget elementor-widget-heading\" data-id=\"88a46f2\" data-element_type=\"widget\" data-widget_type=\"heading.default\">\n\t\t\t\t<div class=\"elementor-widget-container\">\n\t\t\t\t\t<h2 class=\"elementor-heading-title elementor-size-default\">Vermietung von touristischen Immobilien<\/h2>\t\t\t\t<\/div>\n\t\t\t\t<\/div>\n\t\t\t\t<\/div>\n\t\t\t\t<\/a>\n\t\t\t\t\t<\/div>\n\t\t\t\t<\/div>\n\t\t\t\t<\/div>\n\t\t","protected":false},"excerpt":{"rendered":"<p>Wo man \u00fcbernachten kann In Vila-seca erwartet Sie in Pineda Platja der perfekte Urlaub! Hotels verschiedener Kategorien, Apartments, Campingpl\u00e4tze und Unterk\u00fcnfte f\u00fcr jeden Geschmack und Bedarf. Genie\u00dfen Sie einen komfortablen Aufenthalt am Meer und verbringen Sie einen unvergesslichen Urlaub! Hotels ***** Hotels **** Aparthotels Renten Campingpl\u00e4tze Ferienwohnungen Vermietung von touristischen [&hellip;]<\/p>\n","protected":false},"author":4,"featured_media":4607,"parent":0,"menu_order":0,"comment_status":"closed","ping_status":"closed","template":"","meta":{"_acf_changed":false,"footnotes":""},"class_list":["post-10349","page","type-page","status-publish","has-post-thumbnail","hentry"],"acf":[],"yoast_head":"<!-- This site is optimized with the Yoast SEO plugin v26.6 - https:\/\/yoast.com\/wordpress\/plugins\/seo\/ -->\n<title>Wo man \u00fcbernachten kann | Vila-seca - La Pineda Platja<\/title>\n<meta name=\"robots\" content=\"index, follow, max-snippet:-1, max-image-preview:large, max-video-preview:-1\" \/>\n<link rel=\"canonical\" href=\"https:\/\/lapinedaplatja.info\/de\/typ\/wo-schlafen\/\" \/>\n<meta property=\"og:locale\" content=\"de_DE\" \/>\n<meta property=\"og:type\" content=\"article\" \/>\n<meta property=\"og:title\" content=\"Wo man \u00fcbernachten kann | Vila-seca - La Pineda Platja\" \/>\n<meta property=\"og:description\" content=\"Wo man \u00fcbernachten kann In Vila-seca erwartet Sie in Pineda Platja der perfekte Urlaub! Hotels verschiedener Kategorien, Apartments, Campingpl\u00e4tze und Unterk\u00fcnfte f\u00fcr jeden Geschmack und Bedarf. Genie\u00dfen Sie einen komfortablen Aufenthalt am Meer und verbringen Sie einen unvergesslichen Urlaub! Hotels ***** Hotels **** Aparthotels Renten Campingpl\u00e4tze Ferienwohnungen Vermietung von touristischen [&hellip;]\" \/>\n<meta property=\"og:url\" content=\"https:\/\/lapinedaplatja.info\/de\/typ\/wo-schlafen\/\" \/>\n<meta property=\"og:site_name\" content=\"Vila-seca - La Pineda Platja\" \/>\n<meta property=\"article:publisher\" content=\"https:\/\/www.facebook.com\/lapinedaplatja\/\" \/>\n<meta property=\"article:modified_time\" content=\"2025-10-13T09:41:55+00:00\" \/>\n<meta property=\"og:image\" content=\"https:\/\/lapinedaplatja.info\/wp-content\/uploads\/2019\/04\/Hotel_Portaventura_2.jpg\" \/>\n\t<meta property=\"og:image:width\" content=\"1280\" \/>\n\t<meta property=\"og:image:height\" content=\"833\" \/>\n\t<meta property=\"og:image:type\" content=\"image\/jpeg\" \/>\n<meta name=\"twitter:card\" content=\"summary_large_image\" \/>\n<meta name=\"twitter:site\" content=\"@lapinedaplatja\" \/>\n<meta name=\"twitter:label1\" content=\"Gesch\u00e4tzte Lesezeit\" \/>\n\t<meta name=\"twitter:data1\" content=\"1\u00a0Minute\" \/>\n<script type=\"application\/ld+json\" class=\"yoast-schema-graph\">{\"@context\":\"https:\/\/schema.org\",\"@graph\":[{\"@type\":\"WebPage\",\"@id\":\"https:\/\/lapinedaplatja.info\/de\/typ\/wo-schlafen\/\",\"url\":\"https:\/\/lapinedaplatja.info\/de\/typ\/wo-schlafen\/\",\"name\":\"Wo man \u00fcbernachten kann | Vila-seca - La Pineda Platja\",\"isPartOf\":{\"@id\":\"https:\/\/lapinedaplatja.info\/de\/#website\"},\"primaryImageOfPage\":{\"@id\":\"https:\/\/lapinedaplatja.info\/de\/typ\/wo-schlafen\/#primaryimage\"},\"image\":{\"@id\":\"https:\/\/lapinedaplatja.info\/de\/typ\/wo-schlafen\/#primaryimage\"},\"thumbnailUrl\":\"https:\/\/lapinedaplatja.info\/wp-content\/uploads\/2019\/04\/Hotel_Portaventura_2.jpg\",\"datePublished\":\"2019-04-26T10:08:50+00:00\",\"dateModified\":\"2025-10-13T09:41:55+00:00\",\"breadcrumb\":{\"@id\":\"https:\/\/lapinedaplatja.info\/de\/typ\/wo-schlafen\/#breadcrumb\"},\"inLanguage\":\"de\",\"potentialAction\":[{\"@type\":\"ReadAction\",\"target\":[\"https:\/\/lapinedaplatja.info\/de\/typ\/wo-schlafen\/\"]}]},{\"@type\":\"ImageObject\",\"inLanguage\":\"de\",\"@id\":\"https:\/\/lapinedaplatja.info\/de\/typ\/wo-schlafen\/#primaryimage\",\"url\":\"https:\/\/lapinedaplatja.info\/wp-content\/uploads\/2019\/04\/Hotel_Portaventura_2.jpg\",\"contentUrl\":\"https:\/\/lapinedaplatja.info\/wp-content\/uploads\/2019\/04\/Hotel_Portaventura_2.jpg\",\"width\":1280,\"height\":833},{\"@type\":\"BreadcrumbList\",\"@id\":\"https:\/\/lapinedaplatja.info\/de\/typ\/wo-schlafen\/#breadcrumb\",\"itemListElement\":[{\"@type\":\"ListItem\",\"position\":1,\"name\":\"Portada\",\"item\":\"https:\/\/lapinedaplatja.info\/de\/\"},{\"@type\":\"ListItem\",\"position\":2,\"name\":\"Wo man \u00fcbernachten kann\"}]},{\"@type\":\"WebSite\",\"@id\":\"https:\/\/lapinedaplatja.info\/de\/#website\",\"url\":\"https:\/\/lapinedaplatja.info\/de\/\",\"name\":\"La Pineda Platja | Vila-seca\",\"description\":\"Oficina de Turismo de La Pineda.\",\"publisher\":{\"@id\":\"https:\/\/lapinedaplatja.info\/de\/#organization\"},\"potentialAction\":[{\"@type\":\"SearchAction\",\"target\":{\"@type\":\"EntryPoint\",\"urlTemplate\":\"https:\/\/lapinedaplatja.info\/de\/?s={search_term_string}\"},\"query-input\":{\"@type\":\"PropertyValueSpecification\",\"valueRequired\":true,\"valueName\":\"search_term_string\"}}],\"inLanguage\":\"de\"},{\"@type\":\"Organization\",\"@id\":\"https:\/\/lapinedaplatja.info\/de\/#organization\",\"name\":\"Patronat Municipal de Turisme de Vila-seca\",\"url\":\"https:\/\/lapinedaplatja.info\/de\/\",\"logo\":{\"@type\":\"ImageObject\",\"inLanguage\":\"de\",\"@id\":\"https:\/\/lapinedaplatja.info\/de\/#\/schema\/logo\/image\/\",\"url\":\"https:\/\/lapinedaplatja.info\/wp-content\/uploads\/2018\/10\/cropped-13260099_989491457837088_3488030785405353200_n.jpg\",\"contentUrl\":\"https:\/\/lapinedaplatja.info\/wp-content\/uploads\/2018\/10\/cropped-13260099_989491457837088_3488030785405353200_n.jpg\",\"width\":600,\"height\":600,\"caption\":\"Patronat Municipal de Turisme de Vila-seca\"},\"image\":{\"@id\":\"https:\/\/lapinedaplatja.info\/de\/#\/schema\/logo\/image\/\"},\"sameAs\":[\"https:\/\/www.facebook.com\/lapinedaplatja\/\",\"https:\/\/x.com\/lapinedaplatja\",\"https:\/\/www.instagram.com\/lapinedaplatja\/\"]}]}<\/script>\n<!-- \/ Yoast SEO plugin. -->","yoast_head_json":{"title":"Wo man \u00fcbernachten kann | Vila-seca - La Pineda Platja","robots":{"index":"index","follow":"follow","max-snippet":"max-snippet:-1","max-image-preview":"max-image-preview:large","max-video-preview":"max-video-preview:-1"},"canonical":"https:\/\/lapinedaplatja.info\/de\/typ\/wo-schlafen\/","og_locale":"de_DE","og_type":"article","og_title":"Wo man \u00fcbernachten kann | Vila-seca - La Pineda Platja","og_description":"Wo man \u00fcbernachten kann In Vila-seca erwartet Sie in Pineda Platja der perfekte Urlaub! Hotels verschiedener Kategorien, Apartments, Campingpl\u00e4tze und Unterk\u00fcnfte f\u00fcr jeden Geschmack und Bedarf. Genie\u00dfen Sie einen komfortablen Aufenthalt am Meer und verbringen Sie einen unvergesslichen Urlaub! Hotels ***** Hotels **** Aparthotels Renten Campingpl\u00e4tze Ferienwohnungen Vermietung von touristischen [&hellip;]","og_url":"https:\/\/lapinedaplatja.info\/de\/typ\/wo-schlafen\/","og_site_name":"Vila-seca - La Pineda Platja","article_publisher":"https:\/\/www.facebook.com\/lapinedaplatja\/","article_modified_time":"2025-10-13T09:41:55+00:00","og_image":[{"width":1280,"height":833,"url":"https:\/\/lapinedaplatja.info\/wp-content\/uploads\/2019\/04\/Hotel_Portaventura_2.jpg","type":"image\/jpeg"}],"twitter_card":"summary_large_image","twitter_site":"@lapinedaplatja","twitter_misc":{"Gesch\u00e4tzte Lesezeit":"1\u00a0Minute"},"schema":{"@context":"https:\/\/schema.org","@graph":[{"@type":"WebPage","@id":"https:\/\/lapinedaplatja.info\/de\/typ\/wo-schlafen\/","url":"https:\/\/lapinedaplatja.info\/de\/typ\/wo-schlafen\/","name":"Wo man \u00fcbernachten kann | Vila-seca - La Pineda Platja","isPartOf":{"@id":"https:\/\/lapinedaplatja.info\/de\/#website"},"primaryImageOfPage":{"@id":"https:\/\/lapinedaplatja.info\/de\/typ\/wo-schlafen\/#primaryimage"},"image":{"@id":"https:\/\/lapinedaplatja.info\/de\/typ\/wo-schlafen\/#primaryimage"},"thumbnailUrl":"https:\/\/lapinedaplatja.info\/wp-content\/uploads\/2019\/04\/Hotel_Portaventura_2.jpg","datePublished":"2019-04-26T10:08:50+00:00","dateModified":"2025-10-13T09:41:55+00:00","breadcrumb":{"@id":"https:\/\/lapinedaplatja.info\/de\/typ\/wo-schlafen\/#breadcrumb"},"inLanguage":"de","potentialAction":[{"@type":"ReadAction","target":["https:\/\/lapinedaplatja.info\/de\/typ\/wo-schlafen\/"]}]},{"@type":"ImageObject","inLanguage":"de","@id":"https:\/\/lapinedaplatja.info\/de\/typ\/wo-schlafen\/#primaryimage","url":"https:\/\/lapinedaplatja.info\/wp-content\/uploads\/2019\/04\/Hotel_Portaventura_2.jpg","contentUrl":"https:\/\/lapinedaplatja.info\/wp-content\/uploads\/2019\/04\/Hotel_Portaventura_2.jpg","width":1280,"height":833},{"@type":"BreadcrumbList","@id":"https:\/\/lapinedaplatja.info\/de\/typ\/wo-schlafen\/#breadcrumb","itemListElement":[{"@type":"ListItem","position":1,"name":"Portada","item":"https:\/\/lapinedaplatja.info\/de\/"},{"@type":"ListItem","position":2,"name":"Wo man \u00fcbernachten kann"}]},{"@type":"WebSite","@id":"https:\/\/lapinedaplatja.info\/de\/#website","url":"https:\/\/lapinedaplatja.info\/de\/","name":"La Pineda Platja | Vila-seca","description":"Oficina de Turismo de La Pineda.","publisher":{"@id":"https:\/\/lapinedaplatja.info\/de\/#organization"},"potentialAction":[{"@type":"SearchAction","target":{"@type":"EntryPoint","urlTemplate":"https:\/\/lapinedaplatja.info\/de\/?s={search_term_string}"},"query-input":{"@type":"PropertyValueSpecification","valueRequired":true,"valueName":"search_term_string"}}],"inLanguage":"de"},{"@type":"Organization","@id":"https:\/\/lapinedaplatja.info\/de\/#organization","name":"Patronat Municipal de Turisme de Vila-seca","url":"https:\/\/lapinedaplatja.info\/de\/","logo":{"@type":"ImageObject","inLanguage":"de","@id":"https:\/\/lapinedaplatja.info\/de\/#\/schema\/logo\/image\/","url":"https:\/\/lapinedaplatja.info\/wp-content\/uploads\/2018\/10\/cropped-13260099_989491457837088_3488030785405353200_n.jpg","contentUrl":"https:\/\/lapinedaplatja.info\/wp-content\/uploads\/2018\/10\/cropped-13260099_989491457837088_3488030785405353200_n.jpg","width":600,"height":600,"caption":"Patronat Municipal de Turisme de Vila-seca"},"image":{"@id":"https:\/\/lapinedaplatja.info\/de\/#\/schema\/logo\/image\/"},"sameAs":["https:\/\/www.facebook.com\/lapinedaplatja\/","https:\/\/x.com\/lapinedaplatja","https:\/\/www.instagram.com\/lapinedaplatja\/"]}]}},"_links":{"self":[{"href":"https:\/\/lapinedaplatja.info\/de\/wp-json\/wp\/v2\/pages\/10349","targetHints":{"allow":["GET"]}}],"collection":[{"href":"https:\/\/lapinedaplatja.info\/de\/wp-json\/wp\/v2\/pages"}],"about":[{"href":"https:\/\/lapinedaplatja.info\/de\/wp-json\/wp\/v2\/types\/page"}],"author":[{"embeddable":true,"href":"https:\/\/lapinedaplatja.info\/de\/wp-json\/wp\/v2\/users\/4"}],"replies":[{"embeddable":true,"href":"https:\/\/lapinedaplatja.info\/de\/wp-json\/wp\/v2\/comments?post=10349"}],"version-history":[{"count":0,"href":"https:\/\/lapinedaplatja.info\/de\/wp-json\/wp\/v2\/pages\/10349\/revisions"}],"wp:featuredmedia":[{"embeddable":true,"href":"https:\/\/lapinedaplatja.info\/de\/wp-json\/wp\/v2\/media\/4607"}],"wp:attachment":[{"href":"https:\/\/lapinedaplatja.info\/de\/wp-json\/wp\/v2\/media?parent=10349"}],"curies":[{"name":"wp","href":"https:\/\/api.w.org\/{rel}","templated":true}]}}