{"id":10420,"date":"2019-04-11T09:41:41","date_gmt":"2019-04-11T09:41:41","guid":{"rendered":"https:\/\/lapinedaplatja.info\/item\/1-dia-estiu\/"},"modified":"2023-08-18T09:37:02","modified_gmt":"2023-08-18T07:37:02","slug":"1-dia-estiu","status":"publish","type":"portfolio","link":"https:\/\/lapinedaplatja.info\/de\/item\/1-dia-estiu\/","title":{"rendered":"Ein Tag"},"content":{"rendered":"<h2><strong>Ein Tag in Vila-seca, La Pineda Platja<\/strong><\/h2>\n<p>Vila-seca, La Pineda Platja ist ein Urlaubsziel, in dem Sie alles m\u00f6gliche unternehmen k\u00f6nnen: Es erwarten Sie ruhige Str\u00e4nde, Gr\u00fcnanlagen, Themenparks, Weintourismus, Routen f\u00fcr Fu\u00dfg\u00e4nger und Radfahrer\u00a0&#8230; Doch wenn Sie Vila-seca nur f\u00fcr ein paar Stunden besuchen, verraten wir Ihnen, was Sie sich auf keinen Fall entgehen lassen d\u00fcrfen.<\/p>\n<h4><strong>Morgens: Natur und Kulturerbe<\/strong><\/h4>\n<p>Die Ortschaft Vila-seca ist f\u00fcr ihren erstklassigen Strand und ihre wunderbare Landschaft bekannt. Freuen Sie sich auf den 3 km langen Strand: Spazieren Sie \u00fcber die Strandpromenade, entdecken Sie dabei den Parc del Pinar de Perruquet und die Skulpturengruppe Marca d\u2019Aigua i Pineda oder tauchen Sie in das klare und ruhige Wasser ein.<\/p>\n<p>Vor Mittag k\u00f6nnen Sie noch die Geschichte von Vila-seca erkunden. Zuerst sollten Sie den Parc de la Torre d\u2019en Dol\u00e7a aufsuchen. Diese weitl\u00e4ufige Gr\u00fcnanlage ist von zahlreichen Wegen durchquert, die Sie sowohl zu Fu\u00df als auch per Rad zur\u00fccklegen k\u00f6nnen. Hier wird Sie der Torre d\u2019en Dol\u00e7a willkommen hei\u00dfen und Sie in jene Zeiten zur\u00fcckversetzen, in denen die Wacht\u00fcrme eine gro\u00dfe Rolle bei der Verteidigung vor m\u00f6glichen Angriffen spielten.<\/p>\n<p>Besichtigen Sie anschlie\u00dfend die Altstadt von Vila-seca und entdecken Sie das Kulturerbe und die traditionellen Gesch\u00e4fte. Dabei k\u00f6nnen Sie Ihre Route selbst erstellen und sich an den insgesamt 10 Informationss\u00e4ulen mit QR-Codes, die an den wichtigsten Monumenten stehen, orientieren. Ein guter Startpunkt ist der Verkehrsweg Raval de la Mar, wo Sie das Kreuz Creu de la Beguda aus dem 12. Jahrhundert bewundern k\u00f6nnen. Die Route f\u00fchrt weiter zur Burg, zur Sant Esteve-Kirche, zum Celler und dem Sant Antoni-Tor (14. Jh.) sowie zu den T\u00fcrmen Torre de la Tuies del Caf\u00e8 (16. Jh.), de l\u2019Abadia, de l\u2019Ardiaca, del Delme und de l\u2019Homenatge (12. Jh.).<\/p>\n<h4><strong>Nachmittags: Biodiversit\u00e4t am Meeresufer<\/strong><\/h4>\n<p>Am Nachmittag empfehlen wir Ihnen einen Besuch in S\u00e9quia Major, einem Naturraum, der 1992 von der katalanischen Regierung zum Naturschutzgebiet erkl\u00e4rt wurde. In diesem von Schilfrohr und -gras bewachsenen Feuchtgebiet leben verschiedene, vom Aussterben bedrohte Tierarten wie der Spanienk\u00e4rpfling und die Europ\u00e4ische Sumpfschildkr\u00f6te. Hier erfahren Sie mehr \u00fcber die Geschichte und die Natursch\u00e4tze der Umgebung, k\u00f6nnen anhand der Abdr\u00fccke, Federn, Neste und Essensreste den Spuren der heimischen Tiere folgen und V\u00f6gel sichten. Allerdings kann dieses Naturschutzgebiet nur von August bis Februar, d.\u00a0h. au\u00dferhalb der Nistzeit, in Begleitung eines Guides besucht werden. Der Zutritt ist kostenlos. Reservieren Sie Ihren Besuch im Voraus: (+34) 977 390 362.<\/p>\n","protected":false},"featured_media":24273,"template":"","meta":{"_acf_changed":false},"portfolio-types":[219],"class_list":["post-10420","portfolio","type-portfolio","status-publish","has-post-thumbnail","hentry","portfolio-types-estiu-de"],"acf":[],"yoast_head":"<!-- This site is optimized with the Yoast SEO plugin v26.6 - https:\/\/yoast.com\/wordpress\/plugins\/seo\/ -->\n<title>Ein Tag | Vila-seca - La Pineda Platja<\/title>\n<meta name=\"description\" content=\"Ein Tag in Vila-seca, La Pineda Platja Vila-seca, La Pineda Platja ist ein Urlaubsziel, in dem Sie alles m\u00f6gliche unternehmen k\u00f6nnen: Es erwarten Sie\" \/>\n<meta name=\"robots\" content=\"index, follow, max-snippet:-1, max-image-preview:large, max-video-preview:-1\" \/>\n<link rel=\"canonical\" href=\"https:\/\/lapinedaplatja.info\/de\/item\/1-dia-estiu\/\" \/>\n<meta property=\"og:locale\" content=\"de_DE\" \/>\n<meta property=\"og:type\" content=\"article\" \/>\n<meta property=\"og:title\" content=\"Ein Tag | Vila-seca - La Pineda Platja\" \/>\n<meta property=\"og:description\" content=\"Ein Tag in Vila-seca, La Pineda Platja Vila-seca, La Pineda Platja ist ein Urlaubsziel, in dem Sie alles m\u00f6gliche unternehmen k\u00f6nnen: Es erwarten Sie\" \/>\n<meta property=\"og:url\" content=\"https:\/\/lapinedaplatja.info\/de\/item\/1-dia-estiu\/\" \/>\n<meta property=\"og:site_name\" content=\"Vila-seca - La Pineda Platja\" \/>\n<meta property=\"article:publisher\" content=\"https:\/\/www.facebook.com\/lapinedaplatja\/\" \/>\n<meta property=\"article:modified_time\" content=\"2023-08-18T07:37:02+00:00\" \/>\n<meta property=\"og:image\" content=\"https:\/\/lapinedaplatja.info\/wp-content\/uploads\/2019\/04\/turisme_vilaseca-8273.jpg\" \/>\n\t<meta property=\"og:image:width\" content=\"800\" \/>\n\t<meta property=\"og:image:height\" content=\"533\" \/>\n\t<meta property=\"og:image:type\" content=\"image\/jpeg\" \/>\n<meta name=\"twitter:card\" content=\"summary_large_image\" \/>\n<meta name=\"twitter:site\" content=\"@lapinedaplatja\" \/>\n<meta name=\"twitter:label1\" content=\"Gesch\u00e4tzte Lesezeit\" \/>\n\t<meta name=\"twitter:data1\" content=\"3\u00a0Minuten\" \/>\n<script type=\"application\/ld+json\" class=\"yoast-schema-graph\">{\"@context\":\"https:\/\/schema.org\",\"@graph\":[{\"@type\":\"WebPage\",\"@id\":\"https:\/\/lapinedaplatja.info\/de\/item\/1-dia-estiu\/\",\"url\":\"https:\/\/lapinedaplatja.info\/de\/item\/1-dia-estiu\/\",\"name\":\"Ein Tag | Vila-seca - La Pineda Platja\",\"isPartOf\":{\"@id\":\"https:\/\/lapinedaplatja.info\/de\/#website\"},\"primaryImageOfPage\":{\"@id\":\"https:\/\/lapinedaplatja.info\/de\/item\/1-dia-estiu\/#primaryimage\"},\"image\":{\"@id\":\"https:\/\/lapinedaplatja.info\/de\/item\/1-dia-estiu\/#primaryimage\"},\"thumbnailUrl\":\"https:\/\/lapinedaplatja.info\/wp-content\/uploads\/2019\/04\/turisme_vilaseca-8273.jpg\",\"datePublished\":\"2019-04-11T09:41:41+00:00\",\"dateModified\":\"2023-08-18T07:37:02+00:00\",\"description\":\"Ein Tag in Vila-seca, La Pineda Platja Vila-seca, La Pineda Platja ist ein Urlaubsziel, in dem Sie alles m\u00f6gliche unternehmen k\u00f6nnen: Es erwarten Sie\",\"breadcrumb\":{\"@id\":\"https:\/\/lapinedaplatja.info\/de\/item\/1-dia-estiu\/#breadcrumb\"},\"inLanguage\":\"de\",\"potentialAction\":[{\"@type\":\"ReadAction\",\"target\":[\"https:\/\/lapinedaplatja.info\/de\/item\/1-dia-estiu\/\"]}]},{\"@type\":\"ImageObject\",\"inLanguage\":\"de\",\"@id\":\"https:\/\/lapinedaplatja.info\/de\/item\/1-dia-estiu\/#primaryimage\",\"url\":\"https:\/\/lapinedaplatja.info\/wp-content\/uploads\/2019\/04\/turisme_vilaseca-8273.jpg\",\"contentUrl\":\"https:\/\/lapinedaplatja.info\/wp-content\/uploads\/2019\/04\/turisme_vilaseca-8273.jpg\",\"width\":8256,\"height\":5504},{\"@type\":\"BreadcrumbList\",\"@id\":\"https:\/\/lapinedaplatja.info\/de\/item\/1-dia-estiu\/#breadcrumb\",\"itemListElement\":[{\"@type\":\"ListItem\",\"position\":1,\"name\":\"Portada\",\"item\":\"https:\/\/lapinedaplatja.info\/de\/\"},{\"@type\":\"ListItem\",\"position\":2,\"name\":\"Sommer\",\"item\":\"https:\/\/lapinedaplatja.info\/de\/tipus\/estiu-de\/\"},{\"@type\":\"ListItem\",\"position\":3,\"name\":\"Ein Tag\"}]},{\"@type\":\"WebSite\",\"@id\":\"https:\/\/lapinedaplatja.info\/de\/#website\",\"url\":\"https:\/\/lapinedaplatja.info\/de\/\",\"name\":\"La Pineda Platja | Vila-seca\",\"description\":\"Oficina de Turismo de La Pineda.\",\"publisher\":{\"@id\":\"https:\/\/lapinedaplatja.info\/de\/#organization\"},\"potentialAction\":[{\"@type\":\"SearchAction\",\"target\":{\"@type\":\"EntryPoint\",\"urlTemplate\":\"https:\/\/lapinedaplatja.info\/de\/?s={search_term_string}\"},\"query-input\":{\"@type\":\"PropertyValueSpecification\",\"valueRequired\":true,\"valueName\":\"search_term_string\"}}],\"inLanguage\":\"de\"},{\"@type\":\"Organization\",\"@id\":\"https:\/\/lapinedaplatja.info\/de\/#organization\",\"name\":\"Patronat Municipal de Turisme de Vila-seca\",\"url\":\"https:\/\/lapinedaplatja.info\/de\/\",\"logo\":{\"@type\":\"ImageObject\",\"inLanguage\":\"de\",\"@id\":\"https:\/\/lapinedaplatja.info\/de\/#\/schema\/logo\/image\/\",\"url\":\"https:\/\/lapinedaplatja.info\/wp-content\/uploads\/2018\/10\/cropped-13260099_989491457837088_3488030785405353200_n.jpg\",\"contentUrl\":\"https:\/\/lapinedaplatja.info\/wp-content\/uploads\/2018\/10\/cropped-13260099_989491457837088_3488030785405353200_n.jpg\",\"width\":600,\"height\":600,\"caption\":\"Patronat Municipal de Turisme de Vila-seca\"},\"image\":{\"@id\":\"https:\/\/lapinedaplatja.info\/de\/#\/schema\/logo\/image\/\"},\"sameAs\":[\"https:\/\/www.facebook.com\/lapinedaplatja\/\",\"https:\/\/x.com\/lapinedaplatja\",\"https:\/\/www.instagram.com\/lapinedaplatja\/\"]}]}<\/script>\n<!-- \/ Yoast SEO plugin. -->","yoast_head_json":{"title":"Ein Tag | Vila-seca - La Pineda Platja","description":"Ein Tag in Vila-seca, La Pineda Platja Vila-seca, La Pineda Platja ist ein Urlaubsziel, in dem Sie alles m\u00f6gliche unternehmen k\u00f6nnen: Es erwarten Sie","robots":{"index":"index","follow":"follow","max-snippet":"max-snippet:-1","max-image-preview":"max-image-preview:large","max-video-preview":"max-video-preview:-1"},"canonical":"https:\/\/lapinedaplatja.info\/de\/item\/1-dia-estiu\/","og_locale":"de_DE","og_type":"article","og_title":"Ein Tag | Vila-seca - La Pineda Platja","og_description":"Ein Tag in Vila-seca, La Pineda Platja Vila-seca, La Pineda Platja ist ein Urlaubsziel, in dem Sie alles m\u00f6gliche unternehmen k\u00f6nnen: Es erwarten Sie","og_url":"https:\/\/lapinedaplatja.info\/de\/item\/1-dia-estiu\/","og_site_name":"Vila-seca - La Pineda Platja","article_publisher":"https:\/\/www.facebook.com\/lapinedaplatja\/","article_modified_time":"2023-08-18T07:37:02+00:00","og_image":[{"url":"https:\/\/lapinedaplatja.info\/wp-content\/uploads\/2019\/04\/turisme_vilaseca-8273.jpg","width":800,"height":533,"type":"image\/jpeg"}],"twitter_card":"summary_large_image","twitter_site":"@lapinedaplatja","twitter_misc":{"Gesch\u00e4tzte Lesezeit":"3\u00a0Minuten"},"schema":{"@context":"https:\/\/schema.org","@graph":[{"@type":"WebPage","@id":"https:\/\/lapinedaplatja.info\/de\/item\/1-dia-estiu\/","url":"https:\/\/lapinedaplatja.info\/de\/item\/1-dia-estiu\/","name":"Ein Tag | Vila-seca - La Pineda Platja","isPartOf":{"@id":"https:\/\/lapinedaplatja.info\/de\/#website"},"primaryImageOfPage":{"@id":"https:\/\/lapinedaplatja.info\/de\/item\/1-dia-estiu\/#primaryimage"},"image":{"@id":"https:\/\/lapinedaplatja.info\/de\/item\/1-dia-estiu\/#primaryimage"},"thumbnailUrl":"https:\/\/lapinedaplatja.info\/wp-content\/uploads\/2019\/04\/turisme_vilaseca-8273.jpg","datePublished":"2019-04-11T09:41:41+00:00","dateModified":"2023-08-18T07:37:02+00:00","description":"Ein Tag in Vila-seca, La Pineda Platja Vila-seca, La Pineda Platja ist ein Urlaubsziel, in dem Sie alles m\u00f6gliche unternehmen k\u00f6nnen: Es erwarten Sie","breadcrumb":{"@id":"https:\/\/lapinedaplatja.info\/de\/item\/1-dia-estiu\/#breadcrumb"},"inLanguage":"de","potentialAction":[{"@type":"ReadAction","target":["https:\/\/lapinedaplatja.info\/de\/item\/1-dia-estiu\/"]}]},{"@type":"ImageObject","inLanguage":"de","@id":"https:\/\/lapinedaplatja.info\/de\/item\/1-dia-estiu\/#primaryimage","url":"https:\/\/lapinedaplatja.info\/wp-content\/uploads\/2019\/04\/turisme_vilaseca-8273.jpg","contentUrl":"https:\/\/lapinedaplatja.info\/wp-content\/uploads\/2019\/04\/turisme_vilaseca-8273.jpg","width":8256,"height":5504},{"@type":"BreadcrumbList","@id":"https:\/\/lapinedaplatja.info\/de\/item\/1-dia-estiu\/#breadcrumb","itemListElement":[{"@type":"ListItem","position":1,"name":"Portada","item":"https:\/\/lapinedaplatja.info\/de\/"},{"@type":"ListItem","position":2,"name":"Sommer","item":"https:\/\/lapinedaplatja.info\/de\/tipus\/estiu-de\/"},{"@type":"ListItem","position":3,"name":"Ein Tag"}]},{"@type":"WebSite","@id":"https:\/\/lapinedaplatja.info\/de\/#website","url":"https:\/\/lapinedaplatja.info\/de\/","name":"La Pineda Platja | Vila-seca","description":"Oficina de Turismo de La Pineda.","publisher":{"@id":"https:\/\/lapinedaplatja.info\/de\/#organization"},"potentialAction":[{"@type":"SearchAction","target":{"@type":"EntryPoint","urlTemplate":"https:\/\/lapinedaplatja.info\/de\/?s={search_term_string}"},"query-input":{"@type":"PropertyValueSpecification","valueRequired":true,"valueName":"search_term_string"}}],"inLanguage":"de"},{"@type":"Organization","@id":"https:\/\/lapinedaplatja.info\/de\/#organization","name":"Patronat Municipal de Turisme de Vila-seca","url":"https:\/\/lapinedaplatja.info\/de\/","logo":{"@type":"ImageObject","inLanguage":"de","@id":"https:\/\/lapinedaplatja.info\/de\/#\/schema\/logo\/image\/","url":"https:\/\/lapinedaplatja.info\/wp-content\/uploads\/2018\/10\/cropped-13260099_989491457837088_3488030785405353200_n.jpg","contentUrl":"https:\/\/lapinedaplatja.info\/wp-content\/uploads\/2018\/10\/cropped-13260099_989491457837088_3488030785405353200_n.jpg","width":600,"height":600,"caption":"Patronat Municipal de Turisme de Vila-seca"},"image":{"@id":"https:\/\/lapinedaplatja.info\/de\/#\/schema\/logo\/image\/"},"sameAs":["https:\/\/www.facebook.com\/lapinedaplatja\/","https:\/\/x.com\/lapinedaplatja","https:\/\/www.instagram.com\/lapinedaplatja\/"]}]}},"_links":{"self":[{"href":"https:\/\/lapinedaplatja.info\/de\/wp-json\/wp\/v2\/portfolio\/10420","targetHints":{"allow":["GET"]}}],"collection":[{"href":"https:\/\/lapinedaplatja.info\/de\/wp-json\/wp\/v2\/portfolio"}],"about":[{"href":"https:\/\/lapinedaplatja.info\/de\/wp-json\/wp\/v2\/types\/portfolio"}],"version-history":[{"count":0,"href":"https:\/\/lapinedaplatja.info\/de\/wp-json\/wp\/v2\/portfolio\/10420\/revisions"}],"wp:featuredmedia":[{"embeddable":true,"href":"https:\/\/lapinedaplatja.info\/de\/wp-json\/wp\/v2\/media\/24273"}],"wp:attachment":[{"href":"https:\/\/lapinedaplatja.info\/de\/wp-json\/wp\/v2\/media?parent=10420"}],"wp:term":[{"taxonomy":"portfolio-types","embeddable":true,"href":"https:\/\/lapinedaplatja.info\/de\/wp-json\/wp\/v2\/portfolio-types?post=10420"}],"curies":[{"name":"wp","href":"https:\/\/api.w.org\/{rel}","templated":true}]}}