{"id":10562,"date":"2019-03-29T08:10:00","date_gmt":"2019-03-29T07:10:00","guid":{"rendered":"https:\/\/lapinedaplatja.info\/item\/aquum-spa-wellness\/"},"modified":"2025-08-26T17:00:38","modified_gmt":"2025-08-26T15:00:38","slug":"aquum-spa-wellness","status":"publish","type":"portfolio","link":"https:\/\/lapinedaplatja.info\/de\/item\/aquum-spa-wellness\/","title":{"rendered":"Aquum Spa &#038; Wellness"},"content":{"rendered":"<p>Im Aquum Spa &amp; Wellness, dem Wellnesszentrum des Hotel Estival Park, werden Sie ein neues Konzept der Entspannung entdecken. In dieser 4000 m<sup>2<\/sup> gro\u00dfen Einrichtung tauchen Sie in eine harmonische Welt der Ozeane und Meere ein, w\u00e4hrend das gro\u00dfe Fenster diesem Bereich eine ganz eigene Pers\u00f6nlichkeit verleiht. Entdecken Sie verschiedenen Wellnessbereiche; eine wahre Oase, in der Ihr K\u00f6rper und Ihre Seele sich rundum wohl f\u00fchlen werden.<\/p>\n<h5><strong>Aquum Spa<\/strong><\/h5>\n<p>Tauchen Sie ein in eine zutiefst entspannende Wasserwelt. Eine 650\u00a0m<sup>2<\/sup> gro\u00dfe Wasserlandschaft mit Luft- und Wasserbetten, Sch\u00f6nheitspackungen, Nackenschwallen, Wasserf\u00e4llen, Wasservorh\u00e4ngen und Wasserstrahlen, Hot Tubs, Gegenstromanlage, zwei Pools mit einer Wassertemperatur von je 32 und 36\u00a0\u00b0C, zwei Pools mit einer Wassertemperatur von 30\u00a0\u00b0C (ein \u00fcberdachter und einer im Freien), Wassermassage im Freien und Pool f\u00fcr Kinder ab 5 Jahren. Hinzu kommen Sauna, Dampfbad, Eisbad und Spezialduschen. Es erwartet Sie eine Welt voller Sinneseindr\u00fccke.<\/p>\n<h5>Aquum Club<\/h5>\n<p>Eine erstklassige Einrichtung, die allen Sinnen schmeichelt (ab 12 Jahren). Sch\u00f6nheitspackungen, Spezialduschen, Wassermassage (36\u00a0\u00b0C) hei\u00dfer Pool (42\u00a0\u00b0C), kalter Pool (18\u00a0\u00b0C). Thermenbereich mit Sauna, Dampf- und Eisbad. Zen-Bereich mit Tees, Entspannungsbereich mit Infrarotlampen, multisensorischer Raum (gew\u00e4rmte Liegen, Aromatherapie, Farbtherapie, Musiktherapie). Ein Genuss f\u00fcr alle f\u00fcnf Sinne.<\/p>\n<h5>Aquum Wellness<\/h5>\n<p>Dieser Bereich ist auf Sch\u00f6nheits- und Gesundheitsbehandlungen spezialisiert und eignet sich perfekt, um sich verw\u00f6hnen zu lassen und zutiefst zu entspannen. Hier finden Sie ein breit gef\u00e4chertes Angebot an Sch\u00f6nheitsbehandlungen mit Massagen, K\u00f6rperpflege und Friseur mit innovativen Instrumenten, hochwertigen Kosmetika und einem Fachpersonal, das Sie gerne ber\u00e4t.<\/p>\n","protected":false},"featured_media":14323,"template":"","meta":{"_acf_changed":false},"portfolio-types":[235],"class_list":["post-10562","portfolio","type-portfolio","status-publish","has-post-thumbnail","hentry","portfolio-types-salut-benestar-de"],"acf":[],"yoast_head":"<!-- This site is optimized with the Yoast SEO plugin v26.6 - https:\/\/yoast.com\/wordpress\/plugins\/seo\/ -->\n<title>Aquum Spa &amp; Wellness | Vila-seca - La Pineda Platja<\/title>\n<meta name=\"description\" content=\"Im Aquum Spa &amp; Wellness, dem Wellnesszentrum des Hotel Estival Park, werden Sie ein neues Konzept der Entspannung entdecken. In dieser 4000 m2 gro\u00dfen\" \/>\n<meta name=\"robots\" content=\"index, follow, max-snippet:-1, max-image-preview:large, max-video-preview:-1\" \/>\n<link rel=\"canonical\" href=\"https:\/\/lapinedaplatja.info\/de\/item\/aquum-spa-wellness\/\" \/>\n<meta property=\"og:locale\" content=\"de_DE\" \/>\n<meta property=\"og:type\" content=\"article\" \/>\n<meta property=\"og:title\" content=\"Aquum Spa &amp; Wellness | Vila-seca - La Pineda Platja\" \/>\n<meta property=\"og:description\" content=\"Im Aquum Spa &amp; Wellness, dem Wellnesszentrum des Hotel Estival Park, werden Sie ein neues Konzept der Entspannung entdecken. In dieser 4000 m2 gro\u00dfen\" \/>\n<meta property=\"og:url\" content=\"https:\/\/lapinedaplatja.info\/de\/item\/aquum-spa-wellness\/\" \/>\n<meta property=\"og:site_name\" content=\"Vila-seca - La Pineda Platja\" \/>\n<meta property=\"article:publisher\" content=\"https:\/\/www.facebook.com\/lapinedaplatja\/\" \/>\n<meta property=\"article:modified_time\" content=\"2025-08-26T15:00:38+00:00\" \/>\n<meta property=\"og:image\" content=\"https:\/\/lapinedaplatja.info\/wp-content\/uploads\/2019\/03\/2020_001_item_aquum-spa-wellness.jpg\" \/>\n\t<meta property=\"og:image:width\" content=\"1440\" \/>\n\t<meta property=\"og:image:height\" content=\"550\" \/>\n\t<meta property=\"og:image:type\" content=\"image\/jpeg\" \/>\n<meta name=\"twitter:card\" content=\"summary_large_image\" \/>\n<meta name=\"twitter:site\" content=\"@lapinedaplatja\" \/>\n<meta name=\"twitter:label1\" content=\"Gesch\u00e4tzte Lesezeit\" \/>\n\t<meta name=\"twitter:data1\" content=\"2\u00a0Minuten\" \/>\n<script type=\"application\/ld+json\" class=\"yoast-schema-graph\">{\"@context\":\"https:\/\/schema.org\",\"@graph\":[{\"@type\":\"WebPage\",\"@id\":\"https:\/\/lapinedaplatja.info\/de\/item\/aquum-spa-wellness\/\",\"url\":\"https:\/\/lapinedaplatja.info\/de\/item\/aquum-spa-wellness\/\",\"name\":\"Aquum Spa & Wellness | Vila-seca - La Pineda Platja\",\"isPartOf\":{\"@id\":\"https:\/\/lapinedaplatja.info\/de\/#website\"},\"primaryImageOfPage\":{\"@id\":\"https:\/\/lapinedaplatja.info\/de\/item\/aquum-spa-wellness\/#primaryimage\"},\"image\":{\"@id\":\"https:\/\/lapinedaplatja.info\/de\/item\/aquum-spa-wellness\/#primaryimage\"},\"thumbnailUrl\":\"https:\/\/lapinedaplatja.info\/wp-content\/uploads\/2019\/03\/2020_001_item_aquum-spa-wellness.jpg\",\"datePublished\":\"2019-03-29T07:10:00+00:00\",\"dateModified\":\"2025-08-26T15:00:38+00:00\",\"description\":\"Im Aquum Spa &amp; Wellness, dem Wellnesszentrum des Hotel Estival Park, werden Sie ein neues Konzept der Entspannung entdecken. In dieser 4000 m2 gro\u00dfen\",\"breadcrumb\":{\"@id\":\"https:\/\/lapinedaplatja.info\/de\/item\/aquum-spa-wellness\/#breadcrumb\"},\"inLanguage\":\"de\",\"potentialAction\":[{\"@type\":\"ReadAction\",\"target\":[\"https:\/\/lapinedaplatja.info\/de\/item\/aquum-spa-wellness\/\"]}]},{\"@type\":\"ImageObject\",\"inLanguage\":\"de\",\"@id\":\"https:\/\/lapinedaplatja.info\/de\/item\/aquum-spa-wellness\/#primaryimage\",\"url\":\"https:\/\/lapinedaplatja.info\/wp-content\/uploads\/2019\/03\/2020_001_item_aquum-spa-wellness.jpg\",\"contentUrl\":\"https:\/\/lapinedaplatja.info\/wp-content\/uploads\/2019\/03\/2020_001_item_aquum-spa-wellness.jpg\",\"width\":1440,\"height\":550},{\"@type\":\"BreadcrumbList\",\"@id\":\"https:\/\/lapinedaplatja.info\/de\/item\/aquum-spa-wellness\/#breadcrumb\",\"itemListElement\":[{\"@type\":\"ListItem\",\"position\":1,\"name\":\"Portada\",\"item\":\"https:\/\/lapinedaplatja.info\/de\/\"},{\"@type\":\"ListItem\",\"position\":2,\"name\":\"Verw\u00f6hnen Sie K\u00f6rper und Seele\",\"item\":\"https:\/\/lapinedaplatja.info\/de\/tipus\/salut-benestar-de\/\"},{\"@type\":\"ListItem\",\"position\":3,\"name\":\"Aquum Spa &#038; Wellness\"}]},{\"@type\":\"WebSite\",\"@id\":\"https:\/\/lapinedaplatja.info\/de\/#website\",\"url\":\"https:\/\/lapinedaplatja.info\/de\/\",\"name\":\"La Pineda Platja | Vila-seca\",\"description\":\"Oficina de Turismo de La Pineda.\",\"publisher\":{\"@id\":\"https:\/\/lapinedaplatja.info\/de\/#organization\"},\"potentialAction\":[{\"@type\":\"SearchAction\",\"target\":{\"@type\":\"EntryPoint\",\"urlTemplate\":\"https:\/\/lapinedaplatja.info\/de\/?s={search_term_string}\"},\"query-input\":{\"@type\":\"PropertyValueSpecification\",\"valueRequired\":true,\"valueName\":\"search_term_string\"}}],\"inLanguage\":\"de\"},{\"@type\":\"Organization\",\"@id\":\"https:\/\/lapinedaplatja.info\/de\/#organization\",\"name\":\"Patronat Municipal de Turisme de Vila-seca\",\"url\":\"https:\/\/lapinedaplatja.info\/de\/\",\"logo\":{\"@type\":\"ImageObject\",\"inLanguage\":\"de\",\"@id\":\"https:\/\/lapinedaplatja.info\/de\/#\/schema\/logo\/image\/\",\"url\":\"https:\/\/lapinedaplatja.info\/wp-content\/uploads\/2018\/10\/cropped-13260099_989491457837088_3488030785405353200_n.jpg\",\"contentUrl\":\"https:\/\/lapinedaplatja.info\/wp-content\/uploads\/2018\/10\/cropped-13260099_989491457837088_3488030785405353200_n.jpg\",\"width\":600,\"height\":600,\"caption\":\"Patronat Municipal de Turisme de Vila-seca\"},\"image\":{\"@id\":\"https:\/\/lapinedaplatja.info\/de\/#\/schema\/logo\/image\/\"},\"sameAs\":[\"https:\/\/www.facebook.com\/lapinedaplatja\/\",\"https:\/\/x.com\/lapinedaplatja\",\"https:\/\/www.instagram.com\/lapinedaplatja\/\"]}]}<\/script>\n<!-- \/ Yoast SEO plugin. -->","yoast_head_json":{"title":"Aquum Spa & Wellness | Vila-seca - La Pineda Platja","description":"Im Aquum Spa &amp; Wellness, dem Wellnesszentrum des Hotel Estival Park, werden Sie ein neues Konzept der Entspannung entdecken. In dieser 4000 m2 gro\u00dfen","robots":{"index":"index","follow":"follow","max-snippet":"max-snippet:-1","max-image-preview":"max-image-preview:large","max-video-preview":"max-video-preview:-1"},"canonical":"https:\/\/lapinedaplatja.info\/de\/item\/aquum-spa-wellness\/","og_locale":"de_DE","og_type":"article","og_title":"Aquum Spa & Wellness | Vila-seca - La Pineda Platja","og_description":"Im Aquum Spa &amp; Wellness, dem Wellnesszentrum des Hotel Estival Park, werden Sie ein neues Konzept der Entspannung entdecken. In dieser 4000 m2 gro\u00dfen","og_url":"https:\/\/lapinedaplatja.info\/de\/item\/aquum-spa-wellness\/","og_site_name":"Vila-seca - La Pineda Platja","article_publisher":"https:\/\/www.facebook.com\/lapinedaplatja\/","article_modified_time":"2025-08-26T15:00:38+00:00","og_image":[{"width":1440,"height":550,"url":"https:\/\/lapinedaplatja.info\/wp-content\/uploads\/2019\/03\/2020_001_item_aquum-spa-wellness.jpg","type":"image\/jpeg"}],"twitter_card":"summary_large_image","twitter_site":"@lapinedaplatja","twitter_misc":{"Gesch\u00e4tzte Lesezeit":"2\u00a0Minuten"},"schema":{"@context":"https:\/\/schema.org","@graph":[{"@type":"WebPage","@id":"https:\/\/lapinedaplatja.info\/de\/item\/aquum-spa-wellness\/","url":"https:\/\/lapinedaplatja.info\/de\/item\/aquum-spa-wellness\/","name":"Aquum Spa & Wellness | Vila-seca - La Pineda Platja","isPartOf":{"@id":"https:\/\/lapinedaplatja.info\/de\/#website"},"primaryImageOfPage":{"@id":"https:\/\/lapinedaplatja.info\/de\/item\/aquum-spa-wellness\/#primaryimage"},"image":{"@id":"https:\/\/lapinedaplatja.info\/de\/item\/aquum-spa-wellness\/#primaryimage"},"thumbnailUrl":"https:\/\/lapinedaplatja.info\/wp-content\/uploads\/2019\/03\/2020_001_item_aquum-spa-wellness.jpg","datePublished":"2019-03-29T07:10:00+00:00","dateModified":"2025-08-26T15:00:38+00:00","description":"Im Aquum Spa &amp; Wellness, dem Wellnesszentrum des Hotel Estival Park, werden Sie ein neues Konzept der Entspannung entdecken. In dieser 4000 m2 gro\u00dfen","breadcrumb":{"@id":"https:\/\/lapinedaplatja.info\/de\/item\/aquum-spa-wellness\/#breadcrumb"},"inLanguage":"de","potentialAction":[{"@type":"ReadAction","target":["https:\/\/lapinedaplatja.info\/de\/item\/aquum-spa-wellness\/"]}]},{"@type":"ImageObject","inLanguage":"de","@id":"https:\/\/lapinedaplatja.info\/de\/item\/aquum-spa-wellness\/#primaryimage","url":"https:\/\/lapinedaplatja.info\/wp-content\/uploads\/2019\/03\/2020_001_item_aquum-spa-wellness.jpg","contentUrl":"https:\/\/lapinedaplatja.info\/wp-content\/uploads\/2019\/03\/2020_001_item_aquum-spa-wellness.jpg","width":1440,"height":550},{"@type":"BreadcrumbList","@id":"https:\/\/lapinedaplatja.info\/de\/item\/aquum-spa-wellness\/#breadcrumb","itemListElement":[{"@type":"ListItem","position":1,"name":"Portada","item":"https:\/\/lapinedaplatja.info\/de\/"},{"@type":"ListItem","position":2,"name":"Verw\u00f6hnen Sie K\u00f6rper und Seele","item":"https:\/\/lapinedaplatja.info\/de\/tipus\/salut-benestar-de\/"},{"@type":"ListItem","position":3,"name":"Aquum Spa &#038; Wellness"}]},{"@type":"WebSite","@id":"https:\/\/lapinedaplatja.info\/de\/#website","url":"https:\/\/lapinedaplatja.info\/de\/","name":"La Pineda Platja | Vila-seca","description":"Oficina de Turismo de La Pineda.","publisher":{"@id":"https:\/\/lapinedaplatja.info\/de\/#organization"},"potentialAction":[{"@type":"SearchAction","target":{"@type":"EntryPoint","urlTemplate":"https:\/\/lapinedaplatja.info\/de\/?s={search_term_string}"},"query-input":{"@type":"PropertyValueSpecification","valueRequired":true,"valueName":"search_term_string"}}],"inLanguage":"de"},{"@type":"Organization","@id":"https:\/\/lapinedaplatja.info\/de\/#organization","name":"Patronat Municipal de Turisme de Vila-seca","url":"https:\/\/lapinedaplatja.info\/de\/","logo":{"@type":"ImageObject","inLanguage":"de","@id":"https:\/\/lapinedaplatja.info\/de\/#\/schema\/logo\/image\/","url":"https:\/\/lapinedaplatja.info\/wp-content\/uploads\/2018\/10\/cropped-13260099_989491457837088_3488030785405353200_n.jpg","contentUrl":"https:\/\/lapinedaplatja.info\/wp-content\/uploads\/2018\/10\/cropped-13260099_989491457837088_3488030785405353200_n.jpg","width":600,"height":600,"caption":"Patronat Municipal de Turisme de Vila-seca"},"image":{"@id":"https:\/\/lapinedaplatja.info\/de\/#\/schema\/logo\/image\/"},"sameAs":["https:\/\/www.facebook.com\/lapinedaplatja\/","https:\/\/x.com\/lapinedaplatja","https:\/\/www.instagram.com\/lapinedaplatja\/"]}]}},"_links":{"self":[{"href":"https:\/\/lapinedaplatja.info\/de\/wp-json\/wp\/v2\/portfolio\/10562","targetHints":{"allow":["GET"]}}],"collection":[{"href":"https:\/\/lapinedaplatja.info\/de\/wp-json\/wp\/v2\/portfolio"}],"about":[{"href":"https:\/\/lapinedaplatja.info\/de\/wp-json\/wp\/v2\/types\/portfolio"}],"version-history":[{"count":0,"href":"https:\/\/lapinedaplatja.info\/de\/wp-json\/wp\/v2\/portfolio\/10562\/revisions"}],"wp:featuredmedia":[{"embeddable":true,"href":"https:\/\/lapinedaplatja.info\/de\/wp-json\/wp\/v2\/media\/14323"}],"wp:attachment":[{"href":"https:\/\/lapinedaplatja.info\/de\/wp-json\/wp\/v2\/media?parent=10562"}],"wp:term":[{"taxonomy":"portfolio-types","embeddable":true,"href":"https:\/\/lapinedaplatja.info\/de\/wp-json\/wp\/v2\/portfolio-types?post=10562"}],"curies":[{"name":"wp","href":"https:\/\/api.w.org\/{rel}","templated":true}]}}