{"id":11004,"date":"2019-04-16T08:02:30","date_gmt":"2019-04-16T08:02:30","guid":{"rendered":"https:\/\/lapinedaplatja.info\/item\/patronat\/"},"modified":"2023-05-10T11:19:45","modified_gmt":"2023-05-10T09:19:45","slug":"patronat","status":"publish","type":"portfolio","link":"https:\/\/lapinedaplatja.info\/de\/item\/patronat\/","title":{"rendered":"Fremdenverkehrsamt Vila-seca"},"content":{"rendered":"<p>Das Fremdenverkehrsamt Vila-seca ist eine lokale, autonome Beh\u00f6rde mit eigener Handlungsvollmacht und Rechtspers\u00f6nlichkeit, die finanziell und administrativ unabh\u00e4ngig ist.<\/p>\n<p>Das Fremdenverkehrsamt Vila-seca unterliegt seinen eigenen Verordnungen. Zust\u00e4ndig f\u00fcr dessen Verwaltung ist der Vorsitz (Consell Rector), der sich aus Mitgliedern des Stadtrats Vila-seca und Vertretern der Fremdenverkehrs- und Gesch\u00e4ftsbranche der Stadt zusammensetzt.<\/p>\n<p>Der Vorsitz ist u.\u00a0a. daf\u00fcr zust\u00e4ndig, das Jahresbudget des Fremdenverkehrsamts festzulegen und es dem Stadtrat zur Einbeziehung in das allgemeine Stadtbudget vorzulegen.<\/p>\n","protected":false},"featured_media":14433,"template":"","meta":{"_acf_changed":false},"portfolio-types":[],"class_list":["post-11004","portfolio","type-portfolio","status-publish","has-post-thumbnail","hentry"],"acf":[],"yoast_head":"<!-- This site is optimized with the Yoast SEO plugin v26.6 - https:\/\/yoast.com\/wordpress\/plugins\/seo\/ -->\n<title>Fremdenverkehrsamt Vila-seca | Vila-seca - La Pineda Platja<\/title>\n<meta name=\"description\" content=\"Das Fremdenverkehrsamt Vila-seca ist eine lokale, autonome Beh\u00f6rde mit eigener Handlungsvollmacht und Rechtspers\u00f6nlichkeit, die finanziell und\" \/>\n<meta name=\"robots\" content=\"index, follow, max-snippet:-1, max-image-preview:large, max-video-preview:-1\" \/>\n<link rel=\"canonical\" href=\"https:\/\/lapinedaplatja.info\/de\/item\/patronat\/\" \/>\n<meta property=\"og:locale\" content=\"de_DE\" \/>\n<meta property=\"og:type\" content=\"article\" \/>\n<meta property=\"og:title\" content=\"Fremdenverkehrsamt Vila-seca | Vila-seca - La Pineda Platja\" \/>\n<meta property=\"og:description\" content=\"Das Fremdenverkehrsamt Vila-seca ist eine lokale, autonome Beh\u00f6rde mit eigener Handlungsvollmacht und Rechtspers\u00f6nlichkeit, die finanziell und\" \/>\n<meta property=\"og:url\" content=\"https:\/\/lapinedaplatja.info\/de\/item\/patronat\/\" \/>\n<meta property=\"og:site_name\" content=\"Vila-seca - La Pineda Platja\" \/>\n<meta property=\"article:publisher\" content=\"https:\/\/www.facebook.com\/lapinedaplatja\/\" \/>\n<meta property=\"article:modified_time\" content=\"2023-05-10T09:19:45+00:00\" \/>\n<meta property=\"og:image\" content=\"https:\/\/lapinedaplatja.info\/wp-content\/uploads\/2019\/04\/2020_001_item_patronat.jpg\" \/>\n\t<meta property=\"og:image:width\" content=\"1440\" \/>\n\t<meta property=\"og:image:height\" content=\"550\" \/>\n\t<meta property=\"og:image:type\" content=\"image\/jpeg\" \/>\n<meta name=\"twitter:card\" content=\"summary_large_image\" \/>\n<meta name=\"twitter:site\" content=\"@lapinedaplatja\" \/>\n<script type=\"application\/ld+json\" class=\"yoast-schema-graph\">{\"@context\":\"https:\/\/schema.org\",\"@graph\":[{\"@type\":\"WebPage\",\"@id\":\"https:\/\/lapinedaplatja.info\/de\/item\/patronat\/\",\"url\":\"https:\/\/lapinedaplatja.info\/de\/item\/patronat\/\",\"name\":\"Fremdenverkehrsamt Vila-seca | Vila-seca - La Pineda Platja\",\"isPartOf\":{\"@id\":\"https:\/\/lapinedaplatja.info\/de\/#website\"},\"primaryImageOfPage\":{\"@id\":\"https:\/\/lapinedaplatja.info\/de\/item\/patronat\/#primaryimage\"},\"image\":{\"@id\":\"https:\/\/lapinedaplatja.info\/de\/item\/patronat\/#primaryimage\"},\"thumbnailUrl\":\"https:\/\/lapinedaplatja.info\/wp-content\/uploads\/2019\/04\/2020_001_item_patronat.jpg\",\"datePublished\":\"2019-04-16T08:02:30+00:00\",\"dateModified\":\"2023-05-10T09:19:45+00:00\",\"description\":\"Das Fremdenverkehrsamt Vila-seca ist eine lokale, autonome Beh\u00f6rde mit eigener Handlungsvollmacht und Rechtspers\u00f6nlichkeit, die finanziell und\",\"breadcrumb\":{\"@id\":\"https:\/\/lapinedaplatja.info\/de\/item\/patronat\/#breadcrumb\"},\"inLanguage\":\"de\",\"potentialAction\":[{\"@type\":\"ReadAction\",\"target\":[\"https:\/\/lapinedaplatja.info\/de\/item\/patronat\/\"]}]},{\"@type\":\"ImageObject\",\"inLanguage\":\"de\",\"@id\":\"https:\/\/lapinedaplatja.info\/de\/item\/patronat\/#primaryimage\",\"url\":\"https:\/\/lapinedaplatja.info\/wp-content\/uploads\/2019\/04\/2020_001_item_patronat.jpg\",\"contentUrl\":\"https:\/\/lapinedaplatja.info\/wp-content\/uploads\/2019\/04\/2020_001_item_patronat.jpg\",\"width\":1440,\"height\":550},{\"@type\":\"BreadcrumbList\",\"@id\":\"https:\/\/lapinedaplatja.info\/de\/item\/patronat\/#breadcrumb\",\"itemListElement\":[{\"@type\":\"ListItem\",\"position\":1,\"name\":\"Portada\",\"item\":\"https:\/\/lapinedaplatja.info\/de\/\"},{\"@type\":\"ListItem\",\"position\":2,\"name\":\"Fremdenverkehrsamt Vila-seca\"}]},{\"@type\":\"WebSite\",\"@id\":\"https:\/\/lapinedaplatja.info\/de\/#website\",\"url\":\"https:\/\/lapinedaplatja.info\/de\/\",\"name\":\"La Pineda Platja | Vila-seca\",\"description\":\"Oficina de Turismo de La Pineda.\",\"publisher\":{\"@id\":\"https:\/\/lapinedaplatja.info\/de\/#organization\"},\"potentialAction\":[{\"@type\":\"SearchAction\",\"target\":{\"@type\":\"EntryPoint\",\"urlTemplate\":\"https:\/\/lapinedaplatja.info\/de\/?s={search_term_string}\"},\"query-input\":{\"@type\":\"PropertyValueSpecification\",\"valueRequired\":true,\"valueName\":\"search_term_string\"}}],\"inLanguage\":\"de\"},{\"@type\":\"Organization\",\"@id\":\"https:\/\/lapinedaplatja.info\/de\/#organization\",\"name\":\"Patronat Municipal de Turisme de Vila-seca\",\"url\":\"https:\/\/lapinedaplatja.info\/de\/\",\"logo\":{\"@type\":\"ImageObject\",\"inLanguage\":\"de\",\"@id\":\"https:\/\/lapinedaplatja.info\/de\/#\/schema\/logo\/image\/\",\"url\":\"https:\/\/lapinedaplatja.info\/wp-content\/uploads\/2018\/10\/cropped-13260099_989491457837088_3488030785405353200_n.jpg\",\"contentUrl\":\"https:\/\/lapinedaplatja.info\/wp-content\/uploads\/2018\/10\/cropped-13260099_989491457837088_3488030785405353200_n.jpg\",\"width\":600,\"height\":600,\"caption\":\"Patronat Municipal de Turisme de Vila-seca\"},\"image\":{\"@id\":\"https:\/\/lapinedaplatja.info\/de\/#\/schema\/logo\/image\/\"},\"sameAs\":[\"https:\/\/www.facebook.com\/lapinedaplatja\/\",\"https:\/\/x.com\/lapinedaplatja\",\"https:\/\/www.instagram.com\/lapinedaplatja\/\"]}]}<\/script>\n<!-- \/ Yoast SEO plugin. -->","yoast_head_json":{"title":"Fremdenverkehrsamt Vila-seca | Vila-seca - La Pineda Platja","description":"Das Fremdenverkehrsamt Vila-seca ist eine lokale, autonome Beh\u00f6rde mit eigener Handlungsvollmacht und Rechtspers\u00f6nlichkeit, die finanziell und","robots":{"index":"index","follow":"follow","max-snippet":"max-snippet:-1","max-image-preview":"max-image-preview:large","max-video-preview":"max-video-preview:-1"},"canonical":"https:\/\/lapinedaplatja.info\/de\/item\/patronat\/","og_locale":"de_DE","og_type":"article","og_title":"Fremdenverkehrsamt Vila-seca | Vila-seca - La Pineda Platja","og_description":"Das Fremdenverkehrsamt Vila-seca ist eine lokale, autonome Beh\u00f6rde mit eigener Handlungsvollmacht und Rechtspers\u00f6nlichkeit, die finanziell und","og_url":"https:\/\/lapinedaplatja.info\/de\/item\/patronat\/","og_site_name":"Vila-seca - La Pineda Platja","article_publisher":"https:\/\/www.facebook.com\/lapinedaplatja\/","article_modified_time":"2023-05-10T09:19:45+00:00","og_image":[{"width":1440,"height":550,"url":"https:\/\/lapinedaplatja.info\/wp-content\/uploads\/2019\/04\/2020_001_item_patronat.jpg","type":"image\/jpeg"}],"twitter_card":"summary_large_image","twitter_site":"@lapinedaplatja","schema":{"@context":"https:\/\/schema.org","@graph":[{"@type":"WebPage","@id":"https:\/\/lapinedaplatja.info\/de\/item\/patronat\/","url":"https:\/\/lapinedaplatja.info\/de\/item\/patronat\/","name":"Fremdenverkehrsamt Vila-seca | Vila-seca - La Pineda Platja","isPartOf":{"@id":"https:\/\/lapinedaplatja.info\/de\/#website"},"primaryImageOfPage":{"@id":"https:\/\/lapinedaplatja.info\/de\/item\/patronat\/#primaryimage"},"image":{"@id":"https:\/\/lapinedaplatja.info\/de\/item\/patronat\/#primaryimage"},"thumbnailUrl":"https:\/\/lapinedaplatja.info\/wp-content\/uploads\/2019\/04\/2020_001_item_patronat.jpg","datePublished":"2019-04-16T08:02:30+00:00","dateModified":"2023-05-10T09:19:45+00:00","description":"Das Fremdenverkehrsamt Vila-seca ist eine lokale, autonome Beh\u00f6rde mit eigener Handlungsvollmacht und Rechtspers\u00f6nlichkeit, die finanziell und","breadcrumb":{"@id":"https:\/\/lapinedaplatja.info\/de\/item\/patronat\/#breadcrumb"},"inLanguage":"de","potentialAction":[{"@type":"ReadAction","target":["https:\/\/lapinedaplatja.info\/de\/item\/patronat\/"]}]},{"@type":"ImageObject","inLanguage":"de","@id":"https:\/\/lapinedaplatja.info\/de\/item\/patronat\/#primaryimage","url":"https:\/\/lapinedaplatja.info\/wp-content\/uploads\/2019\/04\/2020_001_item_patronat.jpg","contentUrl":"https:\/\/lapinedaplatja.info\/wp-content\/uploads\/2019\/04\/2020_001_item_patronat.jpg","width":1440,"height":550},{"@type":"BreadcrumbList","@id":"https:\/\/lapinedaplatja.info\/de\/item\/patronat\/#breadcrumb","itemListElement":[{"@type":"ListItem","position":1,"name":"Portada","item":"https:\/\/lapinedaplatja.info\/de\/"},{"@type":"ListItem","position":2,"name":"Fremdenverkehrsamt Vila-seca"}]},{"@type":"WebSite","@id":"https:\/\/lapinedaplatja.info\/de\/#website","url":"https:\/\/lapinedaplatja.info\/de\/","name":"La Pineda Platja | Vila-seca","description":"Oficina de Turismo de La Pineda.","publisher":{"@id":"https:\/\/lapinedaplatja.info\/de\/#organization"},"potentialAction":[{"@type":"SearchAction","target":{"@type":"EntryPoint","urlTemplate":"https:\/\/lapinedaplatja.info\/de\/?s={search_term_string}"},"query-input":{"@type":"PropertyValueSpecification","valueRequired":true,"valueName":"search_term_string"}}],"inLanguage":"de"},{"@type":"Organization","@id":"https:\/\/lapinedaplatja.info\/de\/#organization","name":"Patronat Municipal de Turisme de Vila-seca","url":"https:\/\/lapinedaplatja.info\/de\/","logo":{"@type":"ImageObject","inLanguage":"de","@id":"https:\/\/lapinedaplatja.info\/de\/#\/schema\/logo\/image\/","url":"https:\/\/lapinedaplatja.info\/wp-content\/uploads\/2018\/10\/cropped-13260099_989491457837088_3488030785405353200_n.jpg","contentUrl":"https:\/\/lapinedaplatja.info\/wp-content\/uploads\/2018\/10\/cropped-13260099_989491457837088_3488030785405353200_n.jpg","width":600,"height":600,"caption":"Patronat Municipal de Turisme de Vila-seca"},"image":{"@id":"https:\/\/lapinedaplatja.info\/de\/#\/schema\/logo\/image\/"},"sameAs":["https:\/\/www.facebook.com\/lapinedaplatja\/","https:\/\/x.com\/lapinedaplatja","https:\/\/www.instagram.com\/lapinedaplatja\/"]}]}},"_links":{"self":[{"href":"https:\/\/lapinedaplatja.info\/de\/wp-json\/wp\/v2\/portfolio\/11004","targetHints":{"allow":["GET"]}}],"collection":[{"href":"https:\/\/lapinedaplatja.info\/de\/wp-json\/wp\/v2\/portfolio"}],"about":[{"href":"https:\/\/lapinedaplatja.info\/de\/wp-json\/wp\/v2\/types\/portfolio"}],"version-history":[{"count":0,"href":"https:\/\/lapinedaplatja.info\/de\/wp-json\/wp\/v2\/portfolio\/11004\/revisions"}],"wp:featuredmedia":[{"embeddable":true,"href":"https:\/\/lapinedaplatja.info\/de\/wp-json\/wp\/v2\/media\/14433"}],"wp:attachment":[{"href":"https:\/\/lapinedaplatja.info\/de\/wp-json\/wp\/v2\/media?parent=11004"}],"wp:term":[{"taxonomy":"portfolio-types","embeddable":true,"href":"https:\/\/lapinedaplatja.info\/de\/wp-json\/wp\/v2\/portfolio-types?post=11004"}],"curies":[{"name":"wp","href":"https:\/\/api.w.org\/{rel}","templated":true}]}}