{"id":6620,"date":"2018-12-01T10:18:38","date_gmt":"2018-12-01T10:18:38","guid":{"rendered":"http:\/\/lapinedaplatja.info\/item\/portal-de-sant-antoni\/"},"modified":"2025-09-09T11:09:59","modified_gmt":"2025-09-09T09:09:59","slug":"portal-de-sant-antoni","status":"publish","type":"portfolio","link":"https:\/\/lapinedaplatja.info\/en\/item\/portal-de-sant-antoni\/","title":{"rendered":"Portal de Sant Antoni"},"content":{"rendered":"\n<p>The Portal de Sant Antoni is a gateway topped with a tower in the historic town centre of Vila-seca. Declared a Cultural Asset of National Interest.<\/p>\n\n\n\n<p>The early walled enclosure located to the east of the present-day church and guarded by four watchtowers was not large enough to house or offer protection to all townspeople. A second walled perimeter was later built in the mid-fourteenth century that would be used for 400 years. The village had greater importance than the neighbouring regions and it was essential to defend it from looting and outside dangers.<\/p>\n\n\n\n<p>The Portal de Sant Antoni is the only gateway regularly mentioned in ancient documents, and it still retains its appearance as a wall gateway into the second fortified perimeter of Vila-seca. The inside street was Carrer de la Mar (Sea Street) and the area outside the walled grounds towards the sea is called Raval de la Mar (sea district). Carrer dels Ferrers (Blacksmiths\u2019 Street) leads toward the east, formerly Raval de la Pres\u00f3 (Prison Quarter) and to the northeast links to Sant Josep Street and the district bearing this same name.<\/p>\n\n\n\n<p>Portal de Sant Antoni is one of the features included on the route to get to know the historic centre of Vila-seca via the heritage monuments with a <a href=\"https:\/\/lapinedaplatja.info\/en\/item\/ruta-qr\/\">QR code<\/a>.<\/p>\n\n\n\n<div class=\"custom-css-block\"><style>#aab_accordion_0bb7585c_0 {  }<\/style><\/div><div class=\"wp-block-aab-accordion-block aab__accordion_container  accessibilityOn\" style=\"margin-top:0px;margin-bottom:15px;border:1px solid #bcb6b638\" id=\"aab_accordion_0bb7585c_0\" role=\"button\" aria-expanded=\"false\" tabindex=\"0\"><div class=\"aab__accordion_head aab_right_icon  \" style=\"background-color:#bcb6b638;border-top:none;border-right:none;border-bottom:none;border-left:none\"><div class=\"aab__accordion_heading aab_right_icon aab_right_link\"><div class=\"head_content_wrapper\"><div class=\"title_wrapper\"><h5 class=\"aab__accordion_title\" style=\"margin:0\">A bit of history<\/h5><\/div><p class=\"aab__accordion_subheading\" placeholder=\"\" style=\"margin:5px 0 0 0\"><\/p><\/div><\/div><div class=\"aab__accordion_icon\" style=\"border:0px solid transparent\"><span class=\"aab__icon dashicons dashicons-plus-alt2\" style=\"font-size:23px\"><\/span><\/div><\/div><div class=\"aab__accordion_body  \" role=\"region\" style=\"display:none;border-top:1px solid #bcb6b638;border-right:none;border-bottom:none;border-left:none\"><div class=\"aab__accordion_component\">\n<p>The former Vila-seca del Com\u00fa, which became Vila-seca de Solcina in 1525, occupied the heart of the current town centre. It ran from Portal de Sant Antoni to the south, to the Portal de l\u2019Esgl\u00e9sia (Church Gateway) and the Pla\u00e7a de Voltes. Further, the thick fortified outside walls and some dozen defence towers protected a space large enough to safely house several hundred people. We should remember that Vila-seca was under siege by pirate attacks for some 300 years and it was the population hub and safe haven for neighbours from other more unprotected lands.<\/p>\n\n\n\n<p>The Portal de Sant Antoni and Raval de la Mar were the starting points for the roads leading to the district\u2019s most lively and bustling sites. You can still stroll along these paths today, Cam\u00ed del Mas de la Sana, Cam\u00ed de la Pineda, Cam\u00ed de Cambrils and Cam\u00ed de la Selva, the latter leading to the Port of Salou.<\/p>\n\n\n\n<p>As befits a defensive gateway, Portal de Sant Antoni is a solid construction with ashlars\u2014finely dressed masonry stones\u2014at the base and stone and mortar at the top. The passageway is created from an arch on each side and a ceiling of beams. It measures 6.3 by 4.25 metres and its walls are 70 centimetres thick. You can see a machicolation still on the front outside fa\u00e7ade, which simply means an opening through which stones or burning oil or water could be dropped on enemies during attacks.<\/p>\n<\/div><\/div><\/div>\n\n\n\n<p>&nbsp;<\/p>\n","protected":false},"featured_media":30219,"template":"","meta":{"_acf_changed":false},"portfolio-types":[110],"class_list":["post-6620","portfolio","type-portfolio","status-publish","has-post-thumbnail","hentry","portfolio-types-patrimoni-en"],"acf":[],"yoast_head":"<!-- This site is optimized with the Yoast SEO plugin v26.6 - https:\/\/yoast.com\/wordpress\/plugins\/seo\/ -->\n<title>Portal de Sant Antoni | Vila-seca - La Pineda Platja<\/title>\n<meta name=\"description\" content=\"The Portal de Sant Antoni is a gateway topped with a tower in the historic town centre of Vila-seca. Declared a Cultural Asset of National Interest. The\" \/>\n<meta name=\"robots\" content=\"index, follow, max-snippet:-1, max-image-preview:large, max-video-preview:-1\" \/>\n<link rel=\"canonical\" href=\"https:\/\/lapinedaplatja.info\/en\/item\/portal-de-sant-antoni\/\" \/>\n<meta property=\"og:locale\" content=\"en_US\" \/>\n<meta property=\"og:type\" content=\"article\" \/>\n<meta property=\"og:title\" content=\"Portal de Sant Antoni | Vila-seca - La Pineda Platja\" \/>\n<meta property=\"og:description\" content=\"The Portal de Sant Antoni is a gateway topped with a tower in the historic town centre of Vila-seca. Declared a Cultural Asset of National Interest. The\" \/>\n<meta property=\"og:url\" content=\"https:\/\/lapinedaplatja.info\/en\/item\/portal-de-sant-antoni\/\" \/>\n<meta property=\"og:site_name\" content=\"Vila-seca - La Pineda Platja\" \/>\n<meta property=\"article:publisher\" content=\"https:\/\/www.facebook.com\/lapinedaplatja\/\" \/>\n<meta property=\"article:modified_time\" content=\"2025-09-09T09:09:59+00:00\" \/>\n<meta property=\"og:image\" content=\"https:\/\/lapinedaplatja.info\/wp-content\/uploads\/2018\/12\/Portal-de-Sant-Antoni3-1.jpg\" \/>\n\t<meta property=\"og:image:width\" content=\"800\" \/>\n\t<meta property=\"og:image:height\" content=\"533\" \/>\n\t<meta property=\"og:image:type\" content=\"image\/jpeg\" \/>\n<meta name=\"twitter:card\" content=\"summary_large_image\" \/>\n<meta name=\"twitter:site\" content=\"@lapinedaplatja\" \/>\n<meta name=\"twitter:label1\" content=\"Est. reading time\" \/>\n\t<meta name=\"twitter:data1\" content=\"3 minutes\" \/>\n<script type=\"application\/ld+json\" class=\"yoast-schema-graph\">{\"@context\":\"https:\/\/schema.org\",\"@graph\":[{\"@type\":\"WebPage\",\"@id\":\"https:\/\/lapinedaplatja.info\/en\/item\/portal-de-sant-antoni\/\",\"url\":\"https:\/\/lapinedaplatja.info\/en\/item\/portal-de-sant-antoni\/\",\"name\":\"Portal de Sant Antoni | Vila-seca - La Pineda Platja\",\"isPartOf\":{\"@id\":\"https:\/\/lapinedaplatja.info\/en\/#website\"},\"primaryImageOfPage\":{\"@id\":\"https:\/\/lapinedaplatja.info\/en\/item\/portal-de-sant-antoni\/#primaryimage\"},\"image\":{\"@id\":\"https:\/\/lapinedaplatja.info\/en\/item\/portal-de-sant-antoni\/#primaryimage\"},\"thumbnailUrl\":\"https:\/\/lapinedaplatja.info\/wp-content\/uploads\/2018\/12\/Portal-de-Sant-Antoni3-1.jpg\",\"datePublished\":\"2018-12-01T10:18:38+00:00\",\"dateModified\":\"2025-09-09T09:09:59+00:00\",\"description\":\"The Portal de Sant Antoni is a gateway topped with a tower in the historic town centre of Vila-seca. Declared a Cultural Asset of National Interest. The\",\"breadcrumb\":{\"@id\":\"https:\/\/lapinedaplatja.info\/en\/item\/portal-de-sant-antoni\/#breadcrumb\"},\"inLanguage\":\"en-US\",\"potentialAction\":[{\"@type\":\"ReadAction\",\"target\":[\"https:\/\/lapinedaplatja.info\/en\/item\/portal-de-sant-antoni\/\"]}]},{\"@type\":\"ImageObject\",\"inLanguage\":\"en-US\",\"@id\":\"https:\/\/lapinedaplatja.info\/en\/item\/portal-de-sant-antoni\/#primaryimage\",\"url\":\"https:\/\/lapinedaplatja.info\/wp-content\/uploads\/2018\/12\/Portal-de-Sant-Antoni3-1.jpg\",\"contentUrl\":\"https:\/\/lapinedaplatja.info\/wp-content\/uploads\/2018\/12\/Portal-de-Sant-Antoni3-1.jpg\",\"width\":800,\"height\":533},{\"@type\":\"BreadcrumbList\",\"@id\":\"https:\/\/lapinedaplatja.info\/en\/item\/portal-de-sant-antoni\/#breadcrumb\",\"itemListElement\":[{\"@type\":\"ListItem\",\"position\":1,\"name\":\"Portada\",\"item\":\"https:\/\/lapinedaplatja.info\/en\/\"},{\"@type\":\"ListItem\",\"position\":2,\"name\":\"Heritage\",\"item\":\"https:\/\/lapinedaplatja.info\/en\/tipus\/patrimoni-en\/\"},{\"@type\":\"ListItem\",\"position\":3,\"name\":\"Portal de Sant Antoni\"}]},{\"@type\":\"WebSite\",\"@id\":\"https:\/\/lapinedaplatja.info\/en\/#website\",\"url\":\"https:\/\/lapinedaplatja.info\/en\/\",\"name\":\"La Pineda Platja | Vila-seca\",\"description\":\"Oficina de Turismo de La Pineda.\",\"publisher\":{\"@id\":\"https:\/\/lapinedaplatja.info\/en\/#organization\"},\"potentialAction\":[{\"@type\":\"SearchAction\",\"target\":{\"@type\":\"EntryPoint\",\"urlTemplate\":\"https:\/\/lapinedaplatja.info\/en\/?s={search_term_string}\"},\"query-input\":{\"@type\":\"PropertyValueSpecification\",\"valueRequired\":true,\"valueName\":\"search_term_string\"}}],\"inLanguage\":\"en-US\"},{\"@type\":\"Organization\",\"@id\":\"https:\/\/lapinedaplatja.info\/en\/#organization\",\"name\":\"Patronat Municipal de Turisme de Vila-seca\",\"url\":\"https:\/\/lapinedaplatja.info\/en\/\",\"logo\":{\"@type\":\"ImageObject\",\"inLanguage\":\"en-US\",\"@id\":\"https:\/\/lapinedaplatja.info\/en\/#\/schema\/logo\/image\/\",\"url\":\"https:\/\/lapinedaplatja.info\/wp-content\/uploads\/2018\/10\/cropped-13260099_989491457837088_3488030785405353200_n.jpg\",\"contentUrl\":\"https:\/\/lapinedaplatja.info\/wp-content\/uploads\/2018\/10\/cropped-13260099_989491457837088_3488030785405353200_n.jpg\",\"width\":600,\"height\":600,\"caption\":\"Patronat Municipal de Turisme de Vila-seca\"},\"image\":{\"@id\":\"https:\/\/lapinedaplatja.info\/en\/#\/schema\/logo\/image\/\"},\"sameAs\":[\"https:\/\/www.facebook.com\/lapinedaplatja\/\",\"https:\/\/x.com\/lapinedaplatja\",\"https:\/\/www.instagram.com\/lapinedaplatja\/\"]}]}<\/script>\n<!-- \/ Yoast SEO plugin. -->","yoast_head_json":{"title":"Portal de Sant Antoni | Vila-seca - La Pineda Platja","description":"The Portal de Sant Antoni is a gateway topped with a tower in the historic town centre of Vila-seca. Declared a Cultural Asset of National Interest. The","robots":{"index":"index","follow":"follow","max-snippet":"max-snippet:-1","max-image-preview":"max-image-preview:large","max-video-preview":"max-video-preview:-1"},"canonical":"https:\/\/lapinedaplatja.info\/en\/item\/portal-de-sant-antoni\/","og_locale":"en_US","og_type":"article","og_title":"Portal de Sant Antoni | Vila-seca - La Pineda Platja","og_description":"The Portal de Sant Antoni is a gateway topped with a tower in the historic town centre of Vila-seca. Declared a Cultural Asset of National Interest. The","og_url":"https:\/\/lapinedaplatja.info\/en\/item\/portal-de-sant-antoni\/","og_site_name":"Vila-seca - La Pineda Platja","article_publisher":"https:\/\/www.facebook.com\/lapinedaplatja\/","article_modified_time":"2025-09-09T09:09:59+00:00","og_image":[{"width":800,"height":533,"url":"https:\/\/lapinedaplatja.info\/wp-content\/uploads\/2018\/12\/Portal-de-Sant-Antoni3-1.jpg","type":"image\/jpeg"}],"twitter_card":"summary_large_image","twitter_site":"@lapinedaplatja","twitter_misc":{"Est. reading time":"3 minutes"},"schema":{"@context":"https:\/\/schema.org","@graph":[{"@type":"WebPage","@id":"https:\/\/lapinedaplatja.info\/en\/item\/portal-de-sant-antoni\/","url":"https:\/\/lapinedaplatja.info\/en\/item\/portal-de-sant-antoni\/","name":"Portal de Sant Antoni | Vila-seca - La Pineda Platja","isPartOf":{"@id":"https:\/\/lapinedaplatja.info\/en\/#website"},"primaryImageOfPage":{"@id":"https:\/\/lapinedaplatja.info\/en\/item\/portal-de-sant-antoni\/#primaryimage"},"image":{"@id":"https:\/\/lapinedaplatja.info\/en\/item\/portal-de-sant-antoni\/#primaryimage"},"thumbnailUrl":"https:\/\/lapinedaplatja.info\/wp-content\/uploads\/2018\/12\/Portal-de-Sant-Antoni3-1.jpg","datePublished":"2018-12-01T10:18:38+00:00","dateModified":"2025-09-09T09:09:59+00:00","description":"The Portal de Sant Antoni is a gateway topped with a tower in the historic town centre of Vila-seca. Declared a Cultural Asset of National Interest. The","breadcrumb":{"@id":"https:\/\/lapinedaplatja.info\/en\/item\/portal-de-sant-antoni\/#breadcrumb"},"inLanguage":"en-US","potentialAction":[{"@type":"ReadAction","target":["https:\/\/lapinedaplatja.info\/en\/item\/portal-de-sant-antoni\/"]}]},{"@type":"ImageObject","inLanguage":"en-US","@id":"https:\/\/lapinedaplatja.info\/en\/item\/portal-de-sant-antoni\/#primaryimage","url":"https:\/\/lapinedaplatja.info\/wp-content\/uploads\/2018\/12\/Portal-de-Sant-Antoni3-1.jpg","contentUrl":"https:\/\/lapinedaplatja.info\/wp-content\/uploads\/2018\/12\/Portal-de-Sant-Antoni3-1.jpg","width":800,"height":533},{"@type":"BreadcrumbList","@id":"https:\/\/lapinedaplatja.info\/en\/item\/portal-de-sant-antoni\/#breadcrumb","itemListElement":[{"@type":"ListItem","position":1,"name":"Portada","item":"https:\/\/lapinedaplatja.info\/en\/"},{"@type":"ListItem","position":2,"name":"Heritage","item":"https:\/\/lapinedaplatja.info\/en\/tipus\/patrimoni-en\/"},{"@type":"ListItem","position":3,"name":"Portal de Sant Antoni"}]},{"@type":"WebSite","@id":"https:\/\/lapinedaplatja.info\/en\/#website","url":"https:\/\/lapinedaplatja.info\/en\/","name":"La Pineda Platja | Vila-seca","description":"Oficina de Turismo de La Pineda.","publisher":{"@id":"https:\/\/lapinedaplatja.info\/en\/#organization"},"potentialAction":[{"@type":"SearchAction","target":{"@type":"EntryPoint","urlTemplate":"https:\/\/lapinedaplatja.info\/en\/?s={search_term_string}"},"query-input":{"@type":"PropertyValueSpecification","valueRequired":true,"valueName":"search_term_string"}}],"inLanguage":"en-US"},{"@type":"Organization","@id":"https:\/\/lapinedaplatja.info\/en\/#organization","name":"Patronat Municipal de Turisme de Vila-seca","url":"https:\/\/lapinedaplatja.info\/en\/","logo":{"@type":"ImageObject","inLanguage":"en-US","@id":"https:\/\/lapinedaplatja.info\/en\/#\/schema\/logo\/image\/","url":"https:\/\/lapinedaplatja.info\/wp-content\/uploads\/2018\/10\/cropped-13260099_989491457837088_3488030785405353200_n.jpg","contentUrl":"https:\/\/lapinedaplatja.info\/wp-content\/uploads\/2018\/10\/cropped-13260099_989491457837088_3488030785405353200_n.jpg","width":600,"height":600,"caption":"Patronat Municipal de Turisme de Vila-seca"},"image":{"@id":"https:\/\/lapinedaplatja.info\/en\/#\/schema\/logo\/image\/"},"sameAs":["https:\/\/www.facebook.com\/lapinedaplatja\/","https:\/\/x.com\/lapinedaplatja","https:\/\/www.instagram.com\/lapinedaplatja\/"]}]}},"_links":{"self":[{"href":"https:\/\/lapinedaplatja.info\/en\/wp-json\/wp\/v2\/portfolio\/6620","targetHints":{"allow":["GET"]}}],"collection":[{"href":"https:\/\/lapinedaplatja.info\/en\/wp-json\/wp\/v2\/portfolio"}],"about":[{"href":"https:\/\/lapinedaplatja.info\/en\/wp-json\/wp\/v2\/types\/portfolio"}],"version-history":[{"count":0,"href":"https:\/\/lapinedaplatja.info\/en\/wp-json\/wp\/v2\/portfolio\/6620\/revisions"}],"wp:featuredmedia":[{"embeddable":true,"href":"https:\/\/lapinedaplatja.info\/en\/wp-json\/wp\/v2\/media\/30219"}],"wp:attachment":[{"href":"https:\/\/lapinedaplatja.info\/en\/wp-json\/wp\/v2\/media?parent=6620"}],"wp:term":[{"taxonomy":"portfolio-types","embeddable":true,"href":"https:\/\/lapinedaplatja.info\/en\/wp-json\/wp\/v2\/portfolio-types?post=6620"}],"curies":[{"name":"wp","href":"https:\/\/api.w.org\/{rel}","templated":true}]}}