{"id":13662,"date":"2019-12-10T16:03:57","date_gmt":"2019-12-10T15:03:57","guid":{"rendered":"https:\/\/lapinedaplatja.info\/avis-legal\/"},"modified":"2019-12-13T14:23:11","modified_gmt":"2019-12-13T13:23:11","slug":"avis-legal","status":"publish","type":"page","link":"https:\/\/lapinedaplatja.info\/es\/avis-legal\/","title":{"rendered":"Aviso legal"},"content":{"rendered":"<h2>Aviso legal para web del Patronat Municipal de Turisme de Vila-seca<\/h2>\n<h3>Datos identificativos del Prestador de servicios de la sociedad de la informaci\u00f3n<\/h3>\n<p>De conformidad con el art\u00edculo 10 de la Ley 34\/2002, de 1 de julio, de Servicios de la Sociedad de la Informaci\u00f3n y Comercio Electr\u00f3nico, se pone en su conocimiento que el Patronat de Turisme (en adelante, el Patronat), con CIF P9317302I, es el titular de la actividad desplegada a trav\u00e9s del sitio web https:\/\/www.lapinedaplatja.info\/ con domicilio social a estos efectos en:<\/p>\n<p><strong>Patronat Municipal de Turisme de Vila-seca<\/strong><\/p>\n<p>Carrer del Patr\u00f3, 10<\/p>\n<p>43480 Vila-seca (TARRAGONA)<\/p>\n<p>Tel\u00e8fon:\u00a0 977 39 03 62<\/p>\n<p><a href=\"mailto:turisme@lapinedaplatja.info\">turisme@lapinedaplatja.info<\/a><\/p>\n<p>&nbsp;<\/p>\n<h3><strong>Car\u00e1cter de la informaci\u00f3n publicada en el Portal<\/strong><\/h3>\n<p>Las informaciones ofrecidas mediante este medio tienen exclusivamente car\u00e1cter ilustrativo y no originar\u00e1n derechos ni expectativas de derechos y el Patronato no se hace responsable de los contenidos accesibles mediante enlaces o documentos existentes en otros dominios.<\/p>\n<p>El Patronat procura que esta informaci\u00f3n sea exacta y precisa, y procede a su actualizaci\u00f3n con la m\u00e1xima celeridad posible, tratando de evitar errores y corrigi\u00e9ndolos tan pronto como los detecta. Sin embargo, el Patronato no puede garantizar la inexistencia de errores ni que el contenido de la informaci\u00f3n se encuentre permanentemente actualizado.<\/p>\n<p>La informaci\u00f3n contenida en el portal puede ser modificada y actualizada por el Patronato sin necesidad de aviso previo, tanto a su contenido como a su dise\u00f1o y presentaci\u00f3n.<\/p>\n<p>La informaci\u00f3n proporcionada en respuesta a cualquier consulta o petici\u00f3n de informaci\u00f3n tiene car\u00e1cter meramente orientativo y en ning\u00fan caso resultar\u00e1 vinculante para la resoluci\u00f3n de los procedimientos administrativos, los cuales se encuentran estrictamente sujetos a las normas legales o reglamentarias que les sean de aplicaci\u00f3n.<\/p>\n<p>Con car\u00e1cter general, la informaci\u00f3n disponible en este Portal debe ser entendida como una gu\u00eda sin prop\u00f3sito de validez legal. La informaci\u00f3n administrativa facilitada a trav\u00e9s del mismo no sustituye la publicidad legal de las leyes, de las disposiciones generales y de los actos que tengan que ser publicados formalmente a los diarios o boletines oficiales de las administraciones p\u00fablicas. En el caso de cualquier discrepancia entre la versi\u00f3n de documentos e informaci\u00f3n obtenida en este sitio web y la versi\u00f3n considerada oficial, la versi\u00f3n oficial de las administraciones es la \u00fanica legalmente v\u00e1lida.<\/p>\n<p><strong>\u00a0<\/strong><\/p>\n<h3><strong>Condiciones y t\u00e9rminos generales de uso del Portal<\/strong><\/h3>\n<p>Condiciones de acceso<\/p>\n<p>Se aconseja al usuario leer atentamente las condiciones e instrucciones publicadas en la web <a href=\"https:\/\/www.lapinedaplatja.info\/\">https:\/\/www.lapinedaplatja.info\/<\/a>\u00a0 cada vez que acceda, dado que el acceso implica su lectura y aceptaci\u00f3n.<\/p>\n<p>Mediante el acceso y uso en la web <a href=\"https:\/\/www.lapinedaplatja.info\/\">https:\/\/www.lapinedaplatja.info\/<\/a> el usuario \/ la usuaria manifiesta su acuerdo de forma expresa, plena y sin reservas a las condiciones e instrucciones publicadas en el momento de hacer efectivo este acceso.<\/p>\n<p>El acceso es totalmente gratuito y no requiere de ninguna inscripci\u00f3n o registro previo, salvo cuando \u00e9ste sea necesario para la prestaci\u00f3n de un servicio. En estos casos, se pedir\u00e1 la inscripci\u00f3n o registro de la persona usuaria y la previa aceptaci\u00f3n de determinadas condiciones que pueden complementar y \/ o modificar estas condiciones generales.<\/p>\n<p>&nbsp;<\/p>\n<h3><strong>Condiciones de uso<\/strong><\/h3>\n<p>El usuario \/ la usuaria se compromete a hacer un uso adecuado y l\u00edcito de los contenidos y servicios que ofrece <a href=\"https:\/\/www.lapinedaplatja.info\/\">https:\/\/www.lapinedaplatja.info\/<\/a>, absteni\u00e9ndose de realizar actividades ilegales, il\u00edcitas o contrarias a la buena fe y al orden p\u00fablico. En especial, la persona usuaria deber\u00e1 evitar toda conducta que pueda atentar contra el principio de no discriminaci\u00f3n por razones de sexo, raza, religi\u00f3n, ideolog\u00eda o cualquier otra circunstancia personal o social, y contra la intimidad, el honor y la propia imagen.<\/p>\n<p>Para el acceso, navegaci\u00f3n por el Portal de Internet del Patronat y \/ o por la utilizaci\u00f3n de los servicios incluidos en el mismo, el usuario adquiere la condici\u00f3n de Usuario, sin reservas de ninguna clase, a todas y cada una de las presentes condiciones y T\u00e9rminos Generales de Uso del Portal y de las condiciones particulares, que en su caso rijan la prestaci\u00f3n de los servicios que se dispusieran en el sitio web, sin perjuicio de la atenci\u00f3n y cumplimiento por parte del Usuario de las condiciones fijadas y previstas para los sitios web hipervinculados desde <a href=\"https:\/\/www.lapinedaplatja.info\/\">https:\/\/www.lapinedaplatja.info\/<\/a> de las que no responde el Patronat.<\/p>\n<p>Como consecuencia, el Patronato se reserva el derecho a excluir al usuario \/ la usuaria que incumpla las condiciones de acceso y el uso a <a href=\"https:\/\/www.lapinedaplatja.info\/\">https:\/\/www.lapinedaplatja.info\/<\/a>, sin previo aviso ya adoptar todas las medidas que considere oportunas en cada momento, a fin de evitar las actividades y conductas descritas. Asimismo, se reserva el derecho a sacar cualquier informaci\u00f3n que no se adecue a lo establecido en estas \u00abCondiciones de uso\u00bb.<\/p>\n<p>&nbsp;<\/p>\n<p>El Patronat podr\u00e1, en todo momento y sin previo aviso, modificar las Condiciones y T\u00e9rminos Generales de Uso, as\u00ed como las condiciones particulares, que se establezcan.<\/p>\n<p>En todo caso, el Usuario se compromete a hacer un uso adecuado de los contenidos y servicios que el Patronato ofrece a trav\u00e9s del Portal y, con car\u00e1cter enunciativo pero no limitativo, a:<\/p>\n<ol>\n<li>no incurrir en actividades il\u00edcitas, ilegales o contrarias a la buena fe y al orden p\u00fablico;<\/li>\n<li>no introducir, almacenar o difundir en o desde el Portal, cualquier informaci\u00f3n o material que, expl\u00edcita o impl\u00edcitamente, sea difamatorio, injurioso, obsceno, amenazador, xen\u00f3fobo, de apolog\u00eda del terrorismo, pornogr\u00e1fico o incite a la violencia, a la discriminaci\u00f3n por raz\u00f3n de raza, sexo, ideolog\u00eda, religi\u00f3n o que de cualquier forma atente contra la moral, el orden p\u00fablico, los derechos fundamentales, las libertades p\u00fablicas, con especial atenci\u00f3n al honor, la intimidad o la imagen de terceros y, en general, contra los derechos humanos;<\/li>\n<\/ol>\n<p>&nbsp;<\/p>\n<ol start=\"3\">\n<li>no utilizar identidades falsas, ni suplantar la identidad de otros en la utilizaci\u00f3n del Portal o en la utilizaci\u00f3n de cualquiera de los servicios dispuestos, incluyendo la utilizaci\u00f3n en su caso de contrase\u00f1as o claves de acceso de terceros o de cualquier otra forma;<\/li>\n<\/ol>\n<p>&nbsp;<\/p>\n<ol start=\"4\">\n<li>en consecuencia, el Usuario no podr\u00e1 intentar acceder y, en su caso, utilizar las claves de otros usuarios y modificar o manipular sus mensajes;<\/li>\n<\/ol>\n<p>&nbsp;<\/p>\n<ol start=\"5\">\n<li>no introducir, almacenar o difundir mediante el Portal ning\u00fan programa de ordenador, datos, virus, c\u00f3digo, equipo de hardware o de telecomunicaciones o cualquier otro instrumento o dispositivo electr\u00f3nico o f\u00edsico que sea susceptible de causar da\u00f1os en el Portal, en cualquiera de los servicios, o en cualquiera de los equipos, sistemas o redes del Patronato o, en general, de cualquier tercero, o que de cualquier otra forma sea capaz de causar cualquier tipo de alteraci\u00f3n o impedir el normal funcionamiento de los mismos;<\/li>\n<\/ol>\n<p>&nbsp;<\/p>\n<ol start=\"6\">\n<li>no destruir, alterar, utilizar para su uso, inutilizar o da\u00f1ar los datos, informaciones, programas o documentos electr\u00f3nicos del Patronato o cualquier tercero;<\/li>\n<\/ol>\n<p>&nbsp;<\/p>\n<ol start=\"7\">\n<li>no introducir, almacenar o difundir mediante el Portal cualquier contenido que infrinja derechos de propiedad intelectual, industrial o secretos empresariales de terceros, ni en general ning\u00fan contenido del cual no ostentara, de conformidad con la ley, el derecho a ponerlo a disposici\u00f3n de tercero;<\/li>\n<\/ol>\n<p>&nbsp;<\/p>\n<ol start=\"8\">\n<li>no utilizar los servicios ofrecidos en el Portal con el objetivo de promocionar empresas y servicios externos, otras p\u00e1ginas web y hacer campa\u00f1as de publicidad o comerciales, ni para actuar en beneficio de personas jur\u00eddicas;<\/li>\n<\/ol>\n<p>&nbsp;<\/p>\n<ol start=\"9\">\n<li>abstenerse de suprimir, alterar, eludir o manipular cualquiera de los dispositivos de protecci\u00f3n o sistemas de seguridad que puedan estar instalados en el portal.<\/li>\n<\/ol>\n<p>&nbsp;<\/p>\n<p>La difusi\u00f3n por Internet de im\u00e1genes o voces que hagan identificables a terceras personas deber\u00e1 contar con el consentimiento de la persona afectada.<\/p>\n<p>&nbsp;<\/p>\n<p>En caso de contravenir las condiciones anteriores, el Patronato se reserva la facultad y estar\u00e1 legitimado para bloquear, suspender o cancelar, de forma inmediata y sin previo aviso, el acceso y uso del portal y, en su caso, para retirar los contenidos presunta o declaradamente ilegales, ya lo realice a su exclusivo criterio, ya a petici\u00f3n de tercero afectado o de autoridad competente.<\/p>\n<p>&nbsp;<\/p>\n<p>El Patronat se reserva el derecho de alterar la forma de acceso a la web sin previo aviso.<\/p>\n<p>&nbsp;<\/p>\n<h4>Objeto<\/h4>\n<p>&nbsp;<\/p>\n<p>Los objetivos del portal son:<\/p>\n<ul>\n<li>presentar de forma electr\u00f3nica la oferta de servicios que el Patronat ofrece a sus ciudadanos,<\/li>\n<li>facilitar el acceso de cualquier persona interesada en la informaci\u00f3n de que dispone el Patronat sobre la ciudad,<\/li>\n<li>difundir las actividades y los servicios ofrecidos desde el Patronat,<\/li>\n<li>utilizar la red como un medio relevante en la interacci\u00f3n con la ciudadan\u00eda.<\/li>\n<\/ul>\n<p>&nbsp;<\/p>\n<h3><strong>Redes sociales<\/strong><\/h3>\n<h4>Objeto<\/h4>\n<p>Dar visibilidad y difusi\u00f3n de las actividades municipales que desarrolla el Patronat.<\/p>\n<p>Tratamiento de datos de car\u00e1cter personal<\/p>\n<p>En los servicios que se den mediante herramientas como Facebook, Instagram, Pinterest, Twitter., Etc, el Patronat no recoger\u00e1 ni har\u00e1 ning\u00fan tratamiento de los datos de car\u00e1cter personal. Estos datos quedar\u00e1n almacenados en los servidores de los respectivos servicios y se regir\u00e1n por su propia pol\u00edtica de privacidad.<\/p>\n<p>&nbsp;<\/p>\n<h4>Condiciones de uso<\/h4>\n<ul>\n<li>Todo lo establecido en las Condiciones y T\u00e9rminos Generales de Uso del Portal.<\/li>\n<\/ul>\n<p>&nbsp;<\/p>\n<ul>\n<li>No publicar informaciones que no respondan a los requisitos de veracidad, inter\u00e9s p\u00fablico y respeto a la dignidad de las personas.<\/li>\n<\/ul>\n<p>&nbsp;<\/p>\n<ul>\n<li>No grabar ni publicar im\u00e1genes, v\u00eddeos o cualquier otro tipo de registro sin el consentimiento de las personas afectadas.<\/li>\n<\/ul>\n<p>&nbsp;<\/p>\n<ul>\n<li>El Patronat no se identifica con las opiniones expresadas por otros ni con la ideolog\u00eda de los perfiles con los que tenga amistad en ninguna red social.<\/li>\n<\/ul>\n<p>&nbsp;<\/p>\n<ul>\n<li>El Patronat se reserva el derecho de eliminar de sus redes sociales cualquier informaci\u00f3n publicada por ajena que vulnere la legalidad, incite a hacerlo, o contenga mensajes que atenten contra la dignidad de personas o instituciones, as\u00ed como de bloquear o denunciar el perfil autor de estos mensajes.<\/li>\n<\/ul>\n<p>&nbsp;<\/p>\n<h4>Recomendaciones a los usuarios \/ usuarias<\/h4>\n<ul>\n<li>Revise y lea las condiciones generales de uso y la pol\u00edtica de privacidad de la red social en el momento de registrarse.<\/li>\n<\/ul>\n<p>&nbsp;<\/p>\n<ul>\n<li>Aprenda las posibilidades de configuraci\u00f3n y uso que la red ofrezca.<\/li>\n<\/ul>\n<p>&nbsp;<\/p>\n<ul>\n<li>Configure adecuadamente el grado de privacidad del perfil de usuario \/ a en la red social.<\/li>\n<\/ul>\n<p>&nbsp;<\/p>\n<ul>\n<li>No publique informaci\u00f3n excesiva sobre su vida personal y familiar.<\/li>\n<\/ul>\n<p>&nbsp;<\/p>\n<ul>\n<li>Tenga cuidado con la publicaci\u00f3n de contenidos audiovisuales y gr\u00e1ficos en su perfil, especialmente si se alojan im\u00e1genes relativas a terceras personas<\/li>\n<\/ul>\n<p>&nbsp;<\/p>\n<ul>\n<li>No ofrezca datos de terceros en su espacio sin el previo consentimiento de estos.<\/li>\n<\/ul>\n<p>&nbsp;<\/p>\n<h3><strong>Responsabilidad<\/strong><\/h3>\n<p>El Patronat no se hace responsable de los da\u00f1os y perjuicios que se pudieran derivar de, con car\u00e1cter meramente enunciativo y no limitativo:<\/p>\n<ol>\n<li>inferencias, omisiones, interrupciones, virus inform\u00e1ticos, aver\u00edas y \/ o desconexiones en el funcionamiento operativo de este sistema electr\u00f3nico o en los aparatos y equipos inform\u00e1ticos de los Usuarios, motivadas por causas ajenas a el Patronat, que impidan o retrasen la prestaci\u00f3n de los servicios o la navegaci\u00f3n por el Sistema;<\/li>\n<\/ol>\n<p>&nbsp;<\/p>\n<ol start=\"2\">\n<li>retrasos o bloqueos en el uso causados \u200b\u200bpor deficiencias o sobrecargas de Internet o en otros sistemas electr\u00f3nicos.<\/li>\n<\/ol>\n<p>&nbsp;<\/p>\n<ol start=\"3\">\n<li>que puedan ser causados \u200b\u200bpor terceras personas mediante intromisiones ileg\u00edtimas fuera del control, y que no sean atribuibles al Patronat;<\/li>\n<\/ol>\n<p>&nbsp;<\/p>\n<ol start=\"4\">\n<li>de la imposibilidad de dar el servicio o permitir el acceso por causas no imputables al Patronat, debidas al Usuario, a terceros, o a supuestos de fuerza mayor.<\/li>\n<\/ol>\n<p>&nbsp;<\/p>\n<h3><strong>Propiedad intelectual e industrial<\/strong><\/h3>\n<p>El c\u00f3digo fuente, los Dise\u00f1os gr\u00e1ficos, las im\u00e1genes, las fotograf\u00edas, los sonidos, las animaciones, el software, los textos, los n\u00fameros de dominio, las marcas, as\u00ed como la informaci\u00f3n y los contenidos recogidos en el largo de todo el Portal est\u00e1n protegidos por la legislaci\u00f3n espa\u00f1ola, a favor del Patronat.<\/p>\n<p>Se autoriza la reproducci\u00f3n de los contenidos textuales y gr\u00e1ficos, excepto con fines comerciales, siempre que se cite la fuente. Los logos, escudos y otros elementos de la imagen corporativa son propiedad del Patronat y sume uso se autoriza a trav\u00e9s del Servicio de Prensa del Ayuntamiento. (Para solicitar elementos gr\u00e1ficos de imagen corporativa, escriba un mensaje a <a href=\"mailto:premsa@vila-seca.cat\">premsa@vila-seca.cat<\/a>)<\/p>\n<p>&nbsp;<\/p>\n<h3><strong>Utilizaci\u00f3n de hiperenlace<\/strong><\/h3>\n<p>El usuario de Internet que quiera introducir enlaces desde sus webs en la p\u00e1gina web debe cumplir con las condiciones que se detallan a continuaci\u00f3n sin que el desconocimiento de las mismas evite las responsabilidades derivadas de la Ley.<\/p>\n<p>El enlace \u00fanicamente vincular\u00e1 con la home page o p\u00e1gina principal de la p\u00e1gina web pero no podr\u00e1 reproducirla de ninguna forma (inline links, copia de los textos, gr\u00e1ficos, etc.). Quedar\u00e1 en todo caso prohibido, de acuerdo con la legislaci\u00f3n aplicable y vigente en cada momento, establecer frames o marcos de cualquier tipo que envuelvan a la p\u00e1gina web o permitan la visualizaci\u00f3n de los contenidos a trav\u00e9s de direcciones de Internet distintas a las de la p\u00e1gina web y, en cualquier caso, cuando se visualicen conjuntamente con contenidos ajenos a la p\u00e1gina web de forma que: (i) produzca, o pueda producir, error, confusi\u00f3n o enga\u00f1o en los usuarios sobre la verdadera procedencia del servicio o contenidos; (II) suponga un acto de comparaci\u00f3n o imitaci\u00f3n desleal; (III) sirva para aprovechar la reputaci\u00f3n de la marca y prestigio del Patronat; o (IV) de cualquier otra forma, resulte prohibido por la legislaci\u00f3n vigente.<\/p>\n<p>No se realizar\u00e1n desde la p\u00e1gina que introduce el enlace ning\u00fan tipo de manifestaci\u00f3n falsa, inexacta o incorrecta sobre el Patronat, su direcci\u00f3n, sus miembros, empleados, trabajadores, clientes, proveedores o sobre la calidad de los servicios que presta.<\/p>\n<p>En ning\u00fan caso, se expresar\u00e1 en la p\u00e1gina donde se ubique el enlace que el Patronat ha prestado su consentimiento para la inserci\u00f3n del enlace o que de otra forma patrocina, colabora, verifica o supervisa los servicios del remitente.<\/p>\n<p>Est\u00e1 prohibida la utilizaci\u00f3n de cualquier marca denominativa, gr\u00e1fica o mixta o cualquier otro signo distintivo del Patronat dentro de la p\u00e1gina del remitente salvo en los casos permitidos por la ley o expresamente autorizados por el Patronat y siempre que se permita, en estos casos, un enlace directo con la p\u00e1gina web en la forma establecida en esta cl\u00e1usula.<\/p>\n<p>La p\u00e1gina que establezca el enlace deber\u00e1 cumplir fielmente con la ley y no podr\u00e1 en ning\u00fan caso disponer o enlazar con contenidos propios o de terceros que: (I) sean il\u00edcitos, nocivos o contrarios a la moral ya las buenas costumbres ( pornogr\u00e1ficos, violentos, racistas, etc); (II) induzcan o puedan inducir en el Usuario la falsa concepci\u00f3n de que el Patronato suscribe, apoya, se adhiere o de cualquier manera apoya, las ideas, manifestaciones o expresiones, l\u00edcitas o il\u00edcitas, del remitente; (III) resulten inapropiados o no pertinentes con la actividad del Patronat en atenci\u00f3n al lugar, contenidos y tem\u00e1tica de la p\u00e1gina web del remitente. Igualmente, el Usuario se abstendr\u00e1 de incluir en la p\u00e1gina web cualquier hiperenlace (en adelante, \u00ablink\u00bb) dirigido a una p\u00e1gina web que contenga informaci\u00f3n o contenidos il\u00edcitos, contrarios a la moral y buenas costumbres generalmente aceptadas, y el orden p\u00fablico.<\/p>\n<h3><strong>Legislaci\u00f3n aplicable y fuero competente <\/strong><\/h3>\n<p>Cualquier controversia relativa a este sitio web se regir\u00e1 por la legislaci\u00f3n espa\u00f1ola, renunciando expresamente las partes al que les corresponda, y someti\u00e9ndose a los Juzgados y Tribunales de la ciudad de Tarragona, salvo fuero imperativo aplicable, como el domicilio del consumidor.<\/p>\n","protected":false},"excerpt":{"rendered":"<p>Aviso legal para web del Patronat Municipal de Turisme de Vila-seca Datos identificativos del Prestador de servicios de la sociedad de la informaci\u00f3n De conformidad con el art\u00edculo 10 de la Ley 34\/2002, de 1 de julio, de Servicios de la Sociedad de la Informaci\u00f3n y Comercio Electr\u00f3nico, se pone [&hellip;]<\/p>\n","protected":false},"author":4,"featured_media":0,"parent":0,"menu_order":0,"comment_status":"closed","ping_status":"closed","template":"","meta":{"_acf_changed":false,"footnotes":""},"class_list":["post-13662","page","type-page","status-publish","hentry"],"acf":[],"yoast_head":"<!-- This site is optimized with the Yoast SEO plugin v26.6 - https:\/\/yoast.com\/wordpress\/plugins\/seo\/ -->\n<title>Aviso legal | Vila-seca<\/title>\n<meta name=\"robots\" content=\"index, follow, max-snippet:-1, max-image-preview:large, max-video-preview:-1\" \/>\n<link rel=\"canonical\" href=\"https:\/\/lapinedaplatja.info\/es\/avis-legal\/\" \/>\n<meta property=\"og:locale\" content=\"es_ES\" \/>\n<meta property=\"og:type\" content=\"article\" \/>\n<meta property=\"og:title\" content=\"Aviso legal | Vila-seca\" \/>\n<meta property=\"og:description\" content=\"Aviso legal para web del Patronat Municipal de Turisme de Vila-seca Datos identificativos del Prestador de servicios de la sociedad de la informaci\u00f3n De conformidad con el art\u00edculo 10 de la Ley 34\/2002, de 1 de julio, de Servicios de la Sociedad de la Informaci\u00f3n y Comercio Electr\u00f3nico, se pone [&hellip;]\" \/>\n<meta property=\"og:url\" content=\"https:\/\/lapinedaplatja.info\/es\/avis-legal\/\" \/>\n<meta property=\"og:site_name\" content=\"Vila-seca\" \/>\n<meta property=\"article:publisher\" content=\"https:\/\/www.facebook.com\/lapinedaplatja\/\" \/>\n<meta property=\"article:modified_time\" content=\"2019-12-13T13:23:11+00:00\" \/>\n<meta name=\"twitter:card\" content=\"summary_large_image\" \/>\n<meta name=\"twitter:site\" content=\"@lapinedaplatja\" \/>\n<meta name=\"twitter:label1\" content=\"Tiempo de lectura\" \/>\n\t<meta name=\"twitter:data1\" content=\"13 minutos\" \/>\n<script type=\"application\/ld+json\" class=\"yoast-schema-graph\">{\"@context\":\"https:\/\/schema.org\",\"@graph\":[{\"@type\":\"WebPage\",\"@id\":\"https:\/\/lapinedaplatja.info\/es\/avis-legal\/\",\"url\":\"https:\/\/lapinedaplatja.info\/es\/avis-legal\/\",\"name\":\"Aviso legal | Vila-seca\",\"isPartOf\":{\"@id\":\"https:\/\/lapinedaplatja.info\/es\/#website\"},\"datePublished\":\"2019-12-10T15:03:57+00:00\",\"dateModified\":\"2019-12-13T13:23:11+00:00\",\"breadcrumb\":{\"@id\":\"https:\/\/lapinedaplatja.info\/es\/avis-legal\/#breadcrumb\"},\"inLanguage\":\"es\",\"potentialAction\":[{\"@type\":\"ReadAction\",\"target\":[\"https:\/\/lapinedaplatja.info\/es\/avis-legal\/\"]}]},{\"@type\":\"BreadcrumbList\",\"@id\":\"https:\/\/lapinedaplatja.info\/es\/avis-legal\/#breadcrumb\",\"itemListElement\":[{\"@type\":\"ListItem\",\"position\":1,\"name\":\"Portada\",\"item\":\"https:\/\/lapinedaplatja.info\/es\/\"},{\"@type\":\"ListItem\",\"position\":2,\"name\":\"Aviso legal\"}]},{\"@type\":\"WebSite\",\"@id\":\"https:\/\/lapinedaplatja.info\/es\/#website\",\"url\":\"https:\/\/lapinedaplatja.info\/es\/\",\"name\":\"La Pineda Platja | Vila-seca\",\"description\":\"Destinaci\u00f3 de turisme familiar.\",\"publisher\":{\"@id\":\"https:\/\/lapinedaplatja.info\/es\/#organization\"},\"potentialAction\":[{\"@type\":\"SearchAction\",\"target\":{\"@type\":\"EntryPoint\",\"urlTemplate\":\"https:\/\/lapinedaplatja.info\/es\/?s={search_term_string}\"},\"query-input\":{\"@type\":\"PropertyValueSpecification\",\"valueRequired\":true,\"valueName\":\"search_term_string\"}}],\"inLanguage\":\"es\"},{\"@type\":\"Organization\",\"@id\":\"https:\/\/lapinedaplatja.info\/es\/#organization\",\"name\":\"Patronat Municipal de Turisme de Vila-seca\",\"url\":\"https:\/\/lapinedaplatja.info\/es\/\",\"logo\":{\"@type\":\"ImageObject\",\"inLanguage\":\"es\",\"@id\":\"https:\/\/lapinedaplatja.info\/es\/#\/schema\/logo\/image\/\",\"url\":\"https:\/\/lapinedaplatja.info\/wp-content\/uploads\/2018\/10\/cropped-13260099_989491457837088_3488030785405353200_n.jpg\",\"contentUrl\":\"https:\/\/lapinedaplatja.info\/wp-content\/uploads\/2018\/10\/cropped-13260099_989491457837088_3488030785405353200_n.jpg\",\"width\":600,\"height\":600,\"caption\":\"Patronat Municipal de Turisme de Vila-seca\"},\"image\":{\"@id\":\"https:\/\/lapinedaplatja.info\/es\/#\/schema\/logo\/image\/\"},\"sameAs\":[\"https:\/\/www.facebook.com\/lapinedaplatja\/\",\"https:\/\/x.com\/lapinedaplatja\",\"https:\/\/www.instagram.com\/lapinedaplatja\/\"]}]}<\/script>\n<!-- \/ Yoast SEO plugin. -->","yoast_head_json":{"title":"Aviso legal | Vila-seca","robots":{"index":"index","follow":"follow","max-snippet":"max-snippet:-1","max-image-preview":"max-image-preview:large","max-video-preview":"max-video-preview:-1"},"canonical":"https:\/\/lapinedaplatja.info\/es\/avis-legal\/","og_locale":"es_ES","og_type":"article","og_title":"Aviso legal | Vila-seca","og_description":"Aviso legal para web del Patronat Municipal de Turisme de Vila-seca Datos identificativos del Prestador de servicios de la sociedad de la informaci\u00f3n De conformidad con el art\u00edculo 10 de la Ley 34\/2002, de 1 de julio, de Servicios de la Sociedad de la Informaci\u00f3n y Comercio Electr\u00f3nico, se pone [&hellip;]","og_url":"https:\/\/lapinedaplatja.info\/es\/avis-legal\/","og_site_name":"Vila-seca","article_publisher":"https:\/\/www.facebook.com\/lapinedaplatja\/","article_modified_time":"2019-12-13T13:23:11+00:00","twitter_card":"summary_large_image","twitter_site":"@lapinedaplatja","twitter_misc":{"Tiempo de lectura":"13 minutos"},"schema":{"@context":"https:\/\/schema.org","@graph":[{"@type":"WebPage","@id":"https:\/\/lapinedaplatja.info\/es\/avis-legal\/","url":"https:\/\/lapinedaplatja.info\/es\/avis-legal\/","name":"Aviso legal | Vila-seca","isPartOf":{"@id":"https:\/\/lapinedaplatja.info\/es\/#website"},"datePublished":"2019-12-10T15:03:57+00:00","dateModified":"2019-12-13T13:23:11+00:00","breadcrumb":{"@id":"https:\/\/lapinedaplatja.info\/es\/avis-legal\/#breadcrumb"},"inLanguage":"es","potentialAction":[{"@type":"ReadAction","target":["https:\/\/lapinedaplatja.info\/es\/avis-legal\/"]}]},{"@type":"BreadcrumbList","@id":"https:\/\/lapinedaplatja.info\/es\/avis-legal\/#breadcrumb","itemListElement":[{"@type":"ListItem","position":1,"name":"Portada","item":"https:\/\/lapinedaplatja.info\/es\/"},{"@type":"ListItem","position":2,"name":"Aviso legal"}]},{"@type":"WebSite","@id":"https:\/\/lapinedaplatja.info\/es\/#website","url":"https:\/\/lapinedaplatja.info\/es\/","name":"La Pineda Platja | Vila-seca","description":"Destinaci\u00f3 de turisme familiar.","publisher":{"@id":"https:\/\/lapinedaplatja.info\/es\/#organization"},"potentialAction":[{"@type":"SearchAction","target":{"@type":"EntryPoint","urlTemplate":"https:\/\/lapinedaplatja.info\/es\/?s={search_term_string}"},"query-input":{"@type":"PropertyValueSpecification","valueRequired":true,"valueName":"search_term_string"}}],"inLanguage":"es"},{"@type":"Organization","@id":"https:\/\/lapinedaplatja.info\/es\/#organization","name":"Patronat Municipal de Turisme de Vila-seca","url":"https:\/\/lapinedaplatja.info\/es\/","logo":{"@type":"ImageObject","inLanguage":"es","@id":"https:\/\/lapinedaplatja.info\/es\/#\/schema\/logo\/image\/","url":"https:\/\/lapinedaplatja.info\/wp-content\/uploads\/2018\/10\/cropped-13260099_989491457837088_3488030785405353200_n.jpg","contentUrl":"https:\/\/lapinedaplatja.info\/wp-content\/uploads\/2018\/10\/cropped-13260099_989491457837088_3488030785405353200_n.jpg","width":600,"height":600,"caption":"Patronat Municipal de Turisme de Vila-seca"},"image":{"@id":"https:\/\/lapinedaplatja.info\/es\/#\/schema\/logo\/image\/"},"sameAs":["https:\/\/www.facebook.com\/lapinedaplatja\/","https:\/\/x.com\/lapinedaplatja","https:\/\/www.instagram.com\/lapinedaplatja\/"]}]}},"_links":{"self":[{"href":"https:\/\/lapinedaplatja.info\/es\/wp-json\/wp\/v2\/pages\/13662","targetHints":{"allow":["GET"]}}],"collection":[{"href":"https:\/\/lapinedaplatja.info\/es\/wp-json\/wp\/v2\/pages"}],"about":[{"href":"https:\/\/lapinedaplatja.info\/es\/wp-json\/wp\/v2\/types\/page"}],"author":[{"embeddable":true,"href":"https:\/\/lapinedaplatja.info\/es\/wp-json\/wp\/v2\/users\/4"}],"replies":[{"embeddable":true,"href":"https:\/\/lapinedaplatja.info\/es\/wp-json\/wp\/v2\/comments?post=13662"}],"version-history":[{"count":0,"href":"https:\/\/lapinedaplatja.info\/es\/wp-json\/wp\/v2\/pages\/13662\/revisions"}],"wp:attachment":[{"href":"https:\/\/lapinedaplatja.info\/es\/wp-json\/wp\/v2\/media?parent=13662"}],"curies":[{"name":"wp","href":"https:\/\/api.w.org\/{rel}","templated":true}]}}