{"id":6275,"date":"2019-04-12T07:41:23","date_gmt":"2019-04-12T07:41:23","guid":{"rendered":"http:\/\/lapinedaplatja.info\/item\/3-dies-reta-any\/"},"modified":"2023-08-18T12:02:48","modified_gmt":"2023-08-18T10:02:48","slug":"3-dies-reta-any","status":"publish","type":"portfolio","link":"https:\/\/lapinedaplatja.info\/es\/item\/3-dies-reta-any\/","title":{"rendered":"+ 3 D\u00edas"},"content":{"rendered":"<h1><strong>Vacaciones de oto\u00f1o en Vila-seca, la Pineda Platja <\/strong><\/h1>\n<p>La Costa Dorada te ofrece much\u00edsimas posibilidades para unas vacaciones inolvidables durante todo el a\u00f1o. Vila-seca, aunque es una poblaci\u00f3n costera, cuenta con un completo abanico de propuestas de ocio, entretenimiento, equipaciones culturales, espacios naturales, bodegas, centros de\u00a0wellness&#8230; \u00bfTodav\u00eda no los conoces?<\/p>\n<h3>D\u00eda 1: los humedales de la Costa Dorada<\/h3>\n<p>Empieza tus vacaciones en un entorno natural \u00fanico, la S\u00e9quia Major. Se trata del humedal m\u00e1s importante entre el Delta de Llobregat y el Delta de l\u2019Ebre. El espacio est\u00e1 protegido por el Pla d\u2019Espais d\u2019Inter\u00e9s Natural (PEIN) de la Generalitat de Catalunya, desde el a\u00f1o 1992 y alberga una importante comunidad de especies vegetales y animales, algunas de las cuales, como el pez fartet y la tortuga de agua europea, se encuentran en peligro de extinci\u00f3n.<\/p>\n<p>El espacio tiene un gran valor ecol\u00f3gico y solo se permiten visitas desde agosto hasta febrero, \u00e9poca en la que las aves no\u00a0nidifiquen. Puedes reservar tu visita al 977.39.03.62, \u00a1es gratuita!<\/p>\n<p>Por la tarde, Vila-seca te espera para dar una vuelta por el centro hist\u00f3rico. A trav\u00e9s de un itinerario que puedes hacer libremente, descubrir\u00e1s los monumentos de Vila-seca a trav\u00e9s del c\u00f3digo\u00a0QR\u00a0con informaci\u00f3n en diferentes idiomas. Empieza la ruta en el Raval de la Mar, al que puedes llegar tanto en coche, a pie o \u00a0bicicleta haciendo una de las rutas m\u00e1s populares del t\u00e9rmino municipal. Desde all\u00ed, puedes observar la Creu de la Beguda del siglo XII. Sigue el itinerario visitando el Castell\u00a0neomedieval; la Esgl\u00e9sia de Sant Esteve; el Celler Noucentista; el Portal de Sant Antoni (s.XIV); la Torre de la Tuies del Caf\u00e8 (s.XVI); y las Torres de l\u2019Abadia, de l\u2019Ardiaca, del Delme y de l\u2019Homenatge (s.XII).<\/p>\n<p>Aprovecha el atardecer para visitar el Auditorio Josep Carreras, uno de los referentes del territorio, y asistir a alguno de los conciertos que se ofrecen habitualmente. \u00a1Consulta su programaci\u00f3n!<\/p>\n<h3>D\u00eda 2: la brisa del mar<\/h3>\n<p>\u00bfQui\u00e9n ha dicho que la playa solo se puede pisar en verano? Aprovecha las c\u00e1lidas temperaturas de la Costa Dorada para disfrutar de un paseo cerca \u00a0del mar tambi\u00e9n durante la primavera o el oto\u00f1o. Descubre sus rincones, como el Parc del Pinar de\u00a0Perruquet\u00a0o los grupos escult\u00f3ricos Marca d\u2019Aigua y Pineda, haciendo un agradable paseo por los 3 kil\u00f3metros de playa de gran calidad y alto valor paisaj\u00edstico, tal y como lo certifica su bandera azul.<\/p>\n<p>Dando un paseo, puedes llegar hasta los centros de wellness que hay en la Pineda. Tanto en el Aquum Spa &amp; Wellness, de m\u00e1s de 4.000 m2, como en el Spalas Spa &amp; Wellness te esperan tratamientos, jacuzzis, saunas, piscinas, cascadas&#8230; para olvidarte de todo y volver a conectar contigo mismo.<\/p>\n<h3>D\u00eda 3: adrenalina en familia<\/h3>\n<p>No puedes irte de Vila-seca, la Pineda Platja sin visitar\u00a0PortAventura\u00a0World. Descubre sus seis \u00e1reas tem\u00e1ticas y el parque tem\u00e1tico Ferrari\u00a0Land\u00a0y vive un d\u00eda lleno de adrenalina con toda la familia. Si las atracciones de v\u00e9rtigo no son tu fuerte, encontrar\u00e1s otras m\u00e1s moderadas, as\u00ed como espect\u00e1culos muy variados. Una amplia oferta de restauraci\u00f3n y comercios, as\u00ed como m\u00faltiples servicios, har\u00e1n de tu estancia un placer.<\/p>\n<h3>D\u00eda 4: de la bicicleta a las vi\u00f1as<\/h3>\n<p>Ahora que llevas unos d\u00edas en Vila-seca, la Pineda Platja, es hora de coger la bicicleta y ver el municipio desde otra perspectiva. As\u00ed, podr\u00e1s practicar deporte mientras disfrutas de la naturaleza y del patrimonio de Vila-seca.<\/p>\n<p>Tanto en la Pineda como en Vila-seca, encontrar\u00e1s carriles bici se\u00f1alizados para desplazarte sobre dos ruedas con toda seguridad. Para empezar, te proponemos visitar el Parc de la Torre d\u2019en Dol\u00e7a, un espacio verde de 37 hect\u00e1reas. Por el parque transcurren caminos y\u00a0senderos\u00a0que se pueden hacer tanto a pie como en bicicleta, y que te permitir\u00e1n descubrir todos sus rincones. All\u00ed, te recibir\u00e1 la Torre d\u2019en Dol\u00e7a, una torre de defensa del siglo XVI, y un circuito h\u00edpico que durante la Festa Major d\u2019Hivern acoge carreras de caballos profesionales.<\/p>\n<p>A media ma\u00f1ana, vuelve a subir a la bici y ac\u00e9rcate en Vila-seca por el Raval de la Mar para conocer el centro hist\u00f3rico y el patrimonio cultural del municipio. Los monumentos m\u00e1s importantes est\u00e1n identificados con un c\u00f3digo QR que contiene informaci\u00f3n en diferentes idiomas. En el mismo Raval de la Mar encontrar\u00e1s la Creu de la Beguda del segle XII, \u00faltimo vestigio de las cruces del t\u00e9rmino. Sigue el itinerario visitando el Castell ; la Esgl\u00e9sia de Sant Esteve; el Celler; el Santuari de la Mare de D\u00e9u de La Pineda; el Portal de Sant Antoni (s.XIV); la Torre de la Tuies del Caf\u00e8 (s.XVI); y las Torres de l\u2019Abadia, del Delme i de l\u2019Homenatge (s.XII).<\/p>\n<p>Por la tarde te ofrecemos un plan m\u00e1s relajante para disfrutar de otro de los tesoros de nuestro territorio: el vino. Estas son tierras de vi\u00f1as y bodegas. Vila-seca cuenta con las bodegas familiares Clos\u00a0Barenys\u00a0y Vinyes del Terrer. Las dos te ofrecen visitas concertadas y degustaciones para conocer de cerca el mundo del vino y las variedades que producen.<\/p>\n<h3>D\u00eda 5&#8230;6&#8230;7&#8230;<\/h3>\n<p>Como ves, en Vila-seca, la Pineda Platja es imposible aburrirse, \u00a1hay muchas \u00a0posibilidades para disfrutar de tus vacaciones! Pero si todav\u00eda quieres m\u00e1s, la Costa Dorada te ofrece un mont\u00f3n de propuestas para continuar disfrutando con la familia. Ac\u00e9rcate hasta Tarragona para conocer su legado romano; recorre la ruta modernista de Reus; visita las monta\u00f1as de la Costa Dorada; pasea por los destinos costeros m\u00e1s pr\u00f3ximos, como Salou o Cambrils; disfruta de todo el que encontrar\u00e1s en el Priorat y al Delta del Ebro&#8230; y, cuando quieras, vuelve a Vila-seca que te esperemos con los brazos abiertos.<\/p>\n","protected":false},"featured_media":23785,"template":"","meta":{"_acf_changed":false},"portfolio-types":[118],"class_list":["post-6275","portfolio","type-portfolio","status-publish","has-post-thumbnail","hentry","portfolio-types-resta-any-es"],"acf":[],"yoast_head":"<!-- This site is optimized with the Yoast SEO plugin v26.6 - https:\/\/yoast.com\/wordpress\/plugins\/seo\/ -->\n<title>+ 3 D\u00edas | Vila-seca<\/title>\n<meta name=\"description\" content=\"Vacaciones de oto\u00f1o en Vila-seca, la Pineda Platja La Costa Dorada te ofrece much\u00edsimas posibilidades para unas vacaciones inolvidables durante todo el\" \/>\n<meta name=\"robots\" content=\"index, follow, max-snippet:-1, max-image-preview:large, max-video-preview:-1\" \/>\n<link rel=\"canonical\" href=\"https:\/\/lapinedaplatja.info\/es\/item\/3-dies-reta-any\/\" \/>\n<meta property=\"og:locale\" content=\"es_ES\" \/>\n<meta property=\"og:type\" content=\"article\" \/>\n<meta property=\"og:title\" content=\"+ 3 D\u00edas | Vila-seca\" \/>\n<meta property=\"og:description\" content=\"Vacaciones de oto\u00f1o en Vila-seca, la Pineda Platja La Costa Dorada te ofrece much\u00edsimas posibilidades para unas vacaciones inolvidables durante todo el\" \/>\n<meta property=\"og:url\" content=\"https:\/\/lapinedaplatja.info\/es\/item\/3-dies-reta-any\/\" \/>\n<meta property=\"og:site_name\" content=\"Vila-seca\" \/>\n<meta property=\"article:publisher\" content=\"https:\/\/www.facebook.com\/lapinedaplatja\/\" \/>\n<meta property=\"article:modified_time\" content=\"2023-08-18T10:02:48+00:00\" \/>\n<meta property=\"og:image\" content=\"https:\/\/lapinedaplatja.info\/wp-content\/uploads\/2018\/11\/copyright-PEGENAUTEmini.jpg\" \/>\n\t<meta property=\"og:image:width\" content=\"1000\" \/>\n\t<meta property=\"og:image:height\" content=\"750\" \/>\n\t<meta property=\"og:image:type\" content=\"image\/jpeg\" \/>\n<meta name=\"twitter:card\" content=\"summary_large_image\" \/>\n<meta name=\"twitter:site\" content=\"@lapinedaplatja\" \/>\n<meta name=\"twitter:label1\" content=\"Tiempo de lectura\" \/>\n\t<meta name=\"twitter:data1\" content=\"6 minutos\" \/>\n<script type=\"application\/ld+json\" class=\"yoast-schema-graph\">{\"@context\":\"https:\/\/schema.org\",\"@graph\":[{\"@type\":\"WebPage\",\"@id\":\"https:\/\/lapinedaplatja.info\/es\/item\/3-dies-reta-any\/\",\"url\":\"https:\/\/lapinedaplatja.info\/es\/item\/3-dies-reta-any\/\",\"name\":\"+ 3 D\u00edas | Vila-seca\",\"isPartOf\":{\"@id\":\"https:\/\/lapinedaplatja.info\/es\/#website\"},\"primaryImageOfPage\":{\"@id\":\"https:\/\/lapinedaplatja.info\/es\/item\/3-dies-reta-any\/#primaryimage\"},\"image\":{\"@id\":\"https:\/\/lapinedaplatja.info\/es\/item\/3-dies-reta-any\/#primaryimage\"},\"thumbnailUrl\":\"https:\/\/lapinedaplatja.info\/wp-content\/uploads\/2018\/11\/copyright-PEGENAUTEmini.jpg\",\"datePublished\":\"2019-04-12T07:41:23+00:00\",\"dateModified\":\"2023-08-18T10:02:48+00:00\",\"description\":\"Vacaciones de oto\u00f1o en Vila-seca, la Pineda Platja La Costa Dorada te ofrece much\u00edsimas posibilidades para unas vacaciones inolvidables durante todo el\",\"breadcrumb\":{\"@id\":\"https:\/\/lapinedaplatja.info\/es\/item\/3-dies-reta-any\/#breadcrumb\"},\"inLanguage\":\"es\",\"potentialAction\":[{\"@type\":\"ReadAction\",\"target\":[\"https:\/\/lapinedaplatja.info\/es\/item\/3-dies-reta-any\/\"]}]},{\"@type\":\"ImageObject\",\"inLanguage\":\"es\",\"@id\":\"https:\/\/lapinedaplatja.info\/es\/item\/3-dies-reta-any\/#primaryimage\",\"url\":\"https:\/\/lapinedaplatja.info\/wp-content\/uploads\/2018\/11\/copyright-PEGENAUTEmini.jpg\",\"contentUrl\":\"https:\/\/lapinedaplatja.info\/wp-content\/uploads\/2018\/11\/copyright-PEGENAUTEmini.jpg\",\"width\":1000,\"height\":750},{\"@type\":\"BreadcrumbList\",\"@id\":\"https:\/\/lapinedaplatja.info\/es\/item\/3-dies-reta-any\/#breadcrumb\",\"itemListElement\":[{\"@type\":\"ListItem\",\"position\":1,\"name\":\"Portada\",\"item\":\"https:\/\/lapinedaplatja.info\/es\/\"},{\"@type\":\"ListItem\",\"position\":2,\"name\":\"Resto del a\u00f1o\",\"item\":\"https:\/\/lapinedaplatja.info\/es\/tipus\/resta-any-es\/\"},{\"@type\":\"ListItem\",\"position\":3,\"name\":\"+ 3 D\u00edas\"}]},{\"@type\":\"WebSite\",\"@id\":\"https:\/\/lapinedaplatja.info\/es\/#website\",\"url\":\"https:\/\/lapinedaplatja.info\/es\/\",\"name\":\"La Pineda Platja | Vila-seca\",\"description\":\"Destinaci\u00f3 de turisme familiar.\",\"publisher\":{\"@id\":\"https:\/\/lapinedaplatja.info\/es\/#organization\"},\"potentialAction\":[{\"@type\":\"SearchAction\",\"target\":{\"@type\":\"EntryPoint\",\"urlTemplate\":\"https:\/\/lapinedaplatja.info\/es\/?s={search_term_string}\"},\"query-input\":{\"@type\":\"PropertyValueSpecification\",\"valueRequired\":true,\"valueName\":\"search_term_string\"}}],\"inLanguage\":\"es\"},{\"@type\":\"Organization\",\"@id\":\"https:\/\/lapinedaplatja.info\/es\/#organization\",\"name\":\"Patronat Municipal de Turisme de Vila-seca\",\"url\":\"https:\/\/lapinedaplatja.info\/es\/\",\"logo\":{\"@type\":\"ImageObject\",\"inLanguage\":\"es\",\"@id\":\"https:\/\/lapinedaplatja.info\/es\/#\/schema\/logo\/image\/\",\"url\":\"https:\/\/lapinedaplatja.info\/wp-content\/uploads\/2018\/10\/cropped-13260099_989491457837088_3488030785405353200_n.jpg\",\"contentUrl\":\"https:\/\/lapinedaplatja.info\/wp-content\/uploads\/2018\/10\/cropped-13260099_989491457837088_3488030785405353200_n.jpg\",\"width\":600,\"height\":600,\"caption\":\"Patronat Municipal de Turisme de Vila-seca\"},\"image\":{\"@id\":\"https:\/\/lapinedaplatja.info\/es\/#\/schema\/logo\/image\/\"},\"sameAs\":[\"https:\/\/www.facebook.com\/lapinedaplatja\/\",\"https:\/\/x.com\/lapinedaplatja\",\"https:\/\/www.instagram.com\/lapinedaplatja\/\"]}]}<\/script>\n<!-- \/ Yoast SEO plugin. -->","yoast_head_json":{"title":"+ 3 D\u00edas | Vila-seca","description":"Vacaciones de oto\u00f1o en Vila-seca, la Pineda Platja La Costa Dorada te ofrece much\u00edsimas posibilidades para unas vacaciones inolvidables durante todo el","robots":{"index":"index","follow":"follow","max-snippet":"max-snippet:-1","max-image-preview":"max-image-preview:large","max-video-preview":"max-video-preview:-1"},"canonical":"https:\/\/lapinedaplatja.info\/es\/item\/3-dies-reta-any\/","og_locale":"es_ES","og_type":"article","og_title":"+ 3 D\u00edas | Vila-seca","og_description":"Vacaciones de oto\u00f1o en Vila-seca, la Pineda Platja La Costa Dorada te ofrece much\u00edsimas posibilidades para unas vacaciones inolvidables durante todo el","og_url":"https:\/\/lapinedaplatja.info\/es\/item\/3-dies-reta-any\/","og_site_name":"Vila-seca","article_publisher":"https:\/\/www.facebook.com\/lapinedaplatja\/","article_modified_time":"2023-08-18T10:02:48+00:00","og_image":[{"width":1000,"height":750,"url":"https:\/\/lapinedaplatja.info\/wp-content\/uploads\/2018\/11\/copyright-PEGENAUTEmini.jpg","type":"image\/jpeg"}],"twitter_card":"summary_large_image","twitter_site":"@lapinedaplatja","twitter_misc":{"Tiempo de lectura":"6 minutos"},"schema":{"@context":"https:\/\/schema.org","@graph":[{"@type":"WebPage","@id":"https:\/\/lapinedaplatja.info\/es\/item\/3-dies-reta-any\/","url":"https:\/\/lapinedaplatja.info\/es\/item\/3-dies-reta-any\/","name":"+ 3 D\u00edas | Vila-seca","isPartOf":{"@id":"https:\/\/lapinedaplatja.info\/es\/#website"},"primaryImageOfPage":{"@id":"https:\/\/lapinedaplatja.info\/es\/item\/3-dies-reta-any\/#primaryimage"},"image":{"@id":"https:\/\/lapinedaplatja.info\/es\/item\/3-dies-reta-any\/#primaryimage"},"thumbnailUrl":"https:\/\/lapinedaplatja.info\/wp-content\/uploads\/2018\/11\/copyright-PEGENAUTEmini.jpg","datePublished":"2019-04-12T07:41:23+00:00","dateModified":"2023-08-18T10:02:48+00:00","description":"Vacaciones de oto\u00f1o en Vila-seca, la Pineda Platja La Costa Dorada te ofrece much\u00edsimas posibilidades para unas vacaciones inolvidables durante todo el","breadcrumb":{"@id":"https:\/\/lapinedaplatja.info\/es\/item\/3-dies-reta-any\/#breadcrumb"},"inLanguage":"es","potentialAction":[{"@type":"ReadAction","target":["https:\/\/lapinedaplatja.info\/es\/item\/3-dies-reta-any\/"]}]},{"@type":"ImageObject","inLanguage":"es","@id":"https:\/\/lapinedaplatja.info\/es\/item\/3-dies-reta-any\/#primaryimage","url":"https:\/\/lapinedaplatja.info\/wp-content\/uploads\/2018\/11\/copyright-PEGENAUTEmini.jpg","contentUrl":"https:\/\/lapinedaplatja.info\/wp-content\/uploads\/2018\/11\/copyright-PEGENAUTEmini.jpg","width":1000,"height":750},{"@type":"BreadcrumbList","@id":"https:\/\/lapinedaplatja.info\/es\/item\/3-dies-reta-any\/#breadcrumb","itemListElement":[{"@type":"ListItem","position":1,"name":"Portada","item":"https:\/\/lapinedaplatja.info\/es\/"},{"@type":"ListItem","position":2,"name":"Resto del a\u00f1o","item":"https:\/\/lapinedaplatja.info\/es\/tipus\/resta-any-es\/"},{"@type":"ListItem","position":3,"name":"+ 3 D\u00edas"}]},{"@type":"WebSite","@id":"https:\/\/lapinedaplatja.info\/es\/#website","url":"https:\/\/lapinedaplatja.info\/es\/","name":"La Pineda Platja | Vila-seca","description":"Destinaci\u00f3 de turisme familiar.","publisher":{"@id":"https:\/\/lapinedaplatja.info\/es\/#organization"},"potentialAction":[{"@type":"SearchAction","target":{"@type":"EntryPoint","urlTemplate":"https:\/\/lapinedaplatja.info\/es\/?s={search_term_string}"},"query-input":{"@type":"PropertyValueSpecification","valueRequired":true,"valueName":"search_term_string"}}],"inLanguage":"es"},{"@type":"Organization","@id":"https:\/\/lapinedaplatja.info\/es\/#organization","name":"Patronat Municipal de Turisme de Vila-seca","url":"https:\/\/lapinedaplatja.info\/es\/","logo":{"@type":"ImageObject","inLanguage":"es","@id":"https:\/\/lapinedaplatja.info\/es\/#\/schema\/logo\/image\/","url":"https:\/\/lapinedaplatja.info\/wp-content\/uploads\/2018\/10\/cropped-13260099_989491457837088_3488030785405353200_n.jpg","contentUrl":"https:\/\/lapinedaplatja.info\/wp-content\/uploads\/2018\/10\/cropped-13260099_989491457837088_3488030785405353200_n.jpg","width":600,"height":600,"caption":"Patronat Municipal de Turisme de Vila-seca"},"image":{"@id":"https:\/\/lapinedaplatja.info\/es\/#\/schema\/logo\/image\/"},"sameAs":["https:\/\/www.facebook.com\/lapinedaplatja\/","https:\/\/x.com\/lapinedaplatja","https:\/\/www.instagram.com\/lapinedaplatja\/"]}]}},"_links":{"self":[{"href":"https:\/\/lapinedaplatja.info\/es\/wp-json\/wp\/v2\/portfolio\/6275","targetHints":{"allow":["GET"]}}],"collection":[{"href":"https:\/\/lapinedaplatja.info\/es\/wp-json\/wp\/v2\/portfolio"}],"about":[{"href":"https:\/\/lapinedaplatja.info\/es\/wp-json\/wp\/v2\/types\/portfolio"}],"version-history":[{"count":0,"href":"https:\/\/lapinedaplatja.info\/es\/wp-json\/wp\/v2\/portfolio\/6275\/revisions"}],"wp:featuredmedia":[{"embeddable":true,"href":"https:\/\/lapinedaplatja.info\/es\/wp-json\/wp\/v2\/media\/23785"}],"wp:attachment":[{"href":"https:\/\/lapinedaplatja.info\/es\/wp-json\/wp\/v2\/media?parent=6275"}],"wp:term":[{"taxonomy":"portfolio-types","embeddable":true,"href":"https:\/\/lapinedaplatja.info\/es\/wp-json\/wp\/v2\/portfolio-types?post=6275"}],"curies":[{"name":"wp","href":"https:\/\/api.w.org\/{rel}","templated":true}]}}