{"id":6276,"date":"2019-04-12T07:14:34","date_gmt":"2019-04-12T07:14:34","guid":{"rendered":"http:\/\/lapinedaplatja.info\/item\/cap-de-setmana-estiu\/"},"modified":"2023-08-18T09:42:53","modified_gmt":"2023-08-18T07:42:53","slug":"cap-de-setmana-estiu","status":"publish","type":"portfolio","link":"https:\/\/lapinedaplatja.info\/es\/item\/cap-de-setmana-estiu\/","title":{"rendered":"Fin de semana"},"content":{"rendered":"<h1><strong>Un fin de semana en Vila-seca, la Pineda Platja<\/strong><\/h1>\n<p>Una buena manera de conocer Vila-seca, la Pineda es hacerlo en una escapada de fin de semana, en la que disfrutar\u00e1s de una interesante oferta de ocio y entretenimiento. \u00bfQuieres descubrirla?<\/p>\n<h3>Tarde del d\u00eda 1: desconecta cerca del mar<\/h3>\n<p>Empieza tu estancia de fin de semana cerca del mar, en la playa de la Pineda. Haz un paseo bordeando la playa y ac\u00e9rcate hasta el Parc del Pinar de Perruquet, un espacio de 2\u20195 hect\u00e1reas al lado de la arena donde podr\u00e1s relajarte mientras los peque\u00f1os se lo pasan genial.\u00a0 No olvides visitar tambi\u00e9n hasta los grupos escult\u00f3ricos Marca d\u2019Aigua y Pineda. Este \u00faltimo es uno de los s\u00edmbolos del municipio, que ha permitido promocionar la destinaci\u00f3n por todo el mundo.<\/p>\n<p>Al atardecer, aprovecha para desconectar en alguno de los dos centros\u00a0spa\u00a0y\u00a0wellness\u00a0de la Pineda. Tanto en el\u00a0Aquum\u00a0Spa &amp;\u00a0Wellness, de m\u00e1s de 4.000 m2 y con un peque\u00f1o\u00a0spa\u00a0para ni\u00f1os de m\u00e1s de 5 a\u00f1os, como en el\u00a0Spalas\u00a0Spa &amp;\u00a0Wellness, encontrar\u00e1s infinidad de\u00a0instalaciones\u00a0donde experimentar con sensaciones t\u00e9rmicas, cascadas,\u00a0jacuzzis, saunas&#8230; Toda una experiencia por tu cuerpo.<\/p>\n<h3>Ma\u00f1ana del d\u00eda 2: a pie por el centro hist\u00f3rico<\/h3>\n<p>Seguimos con la escapada de fin de semana paseando por el centro hist\u00f3rico de Vila-seca, un espacio que en los \u00faltimos a\u00f1os ha sufrido una gran transformaci\u00f3n y donde predomina el comercio tradicional. En este recorrido hay un itinerario libre se\u00f1alizado con 10 t\u00f3tems identificativos en los monumentos m\u00e1s relevantes. En ellos encontrar\u00e1s informaci\u00f3n sobre cada elemento patrimonial en 5 idiomas. La Cruz de la Beguda, el Castell, el Celler, las torres de defensa, el Portal de Sant Antoni, la Esgl\u00e9sia de Sant Esteve&#8230;<\/p>\n<h3>Tarde del d\u00eda 2: los humedales de la Costa Dorada<\/h3>\n<p>La S\u00e9quia Major es una de las visitas imprescindibles de la destinaci\u00f3n. Se trata de un espacio natural incluido en el\u00a0PEIN\u00a0(Pla de d\u2019Espais d\u2019Inter\u00e8s Natural) de la Generalitat de Catalunya. A trav\u00e9s de una visita guiada gratuita conocer\u00e1s la historia del lugar y sus valores naturales, podr\u00e1s interpretar los rastros de actividad animal a trav\u00e9s de las huellas, las plumas, los nidos y los restos de comida, y observar las aves. El humedal alberga carrizales y juncales, as\u00ed como algunas especies animales en peligro de extinci\u00f3n, como el pez fartet y la tortuga de agua europea. Por su alto valor ecol\u00f3gico, solo se puede visitar entre agosto y febrero (cuando las aves no\u00a0nidifican). Reserva tu visita en el 977.39.03.62.<\/p>\n<h3>D\u00eda 3: m\u00e1xima adrenalina<\/h3>\n<p>Aprovecha el \u00faltimo d\u00eda de tu escapada para conocer los parques acu\u00e1ticos de la destinaci\u00f3n: Aquopolis Costa Daurada y Caribe Aquatik Park. Todos ellos disponen de una amplia oferta de atracciones, espect\u00e1culos y restauraci\u00f3n para pasar un d\u00eda con la familia o amigos. En los parques acu\u00e1ticos encontrar\u00e1s atracciones para los m\u00e1s valientes, y tambi\u00e9n algunas moderadas aptas para grandes y peque\u00f1os. \u00bfTe lo vas a perder?<\/p>\n","protected":false},"featured_media":24263,"template":"","meta":{"_acf_changed":false},"portfolio-types":[119],"class_list":["post-6276","portfolio","type-portfolio","status-publish","has-post-thumbnail","hentry","portfolio-types-estiu-es"],"acf":[],"yoast_head":"<!-- This site is optimized with the Yoast SEO plugin v26.6 - https:\/\/yoast.com\/wordpress\/plugins\/seo\/ -->\n<title>Fin de semana | Vila-seca<\/title>\n<meta name=\"description\" content=\"Un fin de semana en Vila-seca, la Pineda Platja Una buena manera de conocer Vila-seca, la Pineda es hacerlo en una escapada de fin de semana, en la que\" \/>\n<meta name=\"robots\" content=\"index, follow, max-snippet:-1, max-image-preview:large, max-video-preview:-1\" \/>\n<link rel=\"canonical\" href=\"https:\/\/lapinedaplatja.info\/es\/item\/cap-de-setmana-estiu\/\" \/>\n<meta property=\"og:locale\" content=\"es_ES\" \/>\n<meta property=\"og:type\" content=\"article\" \/>\n<meta property=\"og:title\" content=\"Fin de semana | Vila-seca\" \/>\n<meta property=\"og:description\" content=\"Un fin de semana en Vila-seca, la Pineda Platja Una buena manera de conocer Vila-seca, la Pineda es hacerlo en una escapada de fin de semana, en la que\" \/>\n<meta property=\"og:url\" content=\"https:\/\/lapinedaplatja.info\/es\/item\/cap-de-setmana-estiu\/\" \/>\n<meta property=\"og:site_name\" content=\"Vila-seca\" \/>\n<meta property=\"article:publisher\" content=\"https:\/\/www.facebook.com\/lapinedaplatja\/\" \/>\n<meta property=\"article:modified_time\" content=\"2023-08-18T07:42:53+00:00\" \/>\n<meta property=\"og:image\" content=\"https:\/\/lapinedaplatja.info\/wp-content\/uploads\/2019\/04\/DSC_9689.jpg\" \/>\n\t<meta property=\"og:image:width\" content=\"800\" \/>\n\t<meta property=\"og:image:height\" content=\"533\" \/>\n\t<meta property=\"og:image:type\" content=\"image\/jpeg\" \/>\n<meta name=\"twitter:card\" content=\"summary_large_image\" \/>\n<meta name=\"twitter:site\" content=\"@lapinedaplatja\" \/>\n<meta name=\"twitter:label1\" content=\"Tiempo de lectura\" \/>\n\t<meta name=\"twitter:data1\" content=\"3 minutos\" \/>\n<script type=\"application\/ld+json\" class=\"yoast-schema-graph\">{\"@context\":\"https:\/\/schema.org\",\"@graph\":[{\"@type\":\"WebPage\",\"@id\":\"https:\/\/lapinedaplatja.info\/es\/item\/cap-de-setmana-estiu\/\",\"url\":\"https:\/\/lapinedaplatja.info\/es\/item\/cap-de-setmana-estiu\/\",\"name\":\"Fin de semana | Vila-seca\",\"isPartOf\":{\"@id\":\"https:\/\/lapinedaplatja.info\/es\/#website\"},\"primaryImageOfPage\":{\"@id\":\"https:\/\/lapinedaplatja.info\/es\/item\/cap-de-setmana-estiu\/#primaryimage\"},\"image\":{\"@id\":\"https:\/\/lapinedaplatja.info\/es\/item\/cap-de-setmana-estiu\/#primaryimage\"},\"thumbnailUrl\":\"https:\/\/lapinedaplatja.info\/wp-content\/uploads\/2019\/04\/DSC_9689.jpg\",\"datePublished\":\"2019-04-12T07:14:34+00:00\",\"dateModified\":\"2023-08-18T07:42:53+00:00\",\"description\":\"Un fin de semana en Vila-seca, la Pineda Platja Una buena manera de conocer Vila-seca, la Pineda es hacerlo en una escapada de fin de semana, en la que\",\"breadcrumb\":{\"@id\":\"https:\/\/lapinedaplatja.info\/es\/item\/cap-de-setmana-estiu\/#breadcrumb\"},\"inLanguage\":\"es\",\"potentialAction\":[{\"@type\":\"ReadAction\",\"target\":[\"https:\/\/lapinedaplatja.info\/es\/item\/cap-de-setmana-estiu\/\"]}]},{\"@type\":\"ImageObject\",\"inLanguage\":\"es\",\"@id\":\"https:\/\/lapinedaplatja.info\/es\/item\/cap-de-setmana-estiu\/#primaryimage\",\"url\":\"https:\/\/lapinedaplatja.info\/wp-content\/uploads\/2019\/04\/DSC_9689.jpg\",\"contentUrl\":\"https:\/\/lapinedaplatja.info\/wp-content\/uploads\/2019\/04\/DSC_9689.jpg\",\"width\":8256,\"height\":5504},{\"@type\":\"BreadcrumbList\",\"@id\":\"https:\/\/lapinedaplatja.info\/es\/item\/cap-de-setmana-estiu\/#breadcrumb\",\"itemListElement\":[{\"@type\":\"ListItem\",\"position\":1,\"name\":\"Portada\",\"item\":\"https:\/\/lapinedaplatja.info\/es\/\"},{\"@type\":\"ListItem\",\"position\":2,\"name\":\"Verano\",\"item\":\"https:\/\/lapinedaplatja.info\/es\/tipus\/estiu-es\/\"},{\"@type\":\"ListItem\",\"position\":3,\"name\":\"Fin de semana\"}]},{\"@type\":\"WebSite\",\"@id\":\"https:\/\/lapinedaplatja.info\/es\/#website\",\"url\":\"https:\/\/lapinedaplatja.info\/es\/\",\"name\":\"La Pineda Platja | Vila-seca\",\"description\":\"Destinaci\u00f3 de turisme familiar.\",\"publisher\":{\"@id\":\"https:\/\/lapinedaplatja.info\/es\/#organization\"},\"potentialAction\":[{\"@type\":\"SearchAction\",\"target\":{\"@type\":\"EntryPoint\",\"urlTemplate\":\"https:\/\/lapinedaplatja.info\/es\/?s={search_term_string}\"},\"query-input\":{\"@type\":\"PropertyValueSpecification\",\"valueRequired\":true,\"valueName\":\"search_term_string\"}}],\"inLanguage\":\"es\"},{\"@type\":\"Organization\",\"@id\":\"https:\/\/lapinedaplatja.info\/es\/#organization\",\"name\":\"Patronat Municipal de Turisme de Vila-seca\",\"url\":\"https:\/\/lapinedaplatja.info\/es\/\",\"logo\":{\"@type\":\"ImageObject\",\"inLanguage\":\"es\",\"@id\":\"https:\/\/lapinedaplatja.info\/es\/#\/schema\/logo\/image\/\",\"url\":\"https:\/\/lapinedaplatja.info\/wp-content\/uploads\/2018\/10\/cropped-13260099_989491457837088_3488030785405353200_n.jpg\",\"contentUrl\":\"https:\/\/lapinedaplatja.info\/wp-content\/uploads\/2018\/10\/cropped-13260099_989491457837088_3488030785405353200_n.jpg\",\"width\":600,\"height\":600,\"caption\":\"Patronat Municipal de Turisme de Vila-seca\"},\"image\":{\"@id\":\"https:\/\/lapinedaplatja.info\/es\/#\/schema\/logo\/image\/\"},\"sameAs\":[\"https:\/\/www.facebook.com\/lapinedaplatja\/\",\"https:\/\/x.com\/lapinedaplatja\",\"https:\/\/www.instagram.com\/lapinedaplatja\/\"]}]}<\/script>\n<!-- \/ Yoast SEO plugin. -->","yoast_head_json":{"title":"Fin de semana | Vila-seca","description":"Un fin de semana en Vila-seca, la Pineda Platja Una buena manera de conocer Vila-seca, la Pineda es hacerlo en una escapada de fin de semana, en la que","robots":{"index":"index","follow":"follow","max-snippet":"max-snippet:-1","max-image-preview":"max-image-preview:large","max-video-preview":"max-video-preview:-1"},"canonical":"https:\/\/lapinedaplatja.info\/es\/item\/cap-de-setmana-estiu\/","og_locale":"es_ES","og_type":"article","og_title":"Fin de semana | Vila-seca","og_description":"Un fin de semana en Vila-seca, la Pineda Platja Una buena manera de conocer Vila-seca, la Pineda es hacerlo en una escapada de fin de semana, en la que","og_url":"https:\/\/lapinedaplatja.info\/es\/item\/cap-de-setmana-estiu\/","og_site_name":"Vila-seca","article_publisher":"https:\/\/www.facebook.com\/lapinedaplatja\/","article_modified_time":"2023-08-18T07:42:53+00:00","og_image":[{"url":"https:\/\/lapinedaplatja.info\/wp-content\/uploads\/2019\/04\/DSC_9689.jpg","width":800,"height":533,"type":"image\/jpeg"}],"twitter_card":"summary_large_image","twitter_site":"@lapinedaplatja","twitter_misc":{"Tiempo de lectura":"3 minutos"},"schema":{"@context":"https:\/\/schema.org","@graph":[{"@type":"WebPage","@id":"https:\/\/lapinedaplatja.info\/es\/item\/cap-de-setmana-estiu\/","url":"https:\/\/lapinedaplatja.info\/es\/item\/cap-de-setmana-estiu\/","name":"Fin de semana | Vila-seca","isPartOf":{"@id":"https:\/\/lapinedaplatja.info\/es\/#website"},"primaryImageOfPage":{"@id":"https:\/\/lapinedaplatja.info\/es\/item\/cap-de-setmana-estiu\/#primaryimage"},"image":{"@id":"https:\/\/lapinedaplatja.info\/es\/item\/cap-de-setmana-estiu\/#primaryimage"},"thumbnailUrl":"https:\/\/lapinedaplatja.info\/wp-content\/uploads\/2019\/04\/DSC_9689.jpg","datePublished":"2019-04-12T07:14:34+00:00","dateModified":"2023-08-18T07:42:53+00:00","description":"Un fin de semana en Vila-seca, la Pineda Platja Una buena manera de conocer Vila-seca, la Pineda es hacerlo en una escapada de fin de semana, en la que","breadcrumb":{"@id":"https:\/\/lapinedaplatja.info\/es\/item\/cap-de-setmana-estiu\/#breadcrumb"},"inLanguage":"es","potentialAction":[{"@type":"ReadAction","target":["https:\/\/lapinedaplatja.info\/es\/item\/cap-de-setmana-estiu\/"]}]},{"@type":"ImageObject","inLanguage":"es","@id":"https:\/\/lapinedaplatja.info\/es\/item\/cap-de-setmana-estiu\/#primaryimage","url":"https:\/\/lapinedaplatja.info\/wp-content\/uploads\/2019\/04\/DSC_9689.jpg","contentUrl":"https:\/\/lapinedaplatja.info\/wp-content\/uploads\/2019\/04\/DSC_9689.jpg","width":8256,"height":5504},{"@type":"BreadcrumbList","@id":"https:\/\/lapinedaplatja.info\/es\/item\/cap-de-setmana-estiu\/#breadcrumb","itemListElement":[{"@type":"ListItem","position":1,"name":"Portada","item":"https:\/\/lapinedaplatja.info\/es\/"},{"@type":"ListItem","position":2,"name":"Verano","item":"https:\/\/lapinedaplatja.info\/es\/tipus\/estiu-es\/"},{"@type":"ListItem","position":3,"name":"Fin de semana"}]},{"@type":"WebSite","@id":"https:\/\/lapinedaplatja.info\/es\/#website","url":"https:\/\/lapinedaplatja.info\/es\/","name":"La Pineda Platja | Vila-seca","description":"Destinaci\u00f3 de turisme familiar.","publisher":{"@id":"https:\/\/lapinedaplatja.info\/es\/#organization"},"potentialAction":[{"@type":"SearchAction","target":{"@type":"EntryPoint","urlTemplate":"https:\/\/lapinedaplatja.info\/es\/?s={search_term_string}"},"query-input":{"@type":"PropertyValueSpecification","valueRequired":true,"valueName":"search_term_string"}}],"inLanguage":"es"},{"@type":"Organization","@id":"https:\/\/lapinedaplatja.info\/es\/#organization","name":"Patronat Municipal de Turisme de Vila-seca","url":"https:\/\/lapinedaplatja.info\/es\/","logo":{"@type":"ImageObject","inLanguage":"es","@id":"https:\/\/lapinedaplatja.info\/es\/#\/schema\/logo\/image\/","url":"https:\/\/lapinedaplatja.info\/wp-content\/uploads\/2018\/10\/cropped-13260099_989491457837088_3488030785405353200_n.jpg","contentUrl":"https:\/\/lapinedaplatja.info\/wp-content\/uploads\/2018\/10\/cropped-13260099_989491457837088_3488030785405353200_n.jpg","width":600,"height":600,"caption":"Patronat Municipal de Turisme de Vila-seca"},"image":{"@id":"https:\/\/lapinedaplatja.info\/es\/#\/schema\/logo\/image\/"},"sameAs":["https:\/\/www.facebook.com\/lapinedaplatja\/","https:\/\/x.com\/lapinedaplatja","https:\/\/www.instagram.com\/lapinedaplatja\/"]}]}},"_links":{"self":[{"href":"https:\/\/lapinedaplatja.info\/es\/wp-json\/wp\/v2\/portfolio\/6276","targetHints":{"allow":["GET"]}}],"collection":[{"href":"https:\/\/lapinedaplatja.info\/es\/wp-json\/wp\/v2\/portfolio"}],"about":[{"href":"https:\/\/lapinedaplatja.info\/es\/wp-json\/wp\/v2\/types\/portfolio"}],"version-history":[{"count":0,"href":"https:\/\/lapinedaplatja.info\/es\/wp-json\/wp\/v2\/portfolio\/6276\/revisions"}],"wp:featuredmedia":[{"embeddable":true,"href":"https:\/\/lapinedaplatja.info\/es\/wp-json\/wp\/v2\/media\/24263"}],"wp:attachment":[{"href":"https:\/\/lapinedaplatja.info\/es\/wp-json\/wp\/v2\/media?parent=6276"}],"wp:term":[{"taxonomy":"portfolio-types","embeddable":true,"href":"https:\/\/lapinedaplatja.info\/es\/wp-json\/wp\/v2\/portfolio-types?post=6276"}],"curies":[{"name":"wp","href":"https:\/\/api.w.org\/{rel}","templated":true}]}}