{"id":6521,"date":"2019-03-27T11:18:57","date_gmt":"2019-03-27T10:18:57","guid":{"rendered":"http:\/\/lapinedaplatja.info\/item\/portaventura-world\/"},"modified":"2025-09-09T12:04:36","modified_gmt":"2025-09-09T10:04:36","slug":"portaventura-world","status":"publish","type":"portfolio","link":"https:\/\/lapinedaplatja.info\/es\/item\/portaventura-world\/","title":{"rendered":"PortAventura World"},"content":{"rendered":"\t\t<div data-elementor-type=\"wp-post\" data-elementor-id=\"6521\" class=\"elementor elementor-6521 elementor-4048\" data-elementor-post-type=\"portfolio\">\n\t\t\t\t<div class=\"elementor-element elementor-element-16de2503 e-flex e-con-boxed e-con e-parent\" data-id=\"16de2503\" data-element_type=\"container\">\n\t\t\t\t\t<div class=\"e-con-inner\">\n\t\t\t\t<div class=\"elementor-element elementor-element-6774663d elementor-widget elementor-widget-text-editor\" data-id=\"6774663d\" data-element_type=\"widget\" data-widget_type=\"text-editor.default\">\n\t\t\t\t<div class=\"elementor-widget-container\">\n\t\t\t\t\t\t\t\t\t<p>Sum\u00e9rgete en la experiencia \u00fanica de PortAventura World, uno de los mejores parques tem\u00e1ticos de Europa y un destino imprescindible para los amantes de la aventura y el entretenimiento. Con tres parques tem\u00e1ticos, una amplia oferta hotelera con seis hoteles integrados y dos hoteles asociados, entre ellos el Hotel Vila Centric en Vila-seca, disfrutar de la magia de PortAventura World nunca ha sido tan emocionante. \u00a1Un destino perfecto para familias, amigos y buscadores de adrenalina!<\/p><h3 class=\"wp-block-heading\">PortAventura Park: un viaje por seis mundos tem\u00e1ticos<\/h3><p>Explora seis \u00e1reas tem\u00e1ticas inspiradas en lugares ex\u00f3ticos y \u00e9pocas lejanas: Mediterr\u00e0nia, Polynesia, China, M\u00e9xico, Far West y S\u00e9samoAventura. Con m\u00e1s de 40 atracciones para todas las edades, desde monta\u00f1as rusas espectaculares hasta experiencias familiares, este parque ofrece emoci\u00f3n y diversi\u00f3n para todos. Adem\u00e1s, disfruta de 15 espect\u00e1culos diarios con m\u00fasica, acrobacias y magia que har\u00e1n cada visita inolvidable.<\/p><h3 class=\"wp-block-heading\">Ferrari Land: velocidad y pasi\u00f3n por el automovilismo<\/h3><p>Vive la emoci\u00f3n de la legendaria marca italiana en Ferrari Land, un parque tem\u00e1tico dedicado al mundo de Ferrari. Siente la adrenalina en Red Force, la monta\u00f1a rusa m\u00e1s alta y r\u00e1pida de Europa, alcanzando 180 km\/h en solo 5 segundos. Completa la experiencia con atracciones inspiradas en la F\u00f3rmula 1, simuladores de conducci\u00f3n y una zona infantil donde los m\u00e1s peque\u00f1os tambi\u00e9n pueden disfrutar de la emoci\u00f3n de Ferrari Land.<\/p><h3 class=\"wp-block-heading\">Caribe Aquatic Park: un para\u00edso acu\u00e1tico<\/h3><p>Refresca tu verano en Caribe Aquatic Park, un parque acu\u00e1tico ambientado en una isla caribe\u00f1a con m\u00e1s de 50.000 m\u00b2 de piscinas, toboganes y zonas de relax. Los m\u00e1s atrevidos podr\u00e1n enfrentarse a King Khajuna, el tobog\u00e1n de ca\u00edda libre m\u00e1s alto de Europa, mientras que los m\u00e1s peque\u00f1os disfrutar\u00e1n de una zona segura y divertida. Con r\u00edos tranquilos, olas artificiales y m\u00faltiples atracciones acu\u00e1ticas, este parque es la elecci\u00f3n perfecta para un d\u00eda refrescante en familia.<\/p><h3 class=\"wp-block-heading\">Un destino \u00fanico en el coraz\u00f3n de la Costa Daurada<\/h3><p>A solo unos minutos de Vila-seca, la Pineda Platja, PortAventura World ofrece adem\u00e1s una gran variedad de restaurantes, tiendas tem\u00e1ticas y espect\u00e1culos nocturnos. Descubre por qu\u00e9 es uno de los destinos m\u00e1s visitados de Europa y prep\u00e1rate para vivir momentos inolvidables.<\/p><p><a href=\"https:\/\/www.portaventuraworld.com\">https:\/\/www.portaventuraworld.com<\/a><\/p>\t\t\t\t\t\t\t\t<\/div>\n\t\t\t\t<\/div>\n\t\t\t\t\t<\/div>\n\t\t\t\t<\/div>\n\t\t\t\t<\/div>\n\t\t","protected":false},"featured_media":34089,"template":"","meta":{"_acf_changed":false},"portfolio-types":[137],"class_list":["post-6521","portfolio","type-portfolio","status-publish","has-post-thumbnail","hentry","portfolio-types-parcs-tematics-es"],"acf":[],"yoast_head":"<!-- This site is optimized with the Yoast SEO plugin v26.6 - https:\/\/yoast.com\/wordpress\/plugins\/seo\/ -->\n<title>PortAventura World | Vila-seca<\/title>\n<meta name=\"description\" content=\"Sum\u00e9rgete en la experiencia \u00fanica de PortAventura World, uno de los mejores parques tem\u00e1ticos de Europa y un destino imprescindible para los amantes de la\" \/>\n<meta name=\"robots\" content=\"index, follow, max-snippet:-1, max-image-preview:large, max-video-preview:-1\" \/>\n<link rel=\"canonical\" href=\"https:\/\/lapinedaplatja.info\/es\/item\/portaventura-world\/\" \/>\n<meta property=\"og:locale\" content=\"es_ES\" \/>\n<meta property=\"og:type\" content=\"article\" \/>\n<meta property=\"og:title\" content=\"PortAventura World | Vila-seca\" \/>\n<meta property=\"og:description\" content=\"Sum\u00e9rgete en la experiencia \u00fanica de PortAventura World, uno de los mejores parques tem\u00e1ticos de Europa y un destino imprescindible para los amantes de la\" \/>\n<meta property=\"og:url\" content=\"https:\/\/lapinedaplatja.info\/es\/item\/portaventura-world\/\" \/>\n<meta property=\"og:site_name\" content=\"Vila-seca\" \/>\n<meta property=\"article:publisher\" content=\"https:\/\/www.facebook.com\/lapinedaplatja\/\" \/>\n<meta property=\"article:modified_time\" content=\"2025-09-09T10:04:36+00:00\" \/>\n<meta property=\"og:image\" content=\"https:\/\/lapinedaplatja.info\/wp-content\/uploads\/2019\/03\/Port-Aventura-Park6-2500x1667-1.jpg\" \/>\n\t<meta property=\"og:image:width\" content=\"2500\" \/>\n\t<meta property=\"og:image:height\" content=\"1667\" \/>\n\t<meta property=\"og:image:type\" content=\"image\/jpeg\" \/>\n<meta name=\"twitter:card\" content=\"summary_large_image\" \/>\n<meta name=\"twitter:site\" content=\"@lapinedaplatja\" \/>\n<meta name=\"twitter:label1\" content=\"Tiempo de lectura\" \/>\n\t<meta name=\"twitter:data1\" content=\"2 minutos\" \/>\n<script type=\"application\/ld+json\" class=\"yoast-schema-graph\">{\"@context\":\"https:\/\/schema.org\",\"@graph\":[{\"@type\":\"WebPage\",\"@id\":\"https:\/\/lapinedaplatja.info\/es\/item\/portaventura-world\/\",\"url\":\"https:\/\/lapinedaplatja.info\/es\/item\/portaventura-world\/\",\"name\":\"PortAventura World | Vila-seca\",\"isPartOf\":{\"@id\":\"https:\/\/lapinedaplatja.info\/es\/#website\"},\"primaryImageOfPage\":{\"@id\":\"https:\/\/lapinedaplatja.info\/es\/item\/portaventura-world\/#primaryimage\"},\"image\":{\"@id\":\"https:\/\/lapinedaplatja.info\/es\/item\/portaventura-world\/#primaryimage\"},\"thumbnailUrl\":\"https:\/\/lapinedaplatja.info\/wp-content\/uploads\/2019\/03\/Port-Aventura-Park6-2500x1667-1.jpg\",\"datePublished\":\"2019-03-27T10:18:57+00:00\",\"dateModified\":\"2025-09-09T10:04:36+00:00\",\"description\":\"Sum\u00e9rgete en la experiencia \u00fanica de PortAventura World, uno de los mejores parques tem\u00e1ticos de Europa y un destino imprescindible para los amantes de la\",\"breadcrumb\":{\"@id\":\"https:\/\/lapinedaplatja.info\/es\/item\/portaventura-world\/#breadcrumb\"},\"inLanguage\":\"es\",\"potentialAction\":[{\"@type\":\"ReadAction\",\"target\":[\"https:\/\/lapinedaplatja.info\/es\/item\/portaventura-world\/\"]}]},{\"@type\":\"ImageObject\",\"inLanguage\":\"es\",\"@id\":\"https:\/\/lapinedaplatja.info\/es\/item\/portaventura-world\/#primaryimage\",\"url\":\"https:\/\/lapinedaplatja.info\/wp-content\/uploads\/2019\/03\/Port-Aventura-Park6-2500x1667-1.jpg\",\"contentUrl\":\"https:\/\/lapinedaplatja.info\/wp-content\/uploads\/2019\/03\/Port-Aventura-Park6-2500x1667-1.jpg\",\"width\":2500,\"height\":1667},{\"@type\":\"BreadcrumbList\",\"@id\":\"https:\/\/lapinedaplatja.info\/es\/item\/portaventura-world\/#breadcrumb\",\"itemListElement\":[{\"@type\":\"ListItem\",\"position\":1,\"name\":\"Portada\",\"item\":\"https:\/\/lapinedaplatja.info\/es\/\"},{\"@type\":\"ListItem\",\"position\":2,\"name\":\"Parques tem\u00e1ticos\",\"item\":\"https:\/\/lapinedaplatja.info\/es\/tipus\/parcs-tematics-es\/\"},{\"@type\":\"ListItem\",\"position\":3,\"name\":\"PortAventura World\"}]},{\"@type\":\"WebSite\",\"@id\":\"https:\/\/lapinedaplatja.info\/es\/#website\",\"url\":\"https:\/\/lapinedaplatja.info\/es\/\",\"name\":\"La Pineda Platja | Vila-seca\",\"description\":\"Destinaci\u00f3 de turisme familiar.\",\"publisher\":{\"@id\":\"https:\/\/lapinedaplatja.info\/es\/#organization\"},\"potentialAction\":[{\"@type\":\"SearchAction\",\"target\":{\"@type\":\"EntryPoint\",\"urlTemplate\":\"https:\/\/lapinedaplatja.info\/es\/?s={search_term_string}\"},\"query-input\":{\"@type\":\"PropertyValueSpecification\",\"valueRequired\":true,\"valueName\":\"search_term_string\"}}],\"inLanguage\":\"es\"},{\"@type\":\"Organization\",\"@id\":\"https:\/\/lapinedaplatja.info\/es\/#organization\",\"name\":\"Patronat Municipal de Turisme de Vila-seca\",\"url\":\"https:\/\/lapinedaplatja.info\/es\/\",\"logo\":{\"@type\":\"ImageObject\",\"inLanguage\":\"es\",\"@id\":\"https:\/\/lapinedaplatja.info\/es\/#\/schema\/logo\/image\/\",\"url\":\"https:\/\/lapinedaplatja.info\/wp-content\/uploads\/2018\/10\/cropped-13260099_989491457837088_3488030785405353200_n.jpg\",\"contentUrl\":\"https:\/\/lapinedaplatja.info\/wp-content\/uploads\/2018\/10\/cropped-13260099_989491457837088_3488030785405353200_n.jpg\",\"width\":600,\"height\":600,\"caption\":\"Patronat Municipal de Turisme de Vila-seca\"},\"image\":{\"@id\":\"https:\/\/lapinedaplatja.info\/es\/#\/schema\/logo\/image\/\"},\"sameAs\":[\"https:\/\/www.facebook.com\/lapinedaplatja\/\",\"https:\/\/x.com\/lapinedaplatja\",\"https:\/\/www.instagram.com\/lapinedaplatja\/\"]}]}<\/script>\n<!-- \/ Yoast SEO plugin. -->","yoast_head_json":{"title":"PortAventura World | Vila-seca","description":"Sum\u00e9rgete en la experiencia \u00fanica de PortAventura World, uno de los mejores parques tem\u00e1ticos de Europa y un destino imprescindible para los amantes de la","robots":{"index":"index","follow":"follow","max-snippet":"max-snippet:-1","max-image-preview":"max-image-preview:large","max-video-preview":"max-video-preview:-1"},"canonical":"https:\/\/lapinedaplatja.info\/es\/item\/portaventura-world\/","og_locale":"es_ES","og_type":"article","og_title":"PortAventura World | Vila-seca","og_description":"Sum\u00e9rgete en la experiencia \u00fanica de PortAventura World, uno de los mejores parques tem\u00e1ticos de Europa y un destino imprescindible para los amantes de la","og_url":"https:\/\/lapinedaplatja.info\/es\/item\/portaventura-world\/","og_site_name":"Vila-seca","article_publisher":"https:\/\/www.facebook.com\/lapinedaplatja\/","article_modified_time":"2025-09-09T10:04:36+00:00","og_image":[{"width":2500,"height":1667,"url":"https:\/\/lapinedaplatja.info\/wp-content\/uploads\/2019\/03\/Port-Aventura-Park6-2500x1667-1.jpg","type":"image\/jpeg"}],"twitter_card":"summary_large_image","twitter_site":"@lapinedaplatja","twitter_misc":{"Tiempo de lectura":"2 minutos"},"schema":{"@context":"https:\/\/schema.org","@graph":[{"@type":"WebPage","@id":"https:\/\/lapinedaplatja.info\/es\/item\/portaventura-world\/","url":"https:\/\/lapinedaplatja.info\/es\/item\/portaventura-world\/","name":"PortAventura World | Vila-seca","isPartOf":{"@id":"https:\/\/lapinedaplatja.info\/es\/#website"},"primaryImageOfPage":{"@id":"https:\/\/lapinedaplatja.info\/es\/item\/portaventura-world\/#primaryimage"},"image":{"@id":"https:\/\/lapinedaplatja.info\/es\/item\/portaventura-world\/#primaryimage"},"thumbnailUrl":"https:\/\/lapinedaplatja.info\/wp-content\/uploads\/2019\/03\/Port-Aventura-Park6-2500x1667-1.jpg","datePublished":"2019-03-27T10:18:57+00:00","dateModified":"2025-09-09T10:04:36+00:00","description":"Sum\u00e9rgete en la experiencia \u00fanica de PortAventura World, uno de los mejores parques tem\u00e1ticos de Europa y un destino imprescindible para los amantes de la","breadcrumb":{"@id":"https:\/\/lapinedaplatja.info\/es\/item\/portaventura-world\/#breadcrumb"},"inLanguage":"es","potentialAction":[{"@type":"ReadAction","target":["https:\/\/lapinedaplatja.info\/es\/item\/portaventura-world\/"]}]},{"@type":"ImageObject","inLanguage":"es","@id":"https:\/\/lapinedaplatja.info\/es\/item\/portaventura-world\/#primaryimage","url":"https:\/\/lapinedaplatja.info\/wp-content\/uploads\/2019\/03\/Port-Aventura-Park6-2500x1667-1.jpg","contentUrl":"https:\/\/lapinedaplatja.info\/wp-content\/uploads\/2019\/03\/Port-Aventura-Park6-2500x1667-1.jpg","width":2500,"height":1667},{"@type":"BreadcrumbList","@id":"https:\/\/lapinedaplatja.info\/es\/item\/portaventura-world\/#breadcrumb","itemListElement":[{"@type":"ListItem","position":1,"name":"Portada","item":"https:\/\/lapinedaplatja.info\/es\/"},{"@type":"ListItem","position":2,"name":"Parques tem\u00e1ticos","item":"https:\/\/lapinedaplatja.info\/es\/tipus\/parcs-tematics-es\/"},{"@type":"ListItem","position":3,"name":"PortAventura World"}]},{"@type":"WebSite","@id":"https:\/\/lapinedaplatja.info\/es\/#website","url":"https:\/\/lapinedaplatja.info\/es\/","name":"La Pineda Platja | Vila-seca","description":"Destinaci\u00f3 de turisme familiar.","publisher":{"@id":"https:\/\/lapinedaplatja.info\/es\/#organization"},"potentialAction":[{"@type":"SearchAction","target":{"@type":"EntryPoint","urlTemplate":"https:\/\/lapinedaplatja.info\/es\/?s={search_term_string}"},"query-input":{"@type":"PropertyValueSpecification","valueRequired":true,"valueName":"search_term_string"}}],"inLanguage":"es"},{"@type":"Organization","@id":"https:\/\/lapinedaplatja.info\/es\/#organization","name":"Patronat Municipal de Turisme de Vila-seca","url":"https:\/\/lapinedaplatja.info\/es\/","logo":{"@type":"ImageObject","inLanguage":"es","@id":"https:\/\/lapinedaplatja.info\/es\/#\/schema\/logo\/image\/","url":"https:\/\/lapinedaplatja.info\/wp-content\/uploads\/2018\/10\/cropped-13260099_989491457837088_3488030785405353200_n.jpg","contentUrl":"https:\/\/lapinedaplatja.info\/wp-content\/uploads\/2018\/10\/cropped-13260099_989491457837088_3488030785405353200_n.jpg","width":600,"height":600,"caption":"Patronat Municipal de Turisme de Vila-seca"},"image":{"@id":"https:\/\/lapinedaplatja.info\/es\/#\/schema\/logo\/image\/"},"sameAs":["https:\/\/www.facebook.com\/lapinedaplatja\/","https:\/\/x.com\/lapinedaplatja","https:\/\/www.instagram.com\/lapinedaplatja\/"]}]}},"_links":{"self":[{"href":"https:\/\/lapinedaplatja.info\/es\/wp-json\/wp\/v2\/portfolio\/6521","targetHints":{"allow":["GET"]}}],"collection":[{"href":"https:\/\/lapinedaplatja.info\/es\/wp-json\/wp\/v2\/portfolio"}],"about":[{"href":"https:\/\/lapinedaplatja.info\/es\/wp-json\/wp\/v2\/types\/portfolio"}],"version-history":[{"count":0,"href":"https:\/\/lapinedaplatja.info\/es\/wp-json\/wp\/v2\/portfolio\/6521\/revisions"}],"wp:featuredmedia":[{"embeddable":true,"href":"https:\/\/lapinedaplatja.info\/es\/wp-json\/wp\/v2\/media\/34089"}],"wp:attachment":[{"href":"https:\/\/lapinedaplatja.info\/es\/wp-json\/wp\/v2\/media?parent=6521"}],"wp:term":[{"taxonomy":"portfolio-types","embeddable":true,"href":"https:\/\/lapinedaplatja.info\/es\/wp-json\/wp\/v2\/portfolio-types?post=6521"}],"curies":[{"name":"wp","href":"https:\/\/api.w.org\/{rel}","templated":true}]}}