{"id":6621,"date":"2018-12-01T10:18:38","date_gmt":"2018-12-01T10:18:38","guid":{"rendered":"http:\/\/lapinedaplatja.info\/item\/portal-de-sant-antoni\/"},"modified":"2025-09-09T11:06:48","modified_gmt":"2025-09-09T09:06:48","slug":"portal-de-sant-antoni","status":"publish","type":"portfolio","link":"https:\/\/lapinedaplatja.info\/es\/item\/portal-de-sant-antoni\/","title":{"rendered":"Portal de Sant Antoni"},"content":{"rendered":"\n<p>El portal de Sant Antoni es un portal con torre que se encuentra en el coraz\u00f3n del centro hist\u00f3rico de Vila-seca. Declarado B\u00e9 Cultural d\u2019Inter\u00e8s Nacional.<\/p>\n\n\n\n<p>El primitivo recinto amurallado situado al este de la actual iglesia y defendido por cuatro torres result\u00f3 insuficiente. A mediados del siglo XIV se comenz\u00f3 a fortificar un segundo per\u00edmetro amurallado que servir\u00eda durante 400 a\u00f1os. La villa ten\u00eda un peso espec\u00edfico superior que los territorios vecinos y era vital que se defendiera del saqueo y de los peligros exteriores.<\/p>\n\n\n\n<p>El Portal de Sant Antoni es el \u00fanico que se cita habitualmente y que conserva todav\u00eda el aspecto de una puerta de muralla del segundo per\u00edmetro fortificado de Vila-seca. La calle interior era la calle de la Mar, y la salida del recinto amurallado, en direcci\u00f3n al mar, se llama Raval de la Mar. En direcci\u00f3n poniente se extiende la calle dels Ferrers, antiguo Raval de la Pres\u00f3 que en direcci\u00f3n noreste comunica con la calle de Sant Josep, antiguo arrabal hom\u00f3nimo.<\/p>\n\n\n\n<p>El Portal de Sant Antoni es uno de los \u00edtems de la ruta para conocer el centro hist\u00f3rico de Vila-seca a trav\u00e9s de los monumentos patrimoniales que disponen de un <a href=\"https:\/\/lapinedaplatja.info\/es\/item\/ruta-qr\/\">c\u00f3digo QR<\/a>.<\/p>\n\n\n\n<div class=\"custom-css-block\"><style>#aab_accordion_24073f7d_0 {  }<\/style><\/div><div class=\"wp-block-aab-accordion-block aab__accordion_container  accessibilityOn\" style=\"margin-top:0px;margin-bottom:15px;border:1px solid #bcb6b638\" id=\"aab_accordion_24073f7d_0\" role=\"button\" aria-expanded=\"false\" tabindex=\"0\"><div class=\"aab__accordion_head aab_right_icon  \" style=\"background-color:#bcb6b638;border-top:none;border-right:none;border-bottom:none;border-left:none\"><div class=\"aab__accordion_heading aab_right_icon aab_right_link\"><div class=\"head_content_wrapper\"><div class=\"title_wrapper\"><h5 class=\"aab__accordion_title\" style=\"margin:0\">Un poco de historia<\/h5><\/div><p class=\"aab__accordion_subheading\" placeholder=\"\" style=\"margin:5px 0 0 0\"><\/p><\/div><\/div><div class=\"aab__accordion_icon\" style=\"border:0px solid transparent\"><span class=\"aab__icon dashicons dashicons-plus-alt2\" style=\"font-size:23px\"><\/span><\/div><\/div><div class=\"aab__accordion_body  \" role=\"region\" style=\"display:none;border-top:1px solid #bcb6b638;border-right:none;border-bottom:none;border-left:none\"><div class=\"aab__accordion_component\">\n<p>La antigua Vila-seca del Com\u00fa, convertida en Vila-seca de Solcina en 1525, ocupaba el coraz\u00f3n actual de la villa. Iba desde el Portal de Sant Antoni, al sur, hasta el Portal de l&#8217;Esgl\u00e9sia o Portal de la Pla\u00e7a de Voltes, siendo el Portal de la Riera su lado opuesto de poniente. Adem\u00e1s, las paredes exteriores fortificadas y una docena de torres de defensa proteg\u00edan un espacio suficiente para alojar con seguridad a centenares de personas. Cabe recordar que, durante 300 a\u00f1os, Vila-seca sufri\u00f3 ataques piratas, y que fue el n\u00facleo de concentraci\u00f3n de los habitantes de otros territorios m\u00e1s desprotegidos.<\/p>\n\n\n\n<p>Desde el Portal de Sant Antoni y el Raval de Mar las comunicaciones con los lugares m\u00e1s din\u00e1micos de la comarca eran excelentes. Se pod\u00eda tomar el camino del Mas de la Sana, el camino de la Pineda, el camino de Cambrils y el camino de la Selva al puerto de Salou.<\/p>\n\n\n\n<p>Como corresponde a una puerta de muralla, el Portal de Sant Antoni es una construcci\u00f3n s\u00f3lida, de piedra de sillar en la parte inferior, que se convierte en piedra y mortero en la parte superior. En el paso inferior hay un arco a cada lado y un techo de vigas. Sus dimensiones son de 6,3 por 4,25 metros, siendo el grosor de los muros de 70 cent\u00edmetros. El interior est\u00e1 distribuido en pisos de viviendas. No hay se\u00f1ales de almenas. La fachada frontal exterior conserva un matac\u00e1n que probablemente ten\u00eda la l\u00f3gica funci\u00f3n de proteger.<\/p>\n<\/div><\/div><\/div>\n\n\n\n<p>&nbsp;<\/p>\n","protected":false},"featured_media":30223,"template":"","meta":{"_acf_changed":false},"portfolio-types":[109],"class_list":["post-6621","portfolio","type-portfolio","status-publish","has-post-thumbnail","hentry","portfolio-types-patrimoni-es"],"acf":[],"yoast_head":"<!-- This site is optimized with the Yoast SEO plugin v26.6 - https:\/\/yoast.com\/wordpress\/plugins\/seo\/ -->\n<title>Portal de Sant Antoni | Vila-seca<\/title>\n<meta name=\"description\" content=\"El portal de Sant Antoni es un portal con torre que se encuentra en el coraz\u00f3n del centro hist\u00f3rico de Vila-seca. Declarado B\u00e9 Cultural d\u2019Inter\u00e8s\" \/>\n<meta name=\"robots\" content=\"index, follow, max-snippet:-1, max-image-preview:large, max-video-preview:-1\" \/>\n<link rel=\"canonical\" href=\"https:\/\/lapinedaplatja.info\/es\/item\/portal-de-sant-antoni\/\" \/>\n<meta property=\"og:locale\" content=\"es_ES\" \/>\n<meta property=\"og:type\" content=\"article\" \/>\n<meta property=\"og:title\" content=\"Portal de Sant Antoni | Vila-seca\" \/>\n<meta property=\"og:description\" content=\"El portal de Sant Antoni es un portal con torre que se encuentra en el coraz\u00f3n del centro hist\u00f3rico de Vila-seca. Declarado B\u00e9 Cultural d\u2019Inter\u00e8s\" \/>\n<meta property=\"og:url\" content=\"https:\/\/lapinedaplatja.info\/es\/item\/portal-de-sant-antoni\/\" \/>\n<meta property=\"og:site_name\" content=\"Vila-seca\" \/>\n<meta property=\"article:publisher\" content=\"https:\/\/www.facebook.com\/lapinedaplatja\/\" \/>\n<meta property=\"article:modified_time\" content=\"2025-09-09T09:06:48+00:00\" \/>\n<meta property=\"og:image\" content=\"https:\/\/lapinedaplatja.info\/wp-content\/uploads\/2018\/12\/Portal-de-Sant-Antoni3-1.jpg\" \/>\n\t<meta property=\"og:image:width\" content=\"800\" \/>\n\t<meta property=\"og:image:height\" content=\"533\" \/>\n\t<meta property=\"og:image:type\" content=\"image\/jpeg\" \/>\n<meta name=\"twitter:card\" content=\"summary_large_image\" \/>\n<meta name=\"twitter:site\" content=\"@lapinedaplatja\" \/>\n<meta name=\"twitter:label1\" content=\"Tiempo de lectura\" \/>\n\t<meta name=\"twitter:data1\" content=\"3 minutos\" \/>\n<script type=\"application\/ld+json\" class=\"yoast-schema-graph\">{\"@context\":\"https:\/\/schema.org\",\"@graph\":[{\"@type\":\"WebPage\",\"@id\":\"https:\/\/lapinedaplatja.info\/es\/item\/portal-de-sant-antoni\/\",\"url\":\"https:\/\/lapinedaplatja.info\/es\/item\/portal-de-sant-antoni\/\",\"name\":\"Portal de Sant Antoni | Vila-seca\",\"isPartOf\":{\"@id\":\"https:\/\/lapinedaplatja.info\/es\/#website\"},\"primaryImageOfPage\":{\"@id\":\"https:\/\/lapinedaplatja.info\/es\/item\/portal-de-sant-antoni\/#primaryimage\"},\"image\":{\"@id\":\"https:\/\/lapinedaplatja.info\/es\/item\/portal-de-sant-antoni\/#primaryimage\"},\"thumbnailUrl\":\"https:\/\/lapinedaplatja.info\/wp-content\/uploads\/2018\/12\/Portal-de-Sant-Antoni3-1.jpg\",\"datePublished\":\"2018-12-01T10:18:38+00:00\",\"dateModified\":\"2025-09-09T09:06:48+00:00\",\"description\":\"El portal de Sant Antoni es un portal con torre que se encuentra en el coraz\u00f3n del centro hist\u00f3rico de Vila-seca. Declarado B\u00e9 Cultural d\u2019Inter\u00e8s\",\"breadcrumb\":{\"@id\":\"https:\/\/lapinedaplatja.info\/es\/item\/portal-de-sant-antoni\/#breadcrumb\"},\"inLanguage\":\"es\",\"potentialAction\":[{\"@type\":\"ReadAction\",\"target\":[\"https:\/\/lapinedaplatja.info\/es\/item\/portal-de-sant-antoni\/\"]}]},{\"@type\":\"ImageObject\",\"inLanguage\":\"es\",\"@id\":\"https:\/\/lapinedaplatja.info\/es\/item\/portal-de-sant-antoni\/#primaryimage\",\"url\":\"https:\/\/lapinedaplatja.info\/wp-content\/uploads\/2018\/12\/Portal-de-Sant-Antoni3-1.jpg\",\"contentUrl\":\"https:\/\/lapinedaplatja.info\/wp-content\/uploads\/2018\/12\/Portal-de-Sant-Antoni3-1.jpg\",\"width\":800,\"height\":533},{\"@type\":\"BreadcrumbList\",\"@id\":\"https:\/\/lapinedaplatja.info\/es\/item\/portal-de-sant-antoni\/#breadcrumb\",\"itemListElement\":[{\"@type\":\"ListItem\",\"position\":1,\"name\":\"Portada\",\"item\":\"https:\/\/lapinedaplatja.info\/es\/\"},{\"@type\":\"ListItem\",\"position\":2,\"name\":\"Patrimonio\",\"item\":\"https:\/\/lapinedaplatja.info\/es\/tipus\/patrimoni-es\/\"},{\"@type\":\"ListItem\",\"position\":3,\"name\":\"Portal de Sant Antoni\"}]},{\"@type\":\"WebSite\",\"@id\":\"https:\/\/lapinedaplatja.info\/es\/#website\",\"url\":\"https:\/\/lapinedaplatja.info\/es\/\",\"name\":\"La Pineda Platja | Vila-seca\",\"description\":\"Destinaci\u00f3 de turisme familiar.\",\"publisher\":{\"@id\":\"https:\/\/lapinedaplatja.info\/es\/#organization\"},\"potentialAction\":[{\"@type\":\"SearchAction\",\"target\":{\"@type\":\"EntryPoint\",\"urlTemplate\":\"https:\/\/lapinedaplatja.info\/es\/?s={search_term_string}\"},\"query-input\":{\"@type\":\"PropertyValueSpecification\",\"valueRequired\":true,\"valueName\":\"search_term_string\"}}],\"inLanguage\":\"es\"},{\"@type\":\"Organization\",\"@id\":\"https:\/\/lapinedaplatja.info\/es\/#organization\",\"name\":\"Patronat Municipal de Turisme de Vila-seca\",\"url\":\"https:\/\/lapinedaplatja.info\/es\/\",\"logo\":{\"@type\":\"ImageObject\",\"inLanguage\":\"es\",\"@id\":\"https:\/\/lapinedaplatja.info\/es\/#\/schema\/logo\/image\/\",\"url\":\"https:\/\/lapinedaplatja.info\/wp-content\/uploads\/2018\/10\/cropped-13260099_989491457837088_3488030785405353200_n.jpg\",\"contentUrl\":\"https:\/\/lapinedaplatja.info\/wp-content\/uploads\/2018\/10\/cropped-13260099_989491457837088_3488030785405353200_n.jpg\",\"width\":600,\"height\":600,\"caption\":\"Patronat Municipal de Turisme de Vila-seca\"},\"image\":{\"@id\":\"https:\/\/lapinedaplatja.info\/es\/#\/schema\/logo\/image\/\"},\"sameAs\":[\"https:\/\/www.facebook.com\/lapinedaplatja\/\",\"https:\/\/x.com\/lapinedaplatja\",\"https:\/\/www.instagram.com\/lapinedaplatja\/\"]}]}<\/script>\n<!-- \/ Yoast SEO plugin. -->","yoast_head_json":{"title":"Portal de Sant Antoni | Vila-seca","description":"El portal de Sant Antoni es un portal con torre que se encuentra en el coraz\u00f3n del centro hist\u00f3rico de Vila-seca. Declarado B\u00e9 Cultural d\u2019Inter\u00e8s","robots":{"index":"index","follow":"follow","max-snippet":"max-snippet:-1","max-image-preview":"max-image-preview:large","max-video-preview":"max-video-preview:-1"},"canonical":"https:\/\/lapinedaplatja.info\/es\/item\/portal-de-sant-antoni\/","og_locale":"es_ES","og_type":"article","og_title":"Portal de Sant Antoni | Vila-seca","og_description":"El portal de Sant Antoni es un portal con torre que se encuentra en el coraz\u00f3n del centro hist\u00f3rico de Vila-seca. Declarado B\u00e9 Cultural d\u2019Inter\u00e8s","og_url":"https:\/\/lapinedaplatja.info\/es\/item\/portal-de-sant-antoni\/","og_site_name":"Vila-seca","article_publisher":"https:\/\/www.facebook.com\/lapinedaplatja\/","article_modified_time":"2025-09-09T09:06:48+00:00","og_image":[{"width":800,"height":533,"url":"https:\/\/lapinedaplatja.info\/wp-content\/uploads\/2018\/12\/Portal-de-Sant-Antoni3-1.jpg","type":"image\/jpeg"}],"twitter_card":"summary_large_image","twitter_site":"@lapinedaplatja","twitter_misc":{"Tiempo de lectura":"3 minutos"},"schema":{"@context":"https:\/\/schema.org","@graph":[{"@type":"WebPage","@id":"https:\/\/lapinedaplatja.info\/es\/item\/portal-de-sant-antoni\/","url":"https:\/\/lapinedaplatja.info\/es\/item\/portal-de-sant-antoni\/","name":"Portal de Sant Antoni | Vila-seca","isPartOf":{"@id":"https:\/\/lapinedaplatja.info\/es\/#website"},"primaryImageOfPage":{"@id":"https:\/\/lapinedaplatja.info\/es\/item\/portal-de-sant-antoni\/#primaryimage"},"image":{"@id":"https:\/\/lapinedaplatja.info\/es\/item\/portal-de-sant-antoni\/#primaryimage"},"thumbnailUrl":"https:\/\/lapinedaplatja.info\/wp-content\/uploads\/2018\/12\/Portal-de-Sant-Antoni3-1.jpg","datePublished":"2018-12-01T10:18:38+00:00","dateModified":"2025-09-09T09:06:48+00:00","description":"El portal de Sant Antoni es un portal con torre que se encuentra en el coraz\u00f3n del centro hist\u00f3rico de Vila-seca. Declarado B\u00e9 Cultural d\u2019Inter\u00e8s","breadcrumb":{"@id":"https:\/\/lapinedaplatja.info\/es\/item\/portal-de-sant-antoni\/#breadcrumb"},"inLanguage":"es","potentialAction":[{"@type":"ReadAction","target":["https:\/\/lapinedaplatja.info\/es\/item\/portal-de-sant-antoni\/"]}]},{"@type":"ImageObject","inLanguage":"es","@id":"https:\/\/lapinedaplatja.info\/es\/item\/portal-de-sant-antoni\/#primaryimage","url":"https:\/\/lapinedaplatja.info\/wp-content\/uploads\/2018\/12\/Portal-de-Sant-Antoni3-1.jpg","contentUrl":"https:\/\/lapinedaplatja.info\/wp-content\/uploads\/2018\/12\/Portal-de-Sant-Antoni3-1.jpg","width":800,"height":533},{"@type":"BreadcrumbList","@id":"https:\/\/lapinedaplatja.info\/es\/item\/portal-de-sant-antoni\/#breadcrumb","itemListElement":[{"@type":"ListItem","position":1,"name":"Portada","item":"https:\/\/lapinedaplatja.info\/es\/"},{"@type":"ListItem","position":2,"name":"Patrimonio","item":"https:\/\/lapinedaplatja.info\/es\/tipus\/patrimoni-es\/"},{"@type":"ListItem","position":3,"name":"Portal de Sant Antoni"}]},{"@type":"WebSite","@id":"https:\/\/lapinedaplatja.info\/es\/#website","url":"https:\/\/lapinedaplatja.info\/es\/","name":"La Pineda Platja | Vila-seca","description":"Destinaci\u00f3 de turisme familiar.","publisher":{"@id":"https:\/\/lapinedaplatja.info\/es\/#organization"},"potentialAction":[{"@type":"SearchAction","target":{"@type":"EntryPoint","urlTemplate":"https:\/\/lapinedaplatja.info\/es\/?s={search_term_string}"},"query-input":{"@type":"PropertyValueSpecification","valueRequired":true,"valueName":"search_term_string"}}],"inLanguage":"es"},{"@type":"Organization","@id":"https:\/\/lapinedaplatja.info\/es\/#organization","name":"Patronat Municipal de Turisme de Vila-seca","url":"https:\/\/lapinedaplatja.info\/es\/","logo":{"@type":"ImageObject","inLanguage":"es","@id":"https:\/\/lapinedaplatja.info\/es\/#\/schema\/logo\/image\/","url":"https:\/\/lapinedaplatja.info\/wp-content\/uploads\/2018\/10\/cropped-13260099_989491457837088_3488030785405353200_n.jpg","contentUrl":"https:\/\/lapinedaplatja.info\/wp-content\/uploads\/2018\/10\/cropped-13260099_989491457837088_3488030785405353200_n.jpg","width":600,"height":600,"caption":"Patronat Municipal de Turisme de Vila-seca"},"image":{"@id":"https:\/\/lapinedaplatja.info\/es\/#\/schema\/logo\/image\/"},"sameAs":["https:\/\/www.facebook.com\/lapinedaplatja\/","https:\/\/x.com\/lapinedaplatja","https:\/\/www.instagram.com\/lapinedaplatja\/"]}]}},"_links":{"self":[{"href":"https:\/\/lapinedaplatja.info\/es\/wp-json\/wp\/v2\/portfolio\/6621","targetHints":{"allow":["GET"]}}],"collection":[{"href":"https:\/\/lapinedaplatja.info\/es\/wp-json\/wp\/v2\/portfolio"}],"about":[{"href":"https:\/\/lapinedaplatja.info\/es\/wp-json\/wp\/v2\/types\/portfolio"}],"version-history":[{"count":0,"href":"https:\/\/lapinedaplatja.info\/es\/wp-json\/wp\/v2\/portfolio\/6621\/revisions"}],"wp:featuredmedia":[{"embeddable":true,"href":"https:\/\/lapinedaplatja.info\/es\/wp-json\/wp\/v2\/media\/30223"}],"wp:attachment":[{"href":"https:\/\/lapinedaplatja.info\/es\/wp-json\/wp\/v2\/media?parent=6621"}],"wp:term":[{"taxonomy":"portfolio-types","embeddable":true,"href":"https:\/\/lapinedaplatja.info\/es\/wp-json\/wp\/v2\/portfolio-types?post=6621"}],"curies":[{"name":"wp","href":"https:\/\/api.w.org\/{rel}","templated":true}]}}