{"id":6624,"date":"2018-10-19T15:20:30","date_gmt":"2018-10-19T15:20:30","guid":{"rendered":"http:\/\/lapinedaplatja.info\/item\/castell-de-vila-seca\/"},"modified":"2026-01-13T12:50:20","modified_gmt":"2026-01-13T11:50:20","slug":"castell-de-vila-seca","status":"publish","type":"portfolio","link":"https:\/\/lapinedaplatja.info\/es\/item\/castillo-de-vila-seca\/","title":{"rendered":"Castillo de Vila-seca"},"content":{"rendered":"\n<p>El Castell de Vila-seca es uno de los principales puntos de inter\u00e9s del municipio. Declarado Bien Cultural de Inter\u00e9s Nacional, el Castillo est\u00e1 situado al norte del municipio, muy cerca del Celler de Vila-seca, y destaca por su esbelta silueta rodeada por un frondoso pinar.<\/p>\n\n\n\n<p>El edificio ha sufrido diversas modificaciones a lo largo de los a\u00f1os, debido a los cambios de propietarios, dando como resultado un edificio de aspecto neomedieval. Es una construcci\u00f3n rectangular, de planta y dos pisos. Cuenta con amplias ventanas en la planta noble, as\u00ed como balcones saliendo a la torre angular. La Torre de los Olzina, que algunos historiadores atribuyen sus or\u00edgenes al per\u00edodo romano, es la edificaci\u00f3n m\u00e1s antigua del actual Castillo, del siglo XII. Esta torre de planta cuadrangular dispone de un per\u00edmetro interior de 5,10 x 4,25 m. y sus muros exteriores, construidos con grandes sillares, tienen un grosor de casi dos metros.<\/p>\n\n\n\n<p>El Ayuntamiento de Vila-seca adquiri\u00f3 el Castillo de los Condes de Sicart en 2005 y lo rehabilit\u00f3 en diferentes fases. Ahora, el Castell es ahora un espacio expositivo de arte contempor\u00e1neo, a ra\u00edz del convenio de colaboraci\u00f3n entre la <strong>Fundaci\u00f3n Vila Casas y el Ayuntamiento de Vila-seca.<\/strong><\/p>\n\n\n\n<p>El Castillo de Vila-seca es uno de los \u00edtems de la ruta para conocer el centro hist\u00f3rico de Vila-seca a trav\u00e9s de los monumentos patrimoniales que disponen de un <a href=\"https:\/\/lapinedaplatja.info\/es\/item\/ruta-qr\/\">c\u00f3digo QR<\/a> .<\/p>\n\n\n\n<p><b>Del 15 de junio al 15 de septiembre<\/b> (Horario de verano)<\/p>\n\n\n\n<ul class=\"wp-block-list\">\n<li>Abierto: de martes a domingo: de 10.00 ha 14.00 hy de 18.00 a 21.00<br>h<\/li>\n\n\n\n<li>Visitas guiadas: Mi\u00e9rcoles y s\u00e1bados a las 18 h (castellano) y en<br>las 19:30 h (catal\u00e1n)<br>Domingos a las 11 h (castellano) ya las 12:30 h (catal\u00e1n)<\/li>\n\n\n\n<li>Lunes cerrado.<\/li>\n<\/ul>\n\n\n\n<p>Festivos abiertos: 24 junio, 3 y 15 agosto, 11<br>septiembre.<\/p>\n\n\n\n<p><b>Del 16 de septiembre al 14 de junio<\/b> (Horario de invierno)<\/p>\n\n\n\n<ul class=\"wp-block-list\">\n<li>Abierto: de martes a domingo y festivos: 10:00 \u2013 14:00 h<br>\/ S\u00e1bados 10:00 a 14:00 hy de 17:00 ha 20:00 h<\/li>\n\n\n\n<li>Visitas guiadas: s\u00e1bados a las 12:00 h (castellano) y domingos en<br>las 12:00 h (catal\u00e1n).<\/li>\n\n\n\n<li>Lunes cerrado.<\/li>\n<\/ul>\n\n\n\n<p>Festivos abiertos: 17 enero, 28 y 29 marzo, 1<br>de abril, 1 de mayo, 12 de octubre, 1 de noviembre, 6 y 8 de diciembre.<\/p>\n\n\n\n<div class=\"custom-css-block\"><style>#aab_accordion_bf9957e3_0 {  }<\/style><\/div><div class=\"wp-block-aab-accordion-block aab__accordion_container  accessibilityOn\" style=\"margin-top:0px;margin-bottom:15px;border:1px solid #bcb6b638\" id=\"aab_accordion_bf9957e3_0\" role=\"button\" aria-expanded=\"false\" tabindex=\"0\"><div class=\"aab__accordion_head aab_right_icon \" style=\"background-color:#bcb6b638;border-top:none;border-right:none;border-bottom:none;border-left:none\"><div class=\"aab__accordion_heading aab_right_icon aab_right_link\"><div class=\"head_content_wrapper\"><div class=\"title_wrapper\"><h5 class=\"aab__accordion_title\" style=\"margin:0\">Un poco de historia<\/h5><\/div><\/div><\/div><div class=\"aab__accordion_icon\" style=\"border:0px solid transparent\"><span class=\"aab__icon dashicons dashicons-plus-alt2\" style=\"font-size:23px\"><\/span><\/div><\/div><div class=\"aab__accordion_body  \" role=\"region\" style=\"display:none;border-top:1px solid #bcb6b638;border-right:none;border-bottom:none;border-left:none\"><div class=\"aab__accordion_component\">\n<p>El Castillo de Vila-seca data de la \u00e9poca de la repoblaci\u00f3n cristiana en el Camp de Tarragona.<br>La Torre de los Olzina fue entre los a\u00f1os 1162 y 1168 la torre de defensa del recinto se\u00f1orial de Vila-seca dels Olzina,<br>coincidiendo con la colonizaci\u00f3n cristiana del lugar. El recinto fortificado serv\u00eda para proteger a personas, animales y comida de los saqueadores.<\/p>\n\n\n\n<p>En este per\u00edodo el Castillo era propiedad de los Olzina, gracias a la donaci\u00f3n hecha por los Se\u00f1ores del Camp de Tarragona en favor del caballero Ram\u00f3n de Olzina.<br>El n\u00facleo de poblaci\u00f3n estaba formado por varias casas levantadas cerca del Castillo.<\/p>\n\n\n\n<p>Entre 1437 y 1525, la se\u00f1or\u00eda fue jurisdicci\u00f3n de la familia Saportella.<br>En 1525, Tadeo de Saportella vendi\u00f3 el Castillo al arzobispo Pedro de Cardona, que ya era se\u00f1or de la vecina Vila-seca el Com\u00fa.<br>Esto provoc\u00f3 la unificaci\u00f3n de las dos Vila-seques bajo el nombre de Vila-seca dels Olzina.<\/p>\n\n\n\n<p>Hacia 1680, el arzobispo Pedro de Cardona vendi\u00f3 el Castillo a Joan Kies Helmont, c\u00f3nsul de Holanda en Barcelona y promotor de las f\u00e1bricas de aguardiente en el Camp de Tarragona.<br>Sus sucesores fueron propietarios hasta el 31 de diciembre de 1899, cuando Isidre Sicart y Torrents, Conde de Sicart, lo adquiri\u00f3 y transform\u00f3 bajo proyecto del arquitecto Enric Fatj\u00f3 i Torras.<\/p>\n<\/div><\/div><\/div>\n","protected":false},"featured_media":32163,"template":"","meta":{"_acf_changed":false},"portfolio-types":[109],"class_list":["post-6624","portfolio","type-portfolio","status-publish","has-post-thumbnail","hentry","portfolio-types-patrimoni-es"],"acf":[],"yoast_head":"<!-- This site is optimized with the Yoast SEO plugin v26.6 - https:\/\/yoast.com\/wordpress\/plugins\/seo\/ -->\n<title>Castillo de Vila-seca | Vila-seca<\/title>\n<meta name=\"description\" content=\"El Castell de Vila-seca es uno de los principales puntos de inter\u00e9s del municipio. Declarado Bien Cultural de Inter\u00e9s Nacional, el Castillo est\u00e1 situado\" \/>\n<meta name=\"robots\" content=\"index, follow, max-snippet:-1, max-image-preview:large, max-video-preview:-1\" \/>\n<link rel=\"canonical\" href=\"https:\/\/lapinedaplatja.info\/es\/item\/castillo-de-vila-seca\/\" \/>\n<meta property=\"og:locale\" content=\"es_ES\" \/>\n<meta property=\"og:type\" content=\"article\" \/>\n<meta property=\"og:title\" content=\"Castillo de Vila-seca | Vila-seca\" \/>\n<meta property=\"og:description\" content=\"El Castell de Vila-seca es uno de los principales puntos de inter\u00e9s del municipio. Declarado Bien Cultural de Inter\u00e9s Nacional, el Castillo est\u00e1 situado\" \/>\n<meta property=\"og:url\" content=\"https:\/\/lapinedaplatja.info\/es\/item\/castillo-de-vila-seca\/\" \/>\n<meta property=\"og:site_name\" content=\"Vila-seca\" \/>\n<meta property=\"article:publisher\" content=\"https:\/\/www.facebook.com\/lapinedaplatja\/\" \/>\n<meta property=\"article:modified_time\" content=\"2026-01-13T11:50:20+00:00\" \/>\n<meta property=\"og:image\" content=\"https:\/\/lapinedaplatja.info\/wp-content\/uploads\/2018\/10\/2025-06-25-CastellVilSeca-005-scaled.jpg\" \/>\n\t<meta property=\"og:image:width\" content=\"2560\" \/>\n\t<meta property=\"og:image:height\" content=\"1707\" \/>\n\t<meta property=\"og:image:type\" content=\"image\/jpeg\" \/>\n<meta name=\"twitter:card\" content=\"summary_large_image\" \/>\n<meta name=\"twitter:site\" content=\"@lapinedaplatja\" \/>\n<meta name=\"twitter:label1\" content=\"Tiempo de lectura\" \/>\n\t<meta name=\"twitter:data1\" content=\"4 minutos\" \/>\n<script type=\"application\/ld+json\" class=\"yoast-schema-graph\">{\"@context\":\"https:\/\/schema.org\",\"@graph\":[{\"@type\":\"WebPage\",\"@id\":\"https:\/\/lapinedaplatja.info\/es\/item\/castillo-de-vila-seca\/\",\"url\":\"https:\/\/lapinedaplatja.info\/es\/item\/castillo-de-vila-seca\/\",\"name\":\"Castillo de Vila-seca | Vila-seca\",\"isPartOf\":{\"@id\":\"https:\/\/lapinedaplatja.info\/es\/#website\"},\"primaryImageOfPage\":{\"@id\":\"https:\/\/lapinedaplatja.info\/es\/item\/castillo-de-vila-seca\/#primaryimage\"},\"image\":{\"@id\":\"https:\/\/lapinedaplatja.info\/es\/item\/castillo-de-vila-seca\/#primaryimage\"},\"thumbnailUrl\":\"https:\/\/lapinedaplatja.info\/wp-content\/uploads\/2018\/10\/2025-06-25-CastellVilSeca-005-scaled.jpg\",\"datePublished\":\"2018-10-19T15:20:30+00:00\",\"dateModified\":\"2026-01-13T11:50:20+00:00\",\"description\":\"El Castell de Vila-seca es uno de los principales puntos de inter\u00e9s del municipio. Declarado Bien Cultural de Inter\u00e9s Nacional, el Castillo est\u00e1 situado\",\"breadcrumb\":{\"@id\":\"https:\/\/lapinedaplatja.info\/es\/item\/castillo-de-vila-seca\/#breadcrumb\"},\"inLanguage\":\"es\",\"potentialAction\":[{\"@type\":\"ReadAction\",\"target\":[\"https:\/\/lapinedaplatja.info\/es\/item\/castillo-de-vila-seca\/\"]}]},{\"@type\":\"ImageObject\",\"inLanguage\":\"es\",\"@id\":\"https:\/\/lapinedaplatja.info\/es\/item\/castillo-de-vila-seca\/#primaryimage\",\"url\":\"https:\/\/lapinedaplatja.info\/wp-content\/uploads\/2018\/10\/2025-06-25-CastellVilSeca-005-scaled.jpg\",\"contentUrl\":\"https:\/\/lapinedaplatja.info\/wp-content\/uploads\/2018\/10\/2025-06-25-CastellVilSeca-005-scaled.jpg\",\"width\":2560,\"height\":1707},{\"@type\":\"BreadcrumbList\",\"@id\":\"https:\/\/lapinedaplatja.info\/es\/item\/castillo-de-vila-seca\/#breadcrumb\",\"itemListElement\":[{\"@type\":\"ListItem\",\"position\":1,\"name\":\"Portada\",\"item\":\"https:\/\/lapinedaplatja.info\/es\/\"},{\"@type\":\"ListItem\",\"position\":2,\"name\":\"Patrimonio\",\"item\":\"https:\/\/lapinedaplatja.info\/es\/tipus\/patrimoni-es\/\"},{\"@type\":\"ListItem\",\"position\":3,\"name\":\"Castillo de Vila-seca\"}]},{\"@type\":\"WebSite\",\"@id\":\"https:\/\/lapinedaplatja.info\/es\/#website\",\"url\":\"https:\/\/lapinedaplatja.info\/es\/\",\"name\":\"La Pineda Platja | Vila-seca\",\"description\":\"Destinaci\u00f3 de turisme familiar.\",\"publisher\":{\"@id\":\"https:\/\/lapinedaplatja.info\/es\/#organization\"},\"potentialAction\":[{\"@type\":\"SearchAction\",\"target\":{\"@type\":\"EntryPoint\",\"urlTemplate\":\"https:\/\/lapinedaplatja.info\/es\/?s={search_term_string}\"},\"query-input\":{\"@type\":\"PropertyValueSpecification\",\"valueRequired\":true,\"valueName\":\"search_term_string\"}}],\"inLanguage\":\"es\"},{\"@type\":\"Organization\",\"@id\":\"https:\/\/lapinedaplatja.info\/es\/#organization\",\"name\":\"Patronat Municipal de Turisme de Vila-seca\",\"url\":\"https:\/\/lapinedaplatja.info\/es\/\",\"logo\":{\"@type\":\"ImageObject\",\"inLanguage\":\"es\",\"@id\":\"https:\/\/lapinedaplatja.info\/es\/#\/schema\/logo\/image\/\",\"url\":\"https:\/\/lapinedaplatja.info\/wp-content\/uploads\/2018\/10\/cropped-13260099_989491457837088_3488030785405353200_n.jpg\",\"contentUrl\":\"https:\/\/lapinedaplatja.info\/wp-content\/uploads\/2018\/10\/cropped-13260099_989491457837088_3488030785405353200_n.jpg\",\"width\":600,\"height\":600,\"caption\":\"Patronat Municipal de Turisme de Vila-seca\"},\"image\":{\"@id\":\"https:\/\/lapinedaplatja.info\/es\/#\/schema\/logo\/image\/\"},\"sameAs\":[\"https:\/\/www.facebook.com\/lapinedaplatja\/\",\"https:\/\/x.com\/lapinedaplatja\",\"https:\/\/www.instagram.com\/lapinedaplatja\/\"]}]}<\/script>\n<!-- \/ Yoast SEO plugin. -->","yoast_head_json":{"title":"Castillo de Vila-seca | Vila-seca","description":"El Castell de Vila-seca es uno de los principales puntos de inter\u00e9s del municipio. Declarado Bien Cultural de Inter\u00e9s Nacional, el Castillo est\u00e1 situado","robots":{"index":"index","follow":"follow","max-snippet":"max-snippet:-1","max-image-preview":"max-image-preview:large","max-video-preview":"max-video-preview:-1"},"canonical":"https:\/\/lapinedaplatja.info\/es\/item\/castillo-de-vila-seca\/","og_locale":"es_ES","og_type":"article","og_title":"Castillo de Vila-seca | Vila-seca","og_description":"El Castell de Vila-seca es uno de los principales puntos de inter\u00e9s del municipio. Declarado Bien Cultural de Inter\u00e9s Nacional, el Castillo est\u00e1 situado","og_url":"https:\/\/lapinedaplatja.info\/es\/item\/castillo-de-vila-seca\/","og_site_name":"Vila-seca","article_publisher":"https:\/\/www.facebook.com\/lapinedaplatja\/","article_modified_time":"2026-01-13T11:50:20+00:00","og_image":[{"width":2560,"height":1707,"url":"https:\/\/lapinedaplatja.info\/wp-content\/uploads\/2018\/10\/2025-06-25-CastellVilSeca-005-scaled.jpg","type":"image\/jpeg"}],"twitter_card":"summary_large_image","twitter_site":"@lapinedaplatja","twitter_misc":{"Tiempo de lectura":"4 minutos"},"schema":{"@context":"https:\/\/schema.org","@graph":[{"@type":"WebPage","@id":"https:\/\/lapinedaplatja.info\/es\/item\/castillo-de-vila-seca\/","url":"https:\/\/lapinedaplatja.info\/es\/item\/castillo-de-vila-seca\/","name":"Castillo de Vila-seca | Vila-seca","isPartOf":{"@id":"https:\/\/lapinedaplatja.info\/es\/#website"},"primaryImageOfPage":{"@id":"https:\/\/lapinedaplatja.info\/es\/item\/castillo-de-vila-seca\/#primaryimage"},"image":{"@id":"https:\/\/lapinedaplatja.info\/es\/item\/castillo-de-vila-seca\/#primaryimage"},"thumbnailUrl":"https:\/\/lapinedaplatja.info\/wp-content\/uploads\/2018\/10\/2025-06-25-CastellVilSeca-005-scaled.jpg","datePublished":"2018-10-19T15:20:30+00:00","dateModified":"2026-01-13T11:50:20+00:00","description":"El Castell de Vila-seca es uno de los principales puntos de inter\u00e9s del municipio. Declarado Bien Cultural de Inter\u00e9s Nacional, el Castillo est\u00e1 situado","breadcrumb":{"@id":"https:\/\/lapinedaplatja.info\/es\/item\/castillo-de-vila-seca\/#breadcrumb"},"inLanguage":"es","potentialAction":[{"@type":"ReadAction","target":["https:\/\/lapinedaplatja.info\/es\/item\/castillo-de-vila-seca\/"]}]},{"@type":"ImageObject","inLanguage":"es","@id":"https:\/\/lapinedaplatja.info\/es\/item\/castillo-de-vila-seca\/#primaryimage","url":"https:\/\/lapinedaplatja.info\/wp-content\/uploads\/2018\/10\/2025-06-25-CastellVilSeca-005-scaled.jpg","contentUrl":"https:\/\/lapinedaplatja.info\/wp-content\/uploads\/2018\/10\/2025-06-25-CastellVilSeca-005-scaled.jpg","width":2560,"height":1707},{"@type":"BreadcrumbList","@id":"https:\/\/lapinedaplatja.info\/es\/item\/castillo-de-vila-seca\/#breadcrumb","itemListElement":[{"@type":"ListItem","position":1,"name":"Portada","item":"https:\/\/lapinedaplatja.info\/es\/"},{"@type":"ListItem","position":2,"name":"Patrimonio","item":"https:\/\/lapinedaplatja.info\/es\/tipus\/patrimoni-es\/"},{"@type":"ListItem","position":3,"name":"Castillo de Vila-seca"}]},{"@type":"WebSite","@id":"https:\/\/lapinedaplatja.info\/es\/#website","url":"https:\/\/lapinedaplatja.info\/es\/","name":"La Pineda Platja | Vila-seca","description":"Destinaci\u00f3 de turisme familiar.","publisher":{"@id":"https:\/\/lapinedaplatja.info\/es\/#organization"},"potentialAction":[{"@type":"SearchAction","target":{"@type":"EntryPoint","urlTemplate":"https:\/\/lapinedaplatja.info\/es\/?s={search_term_string}"},"query-input":{"@type":"PropertyValueSpecification","valueRequired":true,"valueName":"search_term_string"}}],"inLanguage":"es"},{"@type":"Organization","@id":"https:\/\/lapinedaplatja.info\/es\/#organization","name":"Patronat Municipal de Turisme de Vila-seca","url":"https:\/\/lapinedaplatja.info\/es\/","logo":{"@type":"ImageObject","inLanguage":"es","@id":"https:\/\/lapinedaplatja.info\/es\/#\/schema\/logo\/image\/","url":"https:\/\/lapinedaplatja.info\/wp-content\/uploads\/2018\/10\/cropped-13260099_989491457837088_3488030785405353200_n.jpg","contentUrl":"https:\/\/lapinedaplatja.info\/wp-content\/uploads\/2018\/10\/cropped-13260099_989491457837088_3488030785405353200_n.jpg","width":600,"height":600,"caption":"Patronat Municipal de Turisme de Vila-seca"},"image":{"@id":"https:\/\/lapinedaplatja.info\/es\/#\/schema\/logo\/image\/"},"sameAs":["https:\/\/www.facebook.com\/lapinedaplatja\/","https:\/\/x.com\/lapinedaplatja","https:\/\/www.instagram.com\/lapinedaplatja\/"]}]}},"_links":{"self":[{"href":"https:\/\/lapinedaplatja.info\/es\/wp-json\/wp\/v2\/portfolio\/6624","targetHints":{"allow":["GET"]}}],"collection":[{"href":"https:\/\/lapinedaplatja.info\/es\/wp-json\/wp\/v2\/portfolio"}],"about":[{"href":"https:\/\/lapinedaplatja.info\/es\/wp-json\/wp\/v2\/types\/portfolio"}],"version-history":[{"count":1,"href":"https:\/\/lapinedaplatja.info\/es\/wp-json\/wp\/v2\/portfolio\/6624\/revisions"}],"predecessor-version":[{"id":36476,"href":"https:\/\/lapinedaplatja.info\/es\/wp-json\/wp\/v2\/portfolio\/6624\/revisions\/36476"}],"wp:featuredmedia":[{"embeddable":true,"href":"https:\/\/lapinedaplatja.info\/es\/wp-json\/wp\/v2\/media\/32163"}],"wp:attachment":[{"href":"https:\/\/lapinedaplatja.info\/es\/wp-json\/wp\/v2\/media?parent=6624"}],"wp:term":[{"taxonomy":"portfolio-types","embeddable":true,"href":"https:\/\/lapinedaplatja.info\/es\/wp-json\/wp\/v2\/portfolio-types?post=6624"}],"curies":[{"name":"wp","href":"https:\/\/api.w.org\/{rel}","templated":true}]}}