{"id":16220,"date":"2021-05-21T12:01:20","date_gmt":"2021-05-21T10:01:20","guid":{"rendered":"https:\/\/lapinedaplatja.info\/item\/vila-seca-el-plaer-de-tornar\/"},"modified":"2021-05-21T13:35:26","modified_gmt":"2021-05-21T11:35:26","slug":"vila-seca-el-plaer-de-tornar","status":"publish","type":"portfolio","link":"https:\/\/lapinedaplatja.info\/fr\/item\/vila-seca-el-plaer-de-tornar\/","title":{"rendered":"Vila-seca, le plaisir de revenir"},"content":{"rendered":"<p>Vous revenez toujours \u00e0 l&rsquo;endroit o\u00f9 vous \u00e9tiez heureux et o\u00f9 vous avez v\u00e9cu des moments m\u00e9morables. Cet \u00e9t\u00e9, Vila-seca vous attend pour vivre des exp\u00e9riences uniques. Profitez de la mer calme. Plages de sable fin et dor\u00e9. Culture et parcs avec histoire. D&rsquo;espaces verts. De plaisir et d&rsquo;adr\u00e9naline.<\/p>\n<p>Vila-seca se distingue par ses 3 kilom\u00e8tres de la<a href=\"https:\/\/lapinedaplatja.info\/fr\/item\/platja\/\"> plage de la Pineda<\/a> et ses eaux calmes, claires et en pente douce, qui en font un lieu id\u00e9al pour en profiter en famille.<\/p>\n<p>Une longue promenade entoure la plage de la Pineda. Son front de mer est l&rsquo;un des plus grands espaces publics urbains ouverts sur la mer de la Costa Dorada. D&rsquo;une grande qualit\u00e9 et d&rsquo;une haute valeur paysag\u00e8re et environnementale, il d\u00e9tient depuis 1999 le drapeau bleu d\u00e9cern\u00e9 par l&rsquo;Association pour l&rsquo;\u00e9ducation \u00e0 l&rsquo;environnement et \u00e0 la consommation (ADEAC).<\/p>\n<p><strong>Espaces verts<\/strong><\/p>\n<p>\u00c0 Vila-seca, vous trouverez la <a href=\"https:\/\/lapinedaplatja.info\/fr\/item\/sequia-major\/\">S\u00e9quia Major<\/a>, la zone humide la plus importante de Catalogne entre le delta de l&rsquo;\u00c8bre et le delta du Llobregat. Avec 17&rsquo;3 hectares, il abrite une grande biodiversit\u00e9 et repr\u00e9sente un important point de passage et de repos pour les oiseaux migrateurs. Les visites durent deux heures et ont lieu d&rsquo;ao\u00fbt \u00e0 f\u00e9vrier.<\/p>\n<p>Entre Vila-seca et la Pineda se trouve le <a href=\"https:\/\/lapinedaplatja.info\/fr\/item\/parc-de-la-torre-den-dolca\/\">Parc de la Torre d\u2019en Dol\u00e7a<\/a> qui, con\u00e7u selon des crit\u00e8res de durabilit\u00e9, est un important poumon vert du territoire. Nomm\u00e9 d&rsquo;apr\u00e8s la tour qui se trouve au milieu du parc, il est int\u00e9gr\u00e9 dans un espace naturel de 37 hectares.<\/p>\n<p>&nbsp;<\/p>\n<p><strong>Des exp\u00e9riences uniques<\/strong><\/p>\n<p>Cet \u00e9t\u00e9, la plage et les espaces verts de la destination deviendront des enclaves o\u00f9 vous pourrez vous reconnecter avec la nature et l&rsquo;environnement, mais aussi avec vous-m\u00eame et ceux que vous aimez le plus. D\u00e9couvrez le lieu de retour des tortues et apprenez \u00e0 reconna\u00eetre leurs traces dans les ateliers familiaux ; p\u00e9n\u00e9trez au c\u0153ur du Parc de la Torre d&rsquo;en Dol\u00e7a en empruntant ses sentiers et impr\u00e9gnez-vous de la nature, des zones humides et des oiseaux dans la S\u00e9quia Mayor.<\/p>\n<p>Redevenez enfant le temps d&rsquo;une journ\u00e9e avec les gymkhanas familiaux et les parcours de parc et faites du sport dans un cadre idyllique avec des activit\u00e9s dirig\u00e9es, comme la zumba, le yoga ou le crossfit, et profitez des installations sportives de Vila-seca, comme le workout ou les espaces sant\u00e9. Et n&rsquo;oubliez pas que toutes ces activit\u00e9s sont gratuites.<\/p>\n<p>Crissez d&rsquo;excitation \u00e0 <a href=\"https:\/\/lapinedaplatja.info\/fr\/item\/portaventura-world\/\">PortAventura World<\/a>, avec ses 3 parcs \u00e0 th\u00e8me: PortAventura Park, Caribe Aquatic Park et Ferrari Land, et glissez sur d&rsquo;incroyables toboggans \u00e0 <a href=\"https:\/\/lapinedaplatja.info\/fr\/item\/aquopolis-costa-daurada\/\">Aquopolis Costa Dorada<\/a>.<\/p>\n<p>Pourquoi vivre des exp\u00e9riences uniques avec votre famille sera le meilleur souvenir de vos vacances. Vila-seca est un endroit qui vous fera revenir.<\/p>\n","protected":false},"featured_media":30166,"template":"","meta":{"_acf_changed":false},"portfolio-types":[163],"class_list":["post-16220","portfolio","type-portfolio","status-publish","has-post-thumbnail","hentry","portfolio-types-vila-seca-pineda-platja-fr"],"acf":[],"yoast_head":"<!-- This site is optimized with the Yoast SEO plugin v26.6 - https:\/\/yoast.com\/wordpress\/plugins\/seo\/ -->\n<title>Vila-seca, le plaisir de revenir | Vila-seca - La Pineda Platja<\/title>\n<meta name=\"description\" content=\"Vous revenez toujours \u00e0 l&#039;endroit o\u00f9 vous \u00e9tiez heureux et o\u00f9 vous avez v\u00e9cu des moments m\u00e9morables. Cet \u00e9t\u00e9, Vila-seca vous attend pour vivre des\" \/>\n<meta name=\"robots\" content=\"index, follow, max-snippet:-1, max-image-preview:large, max-video-preview:-1\" \/>\n<link rel=\"canonical\" href=\"https:\/\/lapinedaplatja.info\/fr\/item\/vila-seca-el-plaer-de-tornar\/\" \/>\n<meta property=\"og:locale\" content=\"fr_FR\" \/>\n<meta property=\"og:type\" content=\"article\" \/>\n<meta property=\"og:title\" content=\"Vila-seca, le plaisir de revenir | Vila-seca - La Pineda Platja\" \/>\n<meta property=\"og:description\" content=\"Vous revenez toujours \u00e0 l&#039;endroit o\u00f9 vous \u00e9tiez heureux et o\u00f9 vous avez v\u00e9cu des moments m\u00e9morables. Cet \u00e9t\u00e9, Vila-seca vous attend pour vivre des\" \/>\n<meta property=\"og:url\" content=\"https:\/\/lapinedaplatja.info\/fr\/item\/vila-seca-el-plaer-de-tornar\/\" \/>\n<meta property=\"og:site_name\" content=\"Vila-seca - La Pineda Platja\" \/>\n<meta property=\"article:publisher\" content=\"https:\/\/www.facebook.com\/lapinedaplatja\/\" \/>\n<meta property=\"article:modified_time\" content=\"2021-05-21T11:35:26+00:00\" \/>\n<meta property=\"og:image\" content=\"https:\/\/lapinedaplatja.info\/wp-content\/uploads\/2019\/03\/capcalera-vila-seca-la-pineda-platja-scaled.webp\" \/>\n\t<meta property=\"og:image:width\" content=\"2560\" \/>\n\t<meta property=\"og:image:height\" content=\"1707\" \/>\n\t<meta property=\"og:image:type\" content=\"image\/webp\" \/>\n<meta name=\"twitter:card\" content=\"summary_large_image\" \/>\n<meta name=\"twitter:site\" content=\"@lapinedaplatja\" \/>\n<meta name=\"twitter:label1\" content=\"Dur\u00e9e de lecture estim\u00e9e\" \/>\n\t<meta name=\"twitter:data1\" content=\"2 minutes\" \/>\n<script type=\"application\/ld+json\" class=\"yoast-schema-graph\">{\"@context\":\"https:\/\/schema.org\",\"@graph\":[{\"@type\":\"WebPage\",\"@id\":\"https:\/\/lapinedaplatja.info\/fr\/item\/vila-seca-el-plaer-de-tornar\/\",\"url\":\"https:\/\/lapinedaplatja.info\/fr\/item\/vila-seca-el-plaer-de-tornar\/\",\"name\":\"Vila-seca, le plaisir de revenir | Vila-seca - La Pineda Platja\",\"isPartOf\":{\"@id\":\"https:\/\/lapinedaplatja.info\/fr\/#website\"},\"primaryImageOfPage\":{\"@id\":\"https:\/\/lapinedaplatja.info\/fr\/item\/vila-seca-el-plaer-de-tornar\/#primaryimage\"},\"image\":{\"@id\":\"https:\/\/lapinedaplatja.info\/fr\/item\/vila-seca-el-plaer-de-tornar\/#primaryimage\"},\"thumbnailUrl\":\"https:\/\/lapinedaplatja.info\/wp-content\/uploads\/2019\/03\/capcalera-vila-seca-la-pineda-platja-scaled.webp\",\"datePublished\":\"2021-05-21T10:01:20+00:00\",\"dateModified\":\"2021-05-21T11:35:26+00:00\",\"description\":\"Vous revenez toujours \u00e0 l'endroit o\u00f9 vous \u00e9tiez heureux et o\u00f9 vous avez v\u00e9cu des moments m\u00e9morables. Cet \u00e9t\u00e9, Vila-seca vous attend pour vivre des\",\"breadcrumb\":{\"@id\":\"https:\/\/lapinedaplatja.info\/fr\/item\/vila-seca-el-plaer-de-tornar\/#breadcrumb\"},\"inLanguage\":\"fr-FR\",\"potentialAction\":[{\"@type\":\"ReadAction\",\"target\":[\"https:\/\/lapinedaplatja.info\/fr\/item\/vila-seca-el-plaer-de-tornar\/\"]}]},{\"@type\":\"ImageObject\",\"inLanguage\":\"fr-FR\",\"@id\":\"https:\/\/lapinedaplatja.info\/fr\/item\/vila-seca-el-plaer-de-tornar\/#primaryimage\",\"url\":\"https:\/\/lapinedaplatja.info\/wp-content\/uploads\/2019\/03\/capcalera-vila-seca-la-pineda-platja-scaled.webp\",\"contentUrl\":\"https:\/\/lapinedaplatja.info\/wp-content\/uploads\/2019\/03\/capcalera-vila-seca-la-pineda-platja-scaled.webp\",\"width\":2560,\"height\":1707},{\"@type\":\"BreadcrumbList\",\"@id\":\"https:\/\/lapinedaplatja.info\/fr\/item\/vila-seca-el-plaer-de-tornar\/#breadcrumb\",\"itemListElement\":[{\"@type\":\"ListItem\",\"position\":1,\"name\":\"Portada\",\"item\":\"https:\/\/lapinedaplatja.info\/fr\/\"},{\"@type\":\"ListItem\",\"position\":2,\"name\":\"Vila-seca, la Pineda Platja\",\"item\":\"https:\/\/lapinedaplatja.info\/fr\/tipus\/vila-seca-pineda-platja-fr\/\"},{\"@type\":\"ListItem\",\"position\":3,\"name\":\"Vila-seca, le plaisir de revenir\"}]},{\"@type\":\"WebSite\",\"@id\":\"https:\/\/lapinedaplatja.info\/fr\/#website\",\"url\":\"https:\/\/lapinedaplatja.info\/fr\/\",\"name\":\"La Pineda Platja | Vila-seca\",\"description\":\"Oficina de Turismo de La Pineda.\",\"publisher\":{\"@id\":\"https:\/\/lapinedaplatja.info\/fr\/#organization\"},\"potentialAction\":[{\"@type\":\"SearchAction\",\"target\":{\"@type\":\"EntryPoint\",\"urlTemplate\":\"https:\/\/lapinedaplatja.info\/fr\/?s={search_term_string}\"},\"query-input\":{\"@type\":\"PropertyValueSpecification\",\"valueRequired\":true,\"valueName\":\"search_term_string\"}}],\"inLanguage\":\"fr-FR\"},{\"@type\":\"Organization\",\"@id\":\"https:\/\/lapinedaplatja.info\/fr\/#organization\",\"name\":\"Patronat Municipal de Turisme de Vila-seca\",\"url\":\"https:\/\/lapinedaplatja.info\/fr\/\",\"logo\":{\"@type\":\"ImageObject\",\"inLanguage\":\"fr-FR\",\"@id\":\"https:\/\/lapinedaplatja.info\/fr\/#\/schema\/logo\/image\/\",\"url\":\"https:\/\/lapinedaplatja.info\/wp-content\/uploads\/2018\/10\/cropped-13260099_989491457837088_3488030785405353200_n.jpg\",\"contentUrl\":\"https:\/\/lapinedaplatja.info\/wp-content\/uploads\/2018\/10\/cropped-13260099_989491457837088_3488030785405353200_n.jpg\",\"width\":600,\"height\":600,\"caption\":\"Patronat Municipal de Turisme de Vila-seca\"},\"image\":{\"@id\":\"https:\/\/lapinedaplatja.info\/fr\/#\/schema\/logo\/image\/\"},\"sameAs\":[\"https:\/\/www.facebook.com\/lapinedaplatja\/\",\"https:\/\/x.com\/lapinedaplatja\",\"https:\/\/www.instagram.com\/lapinedaplatja\/\"]}]}<\/script>\n<!-- \/ Yoast SEO plugin. -->","yoast_head_json":{"title":"Vila-seca, le plaisir de revenir | Vila-seca - La Pineda Platja","description":"Vous revenez toujours \u00e0 l'endroit o\u00f9 vous \u00e9tiez heureux et o\u00f9 vous avez v\u00e9cu des moments m\u00e9morables. Cet \u00e9t\u00e9, Vila-seca vous attend pour vivre des","robots":{"index":"index","follow":"follow","max-snippet":"max-snippet:-1","max-image-preview":"max-image-preview:large","max-video-preview":"max-video-preview:-1"},"canonical":"https:\/\/lapinedaplatja.info\/fr\/item\/vila-seca-el-plaer-de-tornar\/","og_locale":"fr_FR","og_type":"article","og_title":"Vila-seca, le plaisir de revenir | Vila-seca - La Pineda Platja","og_description":"Vous revenez toujours \u00e0 l'endroit o\u00f9 vous \u00e9tiez heureux et o\u00f9 vous avez v\u00e9cu des moments m\u00e9morables. Cet \u00e9t\u00e9, Vila-seca vous attend pour vivre des","og_url":"https:\/\/lapinedaplatja.info\/fr\/item\/vila-seca-el-plaer-de-tornar\/","og_site_name":"Vila-seca - La Pineda Platja","article_publisher":"https:\/\/www.facebook.com\/lapinedaplatja\/","article_modified_time":"2021-05-21T11:35:26+00:00","og_image":[{"width":2560,"height":1707,"url":"https:\/\/lapinedaplatja.info\/wp-content\/uploads\/2019\/03\/capcalera-vila-seca-la-pineda-platja-scaled.webp","type":"image\/webp"}],"twitter_card":"summary_large_image","twitter_site":"@lapinedaplatja","twitter_misc":{"Dur\u00e9e de lecture estim\u00e9e":"2 minutes"},"schema":{"@context":"https:\/\/schema.org","@graph":[{"@type":"WebPage","@id":"https:\/\/lapinedaplatja.info\/fr\/item\/vila-seca-el-plaer-de-tornar\/","url":"https:\/\/lapinedaplatja.info\/fr\/item\/vila-seca-el-plaer-de-tornar\/","name":"Vila-seca, le plaisir de revenir | Vila-seca - La Pineda Platja","isPartOf":{"@id":"https:\/\/lapinedaplatja.info\/fr\/#website"},"primaryImageOfPage":{"@id":"https:\/\/lapinedaplatja.info\/fr\/item\/vila-seca-el-plaer-de-tornar\/#primaryimage"},"image":{"@id":"https:\/\/lapinedaplatja.info\/fr\/item\/vila-seca-el-plaer-de-tornar\/#primaryimage"},"thumbnailUrl":"https:\/\/lapinedaplatja.info\/wp-content\/uploads\/2019\/03\/capcalera-vila-seca-la-pineda-platja-scaled.webp","datePublished":"2021-05-21T10:01:20+00:00","dateModified":"2021-05-21T11:35:26+00:00","description":"Vous revenez toujours \u00e0 l'endroit o\u00f9 vous \u00e9tiez heureux et o\u00f9 vous avez v\u00e9cu des moments m\u00e9morables. Cet \u00e9t\u00e9, Vila-seca vous attend pour vivre des","breadcrumb":{"@id":"https:\/\/lapinedaplatja.info\/fr\/item\/vila-seca-el-plaer-de-tornar\/#breadcrumb"},"inLanguage":"fr-FR","potentialAction":[{"@type":"ReadAction","target":["https:\/\/lapinedaplatja.info\/fr\/item\/vila-seca-el-plaer-de-tornar\/"]}]},{"@type":"ImageObject","inLanguage":"fr-FR","@id":"https:\/\/lapinedaplatja.info\/fr\/item\/vila-seca-el-plaer-de-tornar\/#primaryimage","url":"https:\/\/lapinedaplatja.info\/wp-content\/uploads\/2019\/03\/capcalera-vila-seca-la-pineda-platja-scaled.webp","contentUrl":"https:\/\/lapinedaplatja.info\/wp-content\/uploads\/2019\/03\/capcalera-vila-seca-la-pineda-platja-scaled.webp","width":2560,"height":1707},{"@type":"BreadcrumbList","@id":"https:\/\/lapinedaplatja.info\/fr\/item\/vila-seca-el-plaer-de-tornar\/#breadcrumb","itemListElement":[{"@type":"ListItem","position":1,"name":"Portada","item":"https:\/\/lapinedaplatja.info\/fr\/"},{"@type":"ListItem","position":2,"name":"Vila-seca, la Pineda Platja","item":"https:\/\/lapinedaplatja.info\/fr\/tipus\/vila-seca-pineda-platja-fr\/"},{"@type":"ListItem","position":3,"name":"Vila-seca, le plaisir de revenir"}]},{"@type":"WebSite","@id":"https:\/\/lapinedaplatja.info\/fr\/#website","url":"https:\/\/lapinedaplatja.info\/fr\/","name":"La Pineda Platja | Vila-seca","description":"Oficina de Turismo de La Pineda.","publisher":{"@id":"https:\/\/lapinedaplatja.info\/fr\/#organization"},"potentialAction":[{"@type":"SearchAction","target":{"@type":"EntryPoint","urlTemplate":"https:\/\/lapinedaplatja.info\/fr\/?s={search_term_string}"},"query-input":{"@type":"PropertyValueSpecification","valueRequired":true,"valueName":"search_term_string"}}],"inLanguage":"fr-FR"},{"@type":"Organization","@id":"https:\/\/lapinedaplatja.info\/fr\/#organization","name":"Patronat Municipal de Turisme de Vila-seca","url":"https:\/\/lapinedaplatja.info\/fr\/","logo":{"@type":"ImageObject","inLanguage":"fr-FR","@id":"https:\/\/lapinedaplatja.info\/fr\/#\/schema\/logo\/image\/","url":"https:\/\/lapinedaplatja.info\/wp-content\/uploads\/2018\/10\/cropped-13260099_989491457837088_3488030785405353200_n.jpg","contentUrl":"https:\/\/lapinedaplatja.info\/wp-content\/uploads\/2018\/10\/cropped-13260099_989491457837088_3488030785405353200_n.jpg","width":600,"height":600,"caption":"Patronat Municipal de Turisme de Vila-seca"},"image":{"@id":"https:\/\/lapinedaplatja.info\/fr\/#\/schema\/logo\/image\/"},"sameAs":["https:\/\/www.facebook.com\/lapinedaplatja\/","https:\/\/x.com\/lapinedaplatja","https:\/\/www.instagram.com\/lapinedaplatja\/"]}]}},"_links":{"self":[{"href":"https:\/\/lapinedaplatja.info\/fr\/wp-json\/wp\/v2\/portfolio\/16220","targetHints":{"allow":["GET"]}}],"collection":[{"href":"https:\/\/lapinedaplatja.info\/fr\/wp-json\/wp\/v2\/portfolio"}],"about":[{"href":"https:\/\/lapinedaplatja.info\/fr\/wp-json\/wp\/v2\/types\/portfolio"}],"version-history":[{"count":0,"href":"https:\/\/lapinedaplatja.info\/fr\/wp-json\/wp\/v2\/portfolio\/16220\/revisions"}],"wp:featuredmedia":[{"embeddable":true,"href":"https:\/\/lapinedaplatja.info\/fr\/wp-json\/wp\/v2\/media\/30166"}],"wp:attachment":[{"href":"https:\/\/lapinedaplatja.info\/fr\/wp-json\/wp\/v2\/media?parent=16220"}],"wp:term":[{"taxonomy":"portfolio-types","embeddable":true,"href":"https:\/\/lapinedaplatja.info\/fr\/wp-json\/wp\/v2\/portfolio-types?post=16220"}],"curies":[{"name":"wp","href":"https:\/\/api.w.org\/{rel}","templated":true}]}}