{"id":9430,"date":"2018-10-19T15:20:30","date_gmt":"2018-10-19T15:20:30","guid":{"rendered":"http:\/\/lapinedaplatja.info\/item\/castell-de-vila-seca\/"},"modified":"2025-09-09T11:11:53","modified_gmt":"2025-09-09T09:11:53","slug":"castell-de-vila-seca","status":"publish","type":"portfolio","link":"https:\/\/lapinedaplatja.info\/fr\/objet\/chateau-de-vila-seca\/","title":{"rendered":"Ch\u00e2teau de Vila-seca"},"content":{"rendered":"\n<p>Le Castell de Vila-seca (Ch\u00e2teau) est l\u2019un des principaux points d\u2019int\u00e9r\u00eat de la commune. D\u00e9clar\u00e9 Bien culturel d\u2019int\u00e9r\u00eat national,&nbsp; le ch\u00e2teau est situ\u00e9 au Nord de la commune, tr\u00e8s proche d\u2019el Celler de Vila-seca, et est mis en valeur par sa silhouette svelte envelopp\u00e9e par une pin\u00e8de \u00e9paisse.<\/p>\n\n\n\n<p>Le b\u00e2timent a subi diff\u00e9rentes modifications au fil des ann\u00e9es, du fait de ses changements de propri\u00e9taires, donnant naissance \u00e0 un b\u00e2timent d\u2019aspect n\u00e9o-m\u00e9di\u00e9val. Il s\u2019agit d\u2019une construction rectangulaire, avec un rez-de-chauss\u00e9e et deux \u00e9tages. Il dispose de grandes fen\u00eatres \u00e0 l\u2019\u00e9tage noble ainsi que des balcons saillant de la tour angulaire. La Tour d\u2019els Olzina, dont certains historiens attribuent les origines \u00e0 l\u2019\u00e9poque romaine, est la partie la plus ancienne du ch\u00e2teau actuel. Cette tour de plan quadrangulaire pr\u00e9sente un p\u00e9rim\u00e8tre int\u00e9rieur de 5,10 x 4,25 m. Ses murs ext\u00e9rieurs, construits avec de grands carreaux, ont une \u00e9paisseur atteignant presque les deux m\u00e8tres.<\/p>\n\n\n\n<p>Le conseil municipal de Vila-seca a acquis le Castell dels Comtes de Sicart en 2005 et l&rsquo;a r\u00e9nov\u00e9 en plusieurs phases. Le Castell est aujourd&rsquo;hui un espace d&rsquo;exposition d&rsquo;art contemporain, fruit d&rsquo;un accord de collaboration entre la Fundaci\u00f3 Vila Casas et l&rsquo;Ajuntament de Vila-seca.<\/p>\n\n\n\n<p>Le ch\u00e2teau de Vila-seca est l\u2019un des \u00e9l\u00e9ments du circuit permettant de d\u00e9couvrir la vieille ville de Vila-seca \u00e0 travers des monuments patrimoniaux qui affichent un\u00a0<a href=\"https:\/\/lapinedaplatja.info\/fr\/item\/ruta-qr\/\">code QR<\/a>.<style>#aab_accordion_5071e689_0 {  }<\/style><\/p>\n\n\n\n<div class=\"custom-css-block\"><style>#aab_accordion_bf9957e3_0 {  }<\/style><\/div><div class=\"wp-block-aab-accordion-block aab__accordion_container  accessibilityOn\" style=\"margin-top:0px;margin-bottom:15px;border:1px solid #bcb6b638\" id=\"aab_accordion_bf9957e3_0\" role=\"button\" aria-expanded=\"false\" tabindex=\"0\"><div class=\"aab__accordion_head aab_right_icon  \" style=\"background-color:#bcb6b638;border-top:none;border-right:none;border-bottom:none;border-left:none\"><div class=\"aab__accordion_heading aab_right_icon aab_right_link\"><div class=\"head_content_wrapper\"><div class=\"title_wrapper\"><h5 class=\"aab__accordion_title\" style=\"margin:0\">Un peu d&rsquo;historie<\/h5><\/div><p class=\"aab__accordion_subheading\" placeholder=\"\" style=\"margin:5px 0 0 0\"><\/p><\/div><\/div><div class=\"aab__accordion_icon\" style=\"border:0px solid transparent\"><span class=\"aab__icon dashicons dashicons-plus-alt2\" style=\"font-size:23px\"><\/span><\/div><\/div><div class=\"aab__accordion_body  \" role=\"region\" style=\"display:none;border-top:1px solid #bcb6b638;border-right:none;border-bottom:none;border-left:none\"><div class=\"aab__accordion_component\">\n<p>Le Ch\u00e2teau de Vila-seca date de l\u2019\u00e9poque du repeuplement chr\u00e9tien au Camp de Tarragone. La Tour dels Olzina \u00e9tait, entre 1162 et 1168, la tour de d\u00e9fense de l\u2019enceinte seigneuriale de Vila-seca dels Olzina, co\u00efncidant avec la colonisation chr\u00e9tienne des lieux. L\u2019enceinte fortifi\u00e9e servait \u00e0 prot\u00e9ger les personnes, les animaux, les r\u00e9serves, etc. des pilleurs de l\u2019\u00e9poque. Au cours de cette p\u00e9riode, le ch\u00e2teau \u00e9tait la propri\u00e9t\u00e9 des Olzina, gr\u00e2ce au don fait par les Seigneurs du Camp de Tarragone en faveur du chevalier Ramon d\u2019Olzina. Le noyau de population de Vila-seca dels Olzina \u00e9tait donc form\u00e9 par quelques maisons \u00e9lev\u00e9es \u00e0 proximit\u00e9 du ch\u00e2teau.<\/p>\n\n\n\n<p>Entre les ann\u00e9es 1437 et 1525, la seigneurie de Vila-seca dels Olzina f\u00fbt une juridiction de la famille Saportella, Tadeu de Saportella \u00e9tant celui qui, en 1525, vendit le ch\u00e2teau et ses terres \u00e0 l\u2019archev\u00eaque Pere de Cardona, qui \u00e9tait d\u00e9j\u00e0 seigneur de la ville voisine Vila-seca el Com\u00fa. Avec cet achat du ch\u00e2teau par l\u2019archev\u00eaque, l\u2019unification des deux villes Vila-seca s\u2019est produite et l\u2019ensemble des deux territoires adopt\u00e8rent le nom de Vila-seca dels Olzina.<\/p>\n\n\n\n<p>\u00c0 partir de ce moment, qui co\u00efncide avec l\u2019\u00e9poque \u00e0 laquelle les seigneurs ont abandonn\u00e9 la forteresse sans confort, qui f\u00fbt jadis le berceau des anc\u00eatres, pour construire un logement presque palais, ouvertement plus luxueux et confortable, le ch\u00e2teau est pratiquement devenu une r\u00e9sidence seigneuriale.<\/p>\n\n\n\n<p>L\u2019archev\u00eaque Pere de Cardona revendit le ch\u00e2teau aux alentours de 1680 \u00e0 Joan Kies Helmont, consul de Hollande \u00e0 Barcelone, qui f\u00fbt l\u2019un des promoteurs des usines d\u2019eau de vie au Camp de Tarragone.<\/p>\n\n\n\n<p>Les successeurs de Joan Kies furent propri\u00e9taires du ch\u00e2teau jusqu\u2019au 31&nbsp;d\u00e9cembre 1899. Ce jour-l\u00e0, le ch\u00e2teau et ses terres furent acquis par le seigneur Isidre Sicart i Torrents, Comte de Sicart, qui transformera la maison sous le projet et la direction de l\u2019architecte Enric Fatj\u00f3 i Torras.<\/p>\n<\/div><\/div><\/div>\n","protected":false},"featured_media":32160,"template":"","meta":{"_acf_changed":false},"portfolio-types":[165],"class_list":["post-9430","portfolio","type-portfolio","status-publish","has-post-thumbnail","hentry","portfolio-types-patrimoni-fr"],"acf":[],"yoast_head":"<!-- This site is optimized with the Yoast SEO plugin v26.6 - https:\/\/yoast.com\/wordpress\/plugins\/seo\/ -->\n<title>Ch\u00e2teau de Vila-seca | Vila-seca - La Pineda Platja<\/title>\n<meta name=\"description\" content=\"Le Castell de Vila-seca (Ch\u00e2teau) est l\u2019un des principaux points d\u2019int\u00e9r\u00eat de la commune. D\u00e9clar\u00e9 Bien culturel d\u2019int\u00e9r\u00eat national,&nbsp; le ch\u00e2teau est\" \/>\n<meta name=\"robots\" content=\"index, follow, max-snippet:-1, max-image-preview:large, max-video-preview:-1\" \/>\n<link rel=\"canonical\" href=\"https:\/\/lapinedaplatja.info\/fr\/objet\/chateau-de-vila-seca\/\" \/>\n<meta property=\"og:locale\" content=\"fr_FR\" \/>\n<meta property=\"og:type\" content=\"article\" \/>\n<meta property=\"og:title\" content=\"Ch\u00e2teau de Vila-seca | Vila-seca - La Pineda Platja\" \/>\n<meta property=\"og:description\" content=\"Le Castell de Vila-seca (Ch\u00e2teau) est l\u2019un des principaux points d\u2019int\u00e9r\u00eat de la commune. D\u00e9clar\u00e9 Bien culturel d\u2019int\u00e9r\u00eat national,&nbsp; le ch\u00e2teau est\" \/>\n<meta property=\"og:url\" content=\"https:\/\/lapinedaplatja.info\/fr\/objet\/chateau-de-vila-seca\/\" \/>\n<meta property=\"og:site_name\" content=\"Vila-seca - La Pineda Platja\" \/>\n<meta property=\"article:publisher\" content=\"https:\/\/www.facebook.com\/lapinedaplatja\/\" \/>\n<meta property=\"article:modified_time\" content=\"2025-09-09T09:11:53+00:00\" \/>\n<meta property=\"og:image\" content=\"https:\/\/lapinedaplatja.info\/wp-content\/uploads\/2018\/10\/2025-06-25-CastellVilSeca-005-scaled.jpg\" \/>\n\t<meta property=\"og:image:width\" content=\"2560\" \/>\n\t<meta property=\"og:image:height\" content=\"1707\" \/>\n\t<meta property=\"og:image:type\" content=\"image\/jpeg\" \/>\n<meta name=\"twitter:card\" content=\"summary_large_image\" \/>\n<meta name=\"twitter:site\" content=\"@lapinedaplatja\" \/>\n<meta name=\"twitter:label1\" content=\"Dur\u00e9e de lecture estim\u00e9e\" \/>\n\t<meta name=\"twitter:data1\" content=\"4 minutes\" \/>\n<script type=\"application\/ld+json\" class=\"yoast-schema-graph\">{\"@context\":\"https:\/\/schema.org\",\"@graph\":[{\"@type\":\"WebPage\",\"@id\":\"https:\/\/lapinedaplatja.info\/fr\/objet\/chateau-de-vila-seca\/\",\"url\":\"https:\/\/lapinedaplatja.info\/fr\/objet\/chateau-de-vila-seca\/\",\"name\":\"Ch\u00e2teau de Vila-seca | Vila-seca - La Pineda Platja\",\"isPartOf\":{\"@id\":\"https:\/\/lapinedaplatja.info\/fr\/#website\"},\"primaryImageOfPage\":{\"@id\":\"https:\/\/lapinedaplatja.info\/fr\/objet\/chateau-de-vila-seca\/#primaryimage\"},\"image\":{\"@id\":\"https:\/\/lapinedaplatja.info\/fr\/objet\/chateau-de-vila-seca\/#primaryimage\"},\"thumbnailUrl\":\"https:\/\/lapinedaplatja.info\/wp-content\/uploads\/2018\/10\/2025-06-25-CastellVilSeca-005-scaled.jpg\",\"datePublished\":\"2018-10-19T15:20:30+00:00\",\"dateModified\":\"2025-09-09T09:11:53+00:00\",\"description\":\"Le Castell de Vila-seca (Ch\u00e2teau) est l\u2019un des principaux points d\u2019int\u00e9r\u00eat de la commune. D\u00e9clar\u00e9 Bien culturel d\u2019int\u00e9r\u00eat national,&nbsp; le ch\u00e2teau est\",\"breadcrumb\":{\"@id\":\"https:\/\/lapinedaplatja.info\/fr\/objet\/chateau-de-vila-seca\/#breadcrumb\"},\"inLanguage\":\"fr-FR\",\"potentialAction\":[{\"@type\":\"ReadAction\",\"target\":[\"https:\/\/lapinedaplatja.info\/fr\/objet\/chateau-de-vila-seca\/\"]}]},{\"@type\":\"ImageObject\",\"inLanguage\":\"fr-FR\",\"@id\":\"https:\/\/lapinedaplatja.info\/fr\/objet\/chateau-de-vila-seca\/#primaryimage\",\"url\":\"https:\/\/lapinedaplatja.info\/wp-content\/uploads\/2018\/10\/2025-06-25-CastellVilSeca-005-scaled.jpg\",\"contentUrl\":\"https:\/\/lapinedaplatja.info\/wp-content\/uploads\/2018\/10\/2025-06-25-CastellVilSeca-005-scaled.jpg\",\"width\":2560,\"height\":1707},{\"@type\":\"BreadcrumbList\",\"@id\":\"https:\/\/lapinedaplatja.info\/fr\/objet\/chateau-de-vila-seca\/#breadcrumb\",\"itemListElement\":[{\"@type\":\"ListItem\",\"position\":1,\"name\":\"Portada\",\"item\":\"https:\/\/lapinedaplatja.info\/fr\/\"},{\"@type\":\"ListItem\",\"position\":2,\"name\":\"Patrimoine\",\"item\":\"https:\/\/lapinedaplatja.info\/fr\/tipus\/patrimoni-fr\/\"},{\"@type\":\"ListItem\",\"position\":3,\"name\":\"Ch\u00e2teau de Vila-seca\"}]},{\"@type\":\"WebSite\",\"@id\":\"https:\/\/lapinedaplatja.info\/fr\/#website\",\"url\":\"https:\/\/lapinedaplatja.info\/fr\/\",\"name\":\"La Pineda Platja | Vila-seca\",\"description\":\"Oficina de Turismo de La Pineda.\",\"publisher\":{\"@id\":\"https:\/\/lapinedaplatja.info\/fr\/#organization\"},\"potentialAction\":[{\"@type\":\"SearchAction\",\"target\":{\"@type\":\"EntryPoint\",\"urlTemplate\":\"https:\/\/lapinedaplatja.info\/fr\/?s={search_term_string}\"},\"query-input\":{\"@type\":\"PropertyValueSpecification\",\"valueRequired\":true,\"valueName\":\"search_term_string\"}}],\"inLanguage\":\"fr-FR\"},{\"@type\":\"Organization\",\"@id\":\"https:\/\/lapinedaplatja.info\/fr\/#organization\",\"name\":\"Patronat Municipal de Turisme de Vila-seca\",\"url\":\"https:\/\/lapinedaplatja.info\/fr\/\",\"logo\":{\"@type\":\"ImageObject\",\"inLanguage\":\"fr-FR\",\"@id\":\"https:\/\/lapinedaplatja.info\/fr\/#\/schema\/logo\/image\/\",\"url\":\"https:\/\/lapinedaplatja.info\/wp-content\/uploads\/2018\/10\/cropped-13260099_989491457837088_3488030785405353200_n.jpg\",\"contentUrl\":\"https:\/\/lapinedaplatja.info\/wp-content\/uploads\/2018\/10\/cropped-13260099_989491457837088_3488030785405353200_n.jpg\",\"width\":600,\"height\":600,\"caption\":\"Patronat Municipal de Turisme de Vila-seca\"},\"image\":{\"@id\":\"https:\/\/lapinedaplatja.info\/fr\/#\/schema\/logo\/image\/\"},\"sameAs\":[\"https:\/\/www.facebook.com\/lapinedaplatja\/\",\"https:\/\/x.com\/lapinedaplatja\",\"https:\/\/www.instagram.com\/lapinedaplatja\/\"]}]}<\/script>\n<!-- \/ Yoast SEO plugin. -->","yoast_head_json":{"title":"Ch\u00e2teau de Vila-seca | Vila-seca - La Pineda Platja","description":"Le Castell de Vila-seca (Ch\u00e2teau) est l\u2019un des principaux points d\u2019int\u00e9r\u00eat de la commune. D\u00e9clar\u00e9 Bien culturel d\u2019int\u00e9r\u00eat national,&nbsp; le ch\u00e2teau est","robots":{"index":"index","follow":"follow","max-snippet":"max-snippet:-1","max-image-preview":"max-image-preview:large","max-video-preview":"max-video-preview:-1"},"canonical":"https:\/\/lapinedaplatja.info\/fr\/objet\/chateau-de-vila-seca\/","og_locale":"fr_FR","og_type":"article","og_title":"Ch\u00e2teau de Vila-seca | Vila-seca - La Pineda Platja","og_description":"Le Castell de Vila-seca (Ch\u00e2teau) est l\u2019un des principaux points d\u2019int\u00e9r\u00eat de la commune. D\u00e9clar\u00e9 Bien culturel d\u2019int\u00e9r\u00eat national,&nbsp; le ch\u00e2teau est","og_url":"https:\/\/lapinedaplatja.info\/fr\/objet\/chateau-de-vila-seca\/","og_site_name":"Vila-seca - La Pineda Platja","article_publisher":"https:\/\/www.facebook.com\/lapinedaplatja\/","article_modified_time":"2025-09-09T09:11:53+00:00","og_image":[{"width":2560,"height":1707,"url":"https:\/\/lapinedaplatja.info\/wp-content\/uploads\/2018\/10\/2025-06-25-CastellVilSeca-005-scaled.jpg","type":"image\/jpeg"}],"twitter_card":"summary_large_image","twitter_site":"@lapinedaplatja","twitter_misc":{"Dur\u00e9e de lecture estim\u00e9e":"4 minutes"},"schema":{"@context":"https:\/\/schema.org","@graph":[{"@type":"WebPage","@id":"https:\/\/lapinedaplatja.info\/fr\/objet\/chateau-de-vila-seca\/","url":"https:\/\/lapinedaplatja.info\/fr\/objet\/chateau-de-vila-seca\/","name":"Ch\u00e2teau de Vila-seca | Vila-seca - La Pineda Platja","isPartOf":{"@id":"https:\/\/lapinedaplatja.info\/fr\/#website"},"primaryImageOfPage":{"@id":"https:\/\/lapinedaplatja.info\/fr\/objet\/chateau-de-vila-seca\/#primaryimage"},"image":{"@id":"https:\/\/lapinedaplatja.info\/fr\/objet\/chateau-de-vila-seca\/#primaryimage"},"thumbnailUrl":"https:\/\/lapinedaplatja.info\/wp-content\/uploads\/2018\/10\/2025-06-25-CastellVilSeca-005-scaled.jpg","datePublished":"2018-10-19T15:20:30+00:00","dateModified":"2025-09-09T09:11:53+00:00","description":"Le Castell de Vila-seca (Ch\u00e2teau) est l\u2019un des principaux points d\u2019int\u00e9r\u00eat de la commune. D\u00e9clar\u00e9 Bien culturel d\u2019int\u00e9r\u00eat national,&nbsp; le ch\u00e2teau est","breadcrumb":{"@id":"https:\/\/lapinedaplatja.info\/fr\/objet\/chateau-de-vila-seca\/#breadcrumb"},"inLanguage":"fr-FR","potentialAction":[{"@type":"ReadAction","target":["https:\/\/lapinedaplatja.info\/fr\/objet\/chateau-de-vila-seca\/"]}]},{"@type":"ImageObject","inLanguage":"fr-FR","@id":"https:\/\/lapinedaplatja.info\/fr\/objet\/chateau-de-vila-seca\/#primaryimage","url":"https:\/\/lapinedaplatja.info\/wp-content\/uploads\/2018\/10\/2025-06-25-CastellVilSeca-005-scaled.jpg","contentUrl":"https:\/\/lapinedaplatja.info\/wp-content\/uploads\/2018\/10\/2025-06-25-CastellVilSeca-005-scaled.jpg","width":2560,"height":1707},{"@type":"BreadcrumbList","@id":"https:\/\/lapinedaplatja.info\/fr\/objet\/chateau-de-vila-seca\/#breadcrumb","itemListElement":[{"@type":"ListItem","position":1,"name":"Portada","item":"https:\/\/lapinedaplatja.info\/fr\/"},{"@type":"ListItem","position":2,"name":"Patrimoine","item":"https:\/\/lapinedaplatja.info\/fr\/tipus\/patrimoni-fr\/"},{"@type":"ListItem","position":3,"name":"Ch\u00e2teau de Vila-seca"}]},{"@type":"WebSite","@id":"https:\/\/lapinedaplatja.info\/fr\/#website","url":"https:\/\/lapinedaplatja.info\/fr\/","name":"La Pineda Platja | Vila-seca","description":"Oficina de Turismo de La Pineda.","publisher":{"@id":"https:\/\/lapinedaplatja.info\/fr\/#organization"},"potentialAction":[{"@type":"SearchAction","target":{"@type":"EntryPoint","urlTemplate":"https:\/\/lapinedaplatja.info\/fr\/?s={search_term_string}"},"query-input":{"@type":"PropertyValueSpecification","valueRequired":true,"valueName":"search_term_string"}}],"inLanguage":"fr-FR"},{"@type":"Organization","@id":"https:\/\/lapinedaplatja.info\/fr\/#organization","name":"Patronat Municipal de Turisme de Vila-seca","url":"https:\/\/lapinedaplatja.info\/fr\/","logo":{"@type":"ImageObject","inLanguage":"fr-FR","@id":"https:\/\/lapinedaplatja.info\/fr\/#\/schema\/logo\/image\/","url":"https:\/\/lapinedaplatja.info\/wp-content\/uploads\/2018\/10\/cropped-13260099_989491457837088_3488030785405353200_n.jpg","contentUrl":"https:\/\/lapinedaplatja.info\/wp-content\/uploads\/2018\/10\/cropped-13260099_989491457837088_3488030785405353200_n.jpg","width":600,"height":600,"caption":"Patronat Municipal de Turisme de Vila-seca"},"image":{"@id":"https:\/\/lapinedaplatja.info\/fr\/#\/schema\/logo\/image\/"},"sameAs":["https:\/\/www.facebook.com\/lapinedaplatja\/","https:\/\/x.com\/lapinedaplatja","https:\/\/www.instagram.com\/lapinedaplatja\/"]}]}},"_links":{"self":[{"href":"https:\/\/lapinedaplatja.info\/fr\/wp-json\/wp\/v2\/portfolio\/9430","targetHints":{"allow":["GET"]}}],"collection":[{"href":"https:\/\/lapinedaplatja.info\/fr\/wp-json\/wp\/v2\/portfolio"}],"about":[{"href":"https:\/\/lapinedaplatja.info\/fr\/wp-json\/wp\/v2\/types\/portfolio"}],"version-history":[{"count":0,"href":"https:\/\/lapinedaplatja.info\/fr\/wp-json\/wp\/v2\/portfolio\/9430\/revisions"}],"wp:featuredmedia":[{"embeddable":true,"href":"https:\/\/lapinedaplatja.info\/fr\/wp-json\/wp\/v2\/media\/32160"}],"wp:attachment":[{"href":"https:\/\/lapinedaplatja.info\/fr\/wp-json\/wp\/v2\/media?parent=9430"}],"wp:term":[{"taxonomy":"portfolio-types","embeddable":true,"href":"https:\/\/lapinedaplatja.info\/fr\/wp-json\/wp\/v2\/portfolio-types?post=9430"}],"curies":[{"name":"wp","href":"https:\/\/api.w.org\/{rel}","templated":true}]}}