{"id":9472,"date":"2019-03-22T10:21:42","date_gmt":"2019-03-22T10:21:42","guid":{"rendered":"http:\/\/lapinedaplatja.info\/item\/universitat-i-excellencia\/"},"modified":"2025-08-27T12:38:56","modified_gmt":"2025-08-27T10:38:56","slug":"universitat-i-excellencia","status":"publish","type":"portfolio","link":"https:\/\/lapinedaplatja.info\/fr\/item\/universitat-i-excellencia\/","title":{"rendered":"Universit\u00e9 et Excellence"},"content":{"rendered":"<p>Vila-seca mise sur le d\u00e9veloppement de projets enracin\u00e9s dans le territoire avec la volont\u00e9 de donner de l\u2019\u00e9lan \u00e0 son tissu \u00e9conomique, social et culturel \u00e0 travers le Campus Vila-seca. Dans ce sens, la Mairie, en collaboration avec l\u2019Universit\u00e9 Rovira i Virgili et la Federaci\u00f3 Empresarial d\u2019Hostaleria i Turisme de la Prov\u00edncia de Tarragona (FEHT \u2013 <em>la F\u00e9d\u00e9ration d\u2019entreprises de l\u2019h\u00f4tellerie et du tourisme de la Province de Tarragone<\/em>), a encourag\u00e9 en 2006 le Parc Cient\u00edfic i Tecnol\u00f2gic de Turisme i Oci (PCT \u2013 <em>Parc scientifique et technologique du tourisme et des loisirs<\/em>), un centre pionnier consacr\u00e9 \u00e0 la recherche, au d\u00e9veloppement et \u00e0 l\u2019innovation (R+D+i) ainsi qu\u2019au transfert de connaissances dans des domaines li\u00e9s au tourisme.<\/p>\n<p>Le PCT est n\u00e9 dans l\u2019objectif de devenir un centre de connaissance dans le secteur touristique de projection nationale et internationale et de g\u00e9n\u00e9rer un environnement id\u00e9al pour l\u2019innovation touristique sur le territoire, c\u2019est pour cela qu\u2019il profite du soutien institutionnel de la commune. Ses programmes de R+D+i cherchent \u00e0 implanter des applications technologiques innovantes \u00e0 travers le d\u00e9veloppement de diff\u00e9rents projets, dont l\u2019objectif est d\u2019am\u00e9liorer la comp\u00e9titivit\u00e9 du secteur et de la gestion des entreprises touristiques, tout en r\u00e9pondant aux besoins des visiteurs.<\/p>\n<p>Au d\u00e9but de l\u2019ann\u00e9e 2019, le PCT a \u00e9t\u00e9 int\u00e9gr\u00e9 au centre technologique Eurecat dans le but d\u2019encourager l\u2019innovation et la comp\u00e9titivit\u00e9 des destinations et des entreprises touristiques. L\u2019op\u00e9ration a pour cadre la strat\u00e9gie du centre pour consolider les alliances avec des agents du secteur.<\/p>\n<p>\u00c0 proximit\u00e9 du PCT se trouve la Facult\u00e9 de Tourisme et de g\u00e9ographie de l\u2019Universit\u00e9 Rovira i Virgili, dans l\u2019enceinte du Campus Vila-seca, o\u00f9 ont lieu les \u00e9tudes officielles de Tourisme, de g\u00e9ographie et d\u2019am\u00e9nagement du territoire. Les deux structures font partie du Campus d\u2019Excel\u00b7l\u00e8ncia Internacional Catalunya Sud (CEICS \u2013 <em>Campus d\u2019excellence internationale Catalogne Sud<\/em>).<\/p>\n","protected":false},"featured_media":3333,"template":"","meta":{"_acf_changed":false},"portfolio-types":[167],"class_list":["post-9472","portfolio","type-portfolio","status-publish","has-post-thumbnail","hentry","portfolio-types-universitat-excellencia-fr"],"acf":[],"yoast_head":"<!-- This site is optimized with the Yoast SEO plugin v26.6 - https:\/\/yoast.com\/wordpress\/plugins\/seo\/ -->\n<title>Universit\u00e9 et Excellence | Vila-seca - La Pineda Platja<\/title>\n<meta name=\"description\" content=\"Vila-seca mise sur le d\u00e9veloppement de projets enracin\u00e9s dans le territoire avec la volont\u00e9 de donner de l\u2019\u00e9lan \u00e0 son tissu \u00e9conomique, social et culturel\" \/>\n<meta name=\"robots\" content=\"index, follow, max-snippet:-1, max-image-preview:large, max-video-preview:-1\" \/>\n<link rel=\"canonical\" href=\"https:\/\/lapinedaplatja.info\/fr\/item\/universitat-i-excellencia\/\" \/>\n<meta property=\"og:locale\" content=\"fr_FR\" \/>\n<meta property=\"og:type\" content=\"article\" \/>\n<meta property=\"og:title\" content=\"Universit\u00e9 et Excellence | Vila-seca - La Pineda Platja\" \/>\n<meta property=\"og:description\" content=\"Vila-seca mise sur le d\u00e9veloppement de projets enracin\u00e9s dans le territoire avec la volont\u00e9 de donner de l\u2019\u00e9lan \u00e0 son tissu \u00e9conomique, social et culturel\" \/>\n<meta property=\"og:url\" content=\"https:\/\/lapinedaplatja.info\/fr\/item\/universitat-i-excellencia\/\" \/>\n<meta property=\"og:site_name\" content=\"Vila-seca - La Pineda Platja\" \/>\n<meta property=\"article:publisher\" content=\"https:\/\/www.facebook.com\/lapinedaplatja\/\" \/>\n<meta property=\"article:modified_time\" content=\"2025-08-27T10:38:56+00:00\" \/>\n<meta property=\"og:image\" content=\"https:\/\/lapinedaplatja.info\/wp-content\/uploads\/2019\/03\/Campus-Vila-seca2.jpg\" \/>\n\t<meta property=\"og:image:width\" content=\"5616\" \/>\n\t<meta property=\"og:image:height\" content=\"3744\" \/>\n\t<meta property=\"og:image:type\" content=\"image\/jpeg\" \/>\n<meta name=\"twitter:card\" content=\"summary_large_image\" \/>\n<meta name=\"twitter:site\" content=\"@lapinedaplatja\" \/>\n<meta name=\"twitter:label1\" content=\"Dur\u00e9e de lecture estim\u00e9e\" \/>\n\t<meta name=\"twitter:data1\" content=\"2 minutes\" \/>\n<script type=\"application\/ld+json\" class=\"yoast-schema-graph\">{\"@context\":\"https:\/\/schema.org\",\"@graph\":[{\"@type\":\"WebPage\",\"@id\":\"https:\/\/lapinedaplatja.info\/fr\/item\/universitat-i-excellencia\/\",\"url\":\"https:\/\/lapinedaplatja.info\/fr\/item\/universitat-i-excellencia\/\",\"name\":\"Universit\u00e9 et Excellence | Vila-seca - La Pineda Platja\",\"isPartOf\":{\"@id\":\"https:\/\/lapinedaplatja.info\/fr\/#website\"},\"primaryImageOfPage\":{\"@id\":\"https:\/\/lapinedaplatja.info\/fr\/item\/universitat-i-excellencia\/#primaryimage\"},\"image\":{\"@id\":\"https:\/\/lapinedaplatja.info\/fr\/item\/universitat-i-excellencia\/#primaryimage\"},\"thumbnailUrl\":\"https:\/\/lapinedaplatja.info\/wp-content\/uploads\/2019\/03\/Campus-Vila-seca2.jpg\",\"datePublished\":\"2019-03-22T10:21:42+00:00\",\"dateModified\":\"2025-08-27T10:38:56+00:00\",\"description\":\"Vila-seca mise sur le d\u00e9veloppement de projets enracin\u00e9s dans le territoire avec la volont\u00e9 de donner de l\u2019\u00e9lan \u00e0 son tissu \u00e9conomique, social et culturel\",\"breadcrumb\":{\"@id\":\"https:\/\/lapinedaplatja.info\/fr\/item\/universitat-i-excellencia\/#breadcrumb\"},\"inLanguage\":\"fr-FR\",\"potentialAction\":[{\"@type\":\"ReadAction\",\"target\":[\"https:\/\/lapinedaplatja.info\/fr\/item\/universitat-i-excellencia\/\"]}]},{\"@type\":\"ImageObject\",\"inLanguage\":\"fr-FR\",\"@id\":\"https:\/\/lapinedaplatja.info\/fr\/item\/universitat-i-excellencia\/#primaryimage\",\"url\":\"https:\/\/lapinedaplatja.info\/wp-content\/uploads\/2019\/03\/Campus-Vila-seca2.jpg\",\"contentUrl\":\"https:\/\/lapinedaplatja.info\/wp-content\/uploads\/2019\/03\/Campus-Vila-seca2.jpg\",\"width\":5616,\"height\":3744},{\"@type\":\"BreadcrumbList\",\"@id\":\"https:\/\/lapinedaplatja.info\/fr\/item\/universitat-i-excellencia\/#breadcrumb\",\"itemListElement\":[{\"@type\":\"ListItem\",\"position\":1,\"name\":\"Portada\",\"item\":\"https:\/\/lapinedaplatja.info\/fr\/\"},{\"@type\":\"ListItem\",\"position\":2,\"name\":\"Universit\u00e9 et excellence\",\"item\":\"https:\/\/lapinedaplatja.info\/fr\/tipus\/universitat-excellencia-fr\/\"},{\"@type\":\"ListItem\",\"position\":3,\"name\":\"Universit\u00e9 et Excellence\"}]},{\"@type\":\"WebSite\",\"@id\":\"https:\/\/lapinedaplatja.info\/fr\/#website\",\"url\":\"https:\/\/lapinedaplatja.info\/fr\/\",\"name\":\"La Pineda Platja | Vila-seca\",\"description\":\"Oficina de Turismo de La Pineda.\",\"publisher\":{\"@id\":\"https:\/\/lapinedaplatja.info\/fr\/#organization\"},\"potentialAction\":[{\"@type\":\"SearchAction\",\"target\":{\"@type\":\"EntryPoint\",\"urlTemplate\":\"https:\/\/lapinedaplatja.info\/fr\/?s={search_term_string}\"},\"query-input\":{\"@type\":\"PropertyValueSpecification\",\"valueRequired\":true,\"valueName\":\"search_term_string\"}}],\"inLanguage\":\"fr-FR\"},{\"@type\":\"Organization\",\"@id\":\"https:\/\/lapinedaplatja.info\/fr\/#organization\",\"name\":\"Patronat Municipal de Turisme de Vila-seca\",\"url\":\"https:\/\/lapinedaplatja.info\/fr\/\",\"logo\":{\"@type\":\"ImageObject\",\"inLanguage\":\"fr-FR\",\"@id\":\"https:\/\/lapinedaplatja.info\/fr\/#\/schema\/logo\/image\/\",\"url\":\"https:\/\/lapinedaplatja.info\/wp-content\/uploads\/2018\/10\/cropped-13260099_989491457837088_3488030785405353200_n.jpg\",\"contentUrl\":\"https:\/\/lapinedaplatja.info\/wp-content\/uploads\/2018\/10\/cropped-13260099_989491457837088_3488030785405353200_n.jpg\",\"width\":600,\"height\":600,\"caption\":\"Patronat Municipal de Turisme de Vila-seca\"},\"image\":{\"@id\":\"https:\/\/lapinedaplatja.info\/fr\/#\/schema\/logo\/image\/\"},\"sameAs\":[\"https:\/\/www.facebook.com\/lapinedaplatja\/\",\"https:\/\/x.com\/lapinedaplatja\",\"https:\/\/www.instagram.com\/lapinedaplatja\/\"]}]}<\/script>\n<!-- \/ Yoast SEO plugin. -->","yoast_head_json":{"title":"Universit\u00e9 et Excellence | Vila-seca - La Pineda Platja","description":"Vila-seca mise sur le d\u00e9veloppement de projets enracin\u00e9s dans le territoire avec la volont\u00e9 de donner de l\u2019\u00e9lan \u00e0 son tissu \u00e9conomique, social et culturel","robots":{"index":"index","follow":"follow","max-snippet":"max-snippet:-1","max-image-preview":"max-image-preview:large","max-video-preview":"max-video-preview:-1"},"canonical":"https:\/\/lapinedaplatja.info\/fr\/item\/universitat-i-excellencia\/","og_locale":"fr_FR","og_type":"article","og_title":"Universit\u00e9 et Excellence | Vila-seca - La Pineda Platja","og_description":"Vila-seca mise sur le d\u00e9veloppement de projets enracin\u00e9s dans le territoire avec la volont\u00e9 de donner de l\u2019\u00e9lan \u00e0 son tissu \u00e9conomique, social et culturel","og_url":"https:\/\/lapinedaplatja.info\/fr\/item\/universitat-i-excellencia\/","og_site_name":"Vila-seca - La Pineda Platja","article_publisher":"https:\/\/www.facebook.com\/lapinedaplatja\/","article_modified_time":"2025-08-27T10:38:56+00:00","og_image":[{"width":5616,"height":3744,"url":"https:\/\/lapinedaplatja.info\/wp-content\/uploads\/2019\/03\/Campus-Vila-seca2.jpg","type":"image\/jpeg"}],"twitter_card":"summary_large_image","twitter_site":"@lapinedaplatja","twitter_misc":{"Dur\u00e9e de lecture estim\u00e9e":"2 minutes"},"schema":{"@context":"https:\/\/schema.org","@graph":[{"@type":"WebPage","@id":"https:\/\/lapinedaplatja.info\/fr\/item\/universitat-i-excellencia\/","url":"https:\/\/lapinedaplatja.info\/fr\/item\/universitat-i-excellencia\/","name":"Universit\u00e9 et Excellence | Vila-seca - La Pineda Platja","isPartOf":{"@id":"https:\/\/lapinedaplatja.info\/fr\/#website"},"primaryImageOfPage":{"@id":"https:\/\/lapinedaplatja.info\/fr\/item\/universitat-i-excellencia\/#primaryimage"},"image":{"@id":"https:\/\/lapinedaplatja.info\/fr\/item\/universitat-i-excellencia\/#primaryimage"},"thumbnailUrl":"https:\/\/lapinedaplatja.info\/wp-content\/uploads\/2019\/03\/Campus-Vila-seca2.jpg","datePublished":"2019-03-22T10:21:42+00:00","dateModified":"2025-08-27T10:38:56+00:00","description":"Vila-seca mise sur le d\u00e9veloppement de projets enracin\u00e9s dans le territoire avec la volont\u00e9 de donner de l\u2019\u00e9lan \u00e0 son tissu \u00e9conomique, social et culturel","breadcrumb":{"@id":"https:\/\/lapinedaplatja.info\/fr\/item\/universitat-i-excellencia\/#breadcrumb"},"inLanguage":"fr-FR","potentialAction":[{"@type":"ReadAction","target":["https:\/\/lapinedaplatja.info\/fr\/item\/universitat-i-excellencia\/"]}]},{"@type":"ImageObject","inLanguage":"fr-FR","@id":"https:\/\/lapinedaplatja.info\/fr\/item\/universitat-i-excellencia\/#primaryimage","url":"https:\/\/lapinedaplatja.info\/wp-content\/uploads\/2019\/03\/Campus-Vila-seca2.jpg","contentUrl":"https:\/\/lapinedaplatja.info\/wp-content\/uploads\/2019\/03\/Campus-Vila-seca2.jpg","width":5616,"height":3744},{"@type":"BreadcrumbList","@id":"https:\/\/lapinedaplatja.info\/fr\/item\/universitat-i-excellencia\/#breadcrumb","itemListElement":[{"@type":"ListItem","position":1,"name":"Portada","item":"https:\/\/lapinedaplatja.info\/fr\/"},{"@type":"ListItem","position":2,"name":"Universit\u00e9 et excellence","item":"https:\/\/lapinedaplatja.info\/fr\/tipus\/universitat-excellencia-fr\/"},{"@type":"ListItem","position":3,"name":"Universit\u00e9 et Excellence"}]},{"@type":"WebSite","@id":"https:\/\/lapinedaplatja.info\/fr\/#website","url":"https:\/\/lapinedaplatja.info\/fr\/","name":"La Pineda Platja | Vila-seca","description":"Oficina de Turismo de La Pineda.","publisher":{"@id":"https:\/\/lapinedaplatja.info\/fr\/#organization"},"potentialAction":[{"@type":"SearchAction","target":{"@type":"EntryPoint","urlTemplate":"https:\/\/lapinedaplatja.info\/fr\/?s={search_term_string}"},"query-input":{"@type":"PropertyValueSpecification","valueRequired":true,"valueName":"search_term_string"}}],"inLanguage":"fr-FR"},{"@type":"Organization","@id":"https:\/\/lapinedaplatja.info\/fr\/#organization","name":"Patronat Municipal de Turisme de Vila-seca","url":"https:\/\/lapinedaplatja.info\/fr\/","logo":{"@type":"ImageObject","inLanguage":"fr-FR","@id":"https:\/\/lapinedaplatja.info\/fr\/#\/schema\/logo\/image\/","url":"https:\/\/lapinedaplatja.info\/wp-content\/uploads\/2018\/10\/cropped-13260099_989491457837088_3488030785405353200_n.jpg","contentUrl":"https:\/\/lapinedaplatja.info\/wp-content\/uploads\/2018\/10\/cropped-13260099_989491457837088_3488030785405353200_n.jpg","width":600,"height":600,"caption":"Patronat Municipal de Turisme de Vila-seca"},"image":{"@id":"https:\/\/lapinedaplatja.info\/fr\/#\/schema\/logo\/image\/"},"sameAs":["https:\/\/www.facebook.com\/lapinedaplatja\/","https:\/\/x.com\/lapinedaplatja","https:\/\/www.instagram.com\/lapinedaplatja\/"]}]}},"_links":{"self":[{"href":"https:\/\/lapinedaplatja.info\/fr\/wp-json\/wp\/v2\/portfolio\/9472","targetHints":{"allow":["GET"]}}],"collection":[{"href":"https:\/\/lapinedaplatja.info\/fr\/wp-json\/wp\/v2\/portfolio"}],"about":[{"href":"https:\/\/lapinedaplatja.info\/fr\/wp-json\/wp\/v2\/types\/portfolio"}],"version-history":[{"count":0,"href":"https:\/\/lapinedaplatja.info\/fr\/wp-json\/wp\/v2\/portfolio\/9472\/revisions"}],"wp:featuredmedia":[{"embeddable":true,"href":"https:\/\/lapinedaplatja.info\/fr\/wp-json\/wp\/v2\/media\/3333"}],"wp:attachment":[{"href":"https:\/\/lapinedaplatja.info\/fr\/wp-json\/wp\/v2\/media?parent=9472"}],"wp:term":[{"taxonomy":"portfolio-types","embeddable":true,"href":"https:\/\/lapinedaplatja.info\/fr\/wp-json\/wp\/v2\/portfolio-types?post=9472"}],"curies":[{"name":"wp","href":"https:\/\/api.w.org\/{rel}","templated":true}]}}