{"id":9537,"date":"2019-03-28T09:02:00","date_gmt":"2019-03-28T08:02:00","guid":{"rendered":"http:\/\/lapinedaplatja.info\/item\/hotel-palas-pineda\/"},"modified":"2025-08-28T17:06:23","modified_gmt":"2025-08-28T15:06:23","slug":"hotel-palas-pineda","status":"publish","type":"portfolio","link":"https:\/\/lapinedaplatja.info\/fr\/item\/hotel-palas-pineda\/","title":{"rendered":"H\u00f4tel Palas Pineda"},"content":{"rendered":"<p>L\u2019H\u00f4tel Palas Pineda dispose d\u2019un centre de banquets et de r\u00e9unions compos\u00e9 de plusieurs salles o\u00f9 vous pourrez organiser l\u2019\u00e9v\u00e9nement dont vous avez besoin, des grands banquets aux petites r\u00e9unions et f\u00eates.<\/p>\n<p>Il dispose de diff\u00e9rentes salles, toutes d\u2019une capacit\u00e9 allant de 50\u00a0\u00e0 400\u00a0personnes. L\u2019H\u00f4tel Palas Pineda organise \u00e9galement des \u201ccoffee breaks\u201d, des menus \u00a0tout pr\u00eats d\u2019entreprises et dispose d\u2019une zone pour les cocktails.<\/p>\n","protected":false},"featured_media":14383,"template":"","meta":{"_acf_changed":false},"portfolio-types":[176],"class_list":["post-9537","portfolio","type-portfolio","status-publish","has-post-thumbnail","hentry","portfolio-types-negocis-esdeveniments-fr"],"acf":[],"yoast_head":"<!-- This site is optimized with the Yoast SEO plugin v26.6 - https:\/\/yoast.com\/wordpress\/plugins\/seo\/ -->\n<title>H\u00f4tel Palas Pineda | Vila-seca - La Pineda Platja<\/title>\n<meta name=\"description\" content=\"L\u2019H\u00f4tel Palas Pineda dispose d\u2019un centre de banquets et de r\u00e9unions compos\u00e9 de plusieurs salles o\u00f9 vous pourrez organiser l\u2019\u00e9v\u00e9nement dont vous avez\" \/>\n<meta name=\"robots\" content=\"index, follow, max-snippet:-1, max-image-preview:large, max-video-preview:-1\" \/>\n<link rel=\"canonical\" href=\"https:\/\/lapinedaplatja.info\/fr\/item\/hotel-palas-pineda\/\" \/>\n<meta property=\"og:locale\" content=\"fr_FR\" \/>\n<meta property=\"og:type\" content=\"article\" \/>\n<meta property=\"og:title\" content=\"H\u00f4tel Palas Pineda | Vila-seca - La Pineda Platja\" \/>\n<meta property=\"og:description\" content=\"L\u2019H\u00f4tel Palas Pineda dispose d\u2019un centre de banquets et de r\u00e9unions compos\u00e9 de plusieurs salles o\u00f9 vous pourrez organiser l\u2019\u00e9v\u00e9nement dont vous avez\" \/>\n<meta property=\"og:url\" content=\"https:\/\/lapinedaplatja.info\/fr\/item\/hotel-palas-pineda\/\" \/>\n<meta property=\"og:site_name\" content=\"Vila-seca - La Pineda Platja\" \/>\n<meta property=\"article:publisher\" content=\"https:\/\/www.facebook.com\/lapinedaplatja\/\" \/>\n<meta property=\"article:modified_time\" content=\"2025-08-28T15:06:23+00:00\" \/>\n<meta property=\"og:image\" content=\"https:\/\/lapinedaplatja.info\/wp-content\/uploads\/2020\/04\/2020_001_item_hotel-palas-pineda.jpg\" \/>\n\t<meta property=\"og:image:width\" content=\"1440\" \/>\n\t<meta property=\"og:image:height\" content=\"550\" \/>\n\t<meta property=\"og:image:type\" content=\"image\/jpeg\" \/>\n<meta name=\"twitter:card\" content=\"summary_large_image\" \/>\n<meta name=\"twitter:site\" content=\"@lapinedaplatja\" \/>\n<meta name=\"twitter:label1\" content=\"Dur\u00e9e de lecture estim\u00e9e\" \/>\n\t<meta name=\"twitter:data1\" content=\"1 minute\" \/>\n<script type=\"application\/ld+json\" class=\"yoast-schema-graph\">{\"@context\":\"https:\/\/schema.org\",\"@graph\":[{\"@type\":\"WebPage\",\"@id\":\"https:\/\/lapinedaplatja.info\/fr\/item\/hotel-palas-pineda\/\",\"url\":\"https:\/\/lapinedaplatja.info\/fr\/item\/hotel-palas-pineda\/\",\"name\":\"H\u00f4tel Palas Pineda | Vila-seca - La Pineda Platja\",\"isPartOf\":{\"@id\":\"https:\/\/lapinedaplatja.info\/fr\/#website\"},\"primaryImageOfPage\":{\"@id\":\"https:\/\/lapinedaplatja.info\/fr\/item\/hotel-palas-pineda\/#primaryimage\"},\"image\":{\"@id\":\"https:\/\/lapinedaplatja.info\/fr\/item\/hotel-palas-pineda\/#primaryimage\"},\"thumbnailUrl\":\"https:\/\/lapinedaplatja.info\/wp-content\/uploads\/2020\/04\/2020_001_item_hotel-palas-pineda.jpg\",\"datePublished\":\"2019-03-28T08:02:00+00:00\",\"dateModified\":\"2025-08-28T15:06:23+00:00\",\"description\":\"L\u2019H\u00f4tel Palas Pineda dispose d\u2019un centre de banquets et de r\u00e9unions compos\u00e9 de plusieurs salles o\u00f9 vous pourrez organiser l\u2019\u00e9v\u00e9nement dont vous avez\",\"breadcrumb\":{\"@id\":\"https:\/\/lapinedaplatja.info\/fr\/item\/hotel-palas-pineda\/#breadcrumb\"},\"inLanguage\":\"fr-FR\",\"potentialAction\":[{\"@type\":\"ReadAction\",\"target\":[\"https:\/\/lapinedaplatja.info\/fr\/item\/hotel-palas-pineda\/\"]}]},{\"@type\":\"ImageObject\",\"inLanguage\":\"fr-FR\",\"@id\":\"https:\/\/lapinedaplatja.info\/fr\/item\/hotel-palas-pineda\/#primaryimage\",\"url\":\"https:\/\/lapinedaplatja.info\/wp-content\/uploads\/2020\/04\/2020_001_item_hotel-palas-pineda.jpg\",\"contentUrl\":\"https:\/\/lapinedaplatja.info\/wp-content\/uploads\/2020\/04\/2020_001_item_hotel-palas-pineda.jpg\",\"width\":1440,\"height\":550},{\"@type\":\"BreadcrumbList\",\"@id\":\"https:\/\/lapinedaplatja.info\/fr\/item\/hotel-palas-pineda\/#breadcrumb\",\"itemListElement\":[{\"@type\":\"ListItem\",\"position\":1,\"name\":\"Portada\",\"item\":\"https:\/\/lapinedaplatja.info\/fr\/\"},{\"@type\":\"ListItem\",\"position\":2,\"name\":\"Tourisme d\u2019affaires et congr\u00e8s\",\"item\":\"https:\/\/lapinedaplatja.info\/fr\/tipus\/negocis-esdeveniments-fr\/\"},{\"@type\":\"ListItem\",\"position\":3,\"name\":\"H\u00f4tel Palas Pineda\"}]},{\"@type\":\"WebSite\",\"@id\":\"https:\/\/lapinedaplatja.info\/fr\/#website\",\"url\":\"https:\/\/lapinedaplatja.info\/fr\/\",\"name\":\"La Pineda Platja | Vila-seca\",\"description\":\"Oficina de Turismo de La Pineda.\",\"publisher\":{\"@id\":\"https:\/\/lapinedaplatja.info\/fr\/#organization\"},\"potentialAction\":[{\"@type\":\"SearchAction\",\"target\":{\"@type\":\"EntryPoint\",\"urlTemplate\":\"https:\/\/lapinedaplatja.info\/fr\/?s={search_term_string}\"},\"query-input\":{\"@type\":\"PropertyValueSpecification\",\"valueRequired\":true,\"valueName\":\"search_term_string\"}}],\"inLanguage\":\"fr-FR\"},{\"@type\":\"Organization\",\"@id\":\"https:\/\/lapinedaplatja.info\/fr\/#organization\",\"name\":\"Patronat Municipal de Turisme de Vila-seca\",\"url\":\"https:\/\/lapinedaplatja.info\/fr\/\",\"logo\":{\"@type\":\"ImageObject\",\"inLanguage\":\"fr-FR\",\"@id\":\"https:\/\/lapinedaplatja.info\/fr\/#\/schema\/logo\/image\/\",\"url\":\"https:\/\/lapinedaplatja.info\/wp-content\/uploads\/2018\/10\/cropped-13260099_989491457837088_3488030785405353200_n.jpg\",\"contentUrl\":\"https:\/\/lapinedaplatja.info\/wp-content\/uploads\/2018\/10\/cropped-13260099_989491457837088_3488030785405353200_n.jpg\",\"width\":600,\"height\":600,\"caption\":\"Patronat Municipal de Turisme de Vila-seca\"},\"image\":{\"@id\":\"https:\/\/lapinedaplatja.info\/fr\/#\/schema\/logo\/image\/\"},\"sameAs\":[\"https:\/\/www.facebook.com\/lapinedaplatja\/\",\"https:\/\/x.com\/lapinedaplatja\",\"https:\/\/www.instagram.com\/lapinedaplatja\/\"]}]}<\/script>\n<!-- \/ Yoast SEO plugin. -->","yoast_head_json":{"title":"H\u00f4tel Palas Pineda | Vila-seca - La Pineda Platja","description":"L\u2019H\u00f4tel Palas Pineda dispose d\u2019un centre de banquets et de r\u00e9unions compos\u00e9 de plusieurs salles o\u00f9 vous pourrez organiser l\u2019\u00e9v\u00e9nement dont vous avez","robots":{"index":"index","follow":"follow","max-snippet":"max-snippet:-1","max-image-preview":"max-image-preview:large","max-video-preview":"max-video-preview:-1"},"canonical":"https:\/\/lapinedaplatja.info\/fr\/item\/hotel-palas-pineda\/","og_locale":"fr_FR","og_type":"article","og_title":"H\u00f4tel Palas Pineda | Vila-seca - La Pineda Platja","og_description":"L\u2019H\u00f4tel Palas Pineda dispose d\u2019un centre de banquets et de r\u00e9unions compos\u00e9 de plusieurs salles o\u00f9 vous pourrez organiser l\u2019\u00e9v\u00e9nement dont vous avez","og_url":"https:\/\/lapinedaplatja.info\/fr\/item\/hotel-palas-pineda\/","og_site_name":"Vila-seca - La Pineda Platja","article_publisher":"https:\/\/www.facebook.com\/lapinedaplatja\/","article_modified_time":"2025-08-28T15:06:23+00:00","og_image":[{"width":1440,"height":550,"url":"https:\/\/lapinedaplatja.info\/wp-content\/uploads\/2020\/04\/2020_001_item_hotel-palas-pineda.jpg","type":"image\/jpeg"}],"twitter_card":"summary_large_image","twitter_site":"@lapinedaplatja","twitter_misc":{"Dur\u00e9e de lecture estim\u00e9e":"1 minute"},"schema":{"@context":"https:\/\/schema.org","@graph":[{"@type":"WebPage","@id":"https:\/\/lapinedaplatja.info\/fr\/item\/hotel-palas-pineda\/","url":"https:\/\/lapinedaplatja.info\/fr\/item\/hotel-palas-pineda\/","name":"H\u00f4tel Palas Pineda | Vila-seca - La Pineda Platja","isPartOf":{"@id":"https:\/\/lapinedaplatja.info\/fr\/#website"},"primaryImageOfPage":{"@id":"https:\/\/lapinedaplatja.info\/fr\/item\/hotel-palas-pineda\/#primaryimage"},"image":{"@id":"https:\/\/lapinedaplatja.info\/fr\/item\/hotel-palas-pineda\/#primaryimage"},"thumbnailUrl":"https:\/\/lapinedaplatja.info\/wp-content\/uploads\/2020\/04\/2020_001_item_hotel-palas-pineda.jpg","datePublished":"2019-03-28T08:02:00+00:00","dateModified":"2025-08-28T15:06:23+00:00","description":"L\u2019H\u00f4tel Palas Pineda dispose d\u2019un centre de banquets et de r\u00e9unions compos\u00e9 de plusieurs salles o\u00f9 vous pourrez organiser l\u2019\u00e9v\u00e9nement dont vous avez","breadcrumb":{"@id":"https:\/\/lapinedaplatja.info\/fr\/item\/hotel-palas-pineda\/#breadcrumb"},"inLanguage":"fr-FR","potentialAction":[{"@type":"ReadAction","target":["https:\/\/lapinedaplatja.info\/fr\/item\/hotel-palas-pineda\/"]}]},{"@type":"ImageObject","inLanguage":"fr-FR","@id":"https:\/\/lapinedaplatja.info\/fr\/item\/hotel-palas-pineda\/#primaryimage","url":"https:\/\/lapinedaplatja.info\/wp-content\/uploads\/2020\/04\/2020_001_item_hotel-palas-pineda.jpg","contentUrl":"https:\/\/lapinedaplatja.info\/wp-content\/uploads\/2020\/04\/2020_001_item_hotel-palas-pineda.jpg","width":1440,"height":550},{"@type":"BreadcrumbList","@id":"https:\/\/lapinedaplatja.info\/fr\/item\/hotel-palas-pineda\/#breadcrumb","itemListElement":[{"@type":"ListItem","position":1,"name":"Portada","item":"https:\/\/lapinedaplatja.info\/fr\/"},{"@type":"ListItem","position":2,"name":"Tourisme d\u2019affaires et congr\u00e8s","item":"https:\/\/lapinedaplatja.info\/fr\/tipus\/negocis-esdeveniments-fr\/"},{"@type":"ListItem","position":3,"name":"H\u00f4tel Palas Pineda"}]},{"@type":"WebSite","@id":"https:\/\/lapinedaplatja.info\/fr\/#website","url":"https:\/\/lapinedaplatja.info\/fr\/","name":"La Pineda Platja | Vila-seca","description":"Oficina de Turismo de La Pineda.","publisher":{"@id":"https:\/\/lapinedaplatja.info\/fr\/#organization"},"potentialAction":[{"@type":"SearchAction","target":{"@type":"EntryPoint","urlTemplate":"https:\/\/lapinedaplatja.info\/fr\/?s={search_term_string}"},"query-input":{"@type":"PropertyValueSpecification","valueRequired":true,"valueName":"search_term_string"}}],"inLanguage":"fr-FR"},{"@type":"Organization","@id":"https:\/\/lapinedaplatja.info\/fr\/#organization","name":"Patronat Municipal de Turisme de Vila-seca","url":"https:\/\/lapinedaplatja.info\/fr\/","logo":{"@type":"ImageObject","inLanguage":"fr-FR","@id":"https:\/\/lapinedaplatja.info\/fr\/#\/schema\/logo\/image\/","url":"https:\/\/lapinedaplatja.info\/wp-content\/uploads\/2018\/10\/cropped-13260099_989491457837088_3488030785405353200_n.jpg","contentUrl":"https:\/\/lapinedaplatja.info\/wp-content\/uploads\/2018\/10\/cropped-13260099_989491457837088_3488030785405353200_n.jpg","width":600,"height":600,"caption":"Patronat Municipal de Turisme de Vila-seca"},"image":{"@id":"https:\/\/lapinedaplatja.info\/fr\/#\/schema\/logo\/image\/"},"sameAs":["https:\/\/www.facebook.com\/lapinedaplatja\/","https:\/\/x.com\/lapinedaplatja","https:\/\/www.instagram.com\/lapinedaplatja\/"]}]}},"_links":{"self":[{"href":"https:\/\/lapinedaplatja.info\/fr\/wp-json\/wp\/v2\/portfolio\/9537","targetHints":{"allow":["GET"]}}],"collection":[{"href":"https:\/\/lapinedaplatja.info\/fr\/wp-json\/wp\/v2\/portfolio"}],"about":[{"href":"https:\/\/lapinedaplatja.info\/fr\/wp-json\/wp\/v2\/types\/portfolio"}],"version-history":[{"count":0,"href":"https:\/\/lapinedaplatja.info\/fr\/wp-json\/wp\/v2\/portfolio\/9537\/revisions"}],"wp:featuredmedia":[{"embeddable":true,"href":"https:\/\/lapinedaplatja.info\/fr\/wp-json\/wp\/v2\/media\/14383"}],"wp:attachment":[{"href":"https:\/\/lapinedaplatja.info\/fr\/wp-json\/wp\/v2\/media?parent=9537"}],"wp:term":[{"taxonomy":"portfolio-types","embeddable":true,"href":"https:\/\/lapinedaplatja.info\/fr\/wp-json\/wp\/v2\/portfolio-types?post=9537"}],"curies":[{"name":"wp","href":"https:\/\/api.w.org\/{rel}","templated":true}]}}