{"id":9542,"date":"2019-03-26T11:25:53","date_gmt":"2019-03-26T11:25:53","guid":{"rendered":"http:\/\/lapinedaplatja.info\/item\/costa-daurada\/"},"modified":"2025-09-17T11:15:19","modified_gmt":"2025-09-17T09:15:19","slug":"costa-daurada","status":"publish","type":"portfolio","link":"https:\/\/lapinedaplatja.info\/fr\/item\/costa-daurada\/","title":{"rendered":"Costa Daurada"},"content":{"rendered":"<p>Les Romains tomb\u00e8rent sous le charme de la <a href=\"https:\/\/costadaurada.info\/fr\" target=\"_blank\" rel=\"noopener\">Costa Daurada<\/a>. Une terre pr\u00e9sentant, de la c\u00f4te \u00e0 l\u2019arri\u00e8re-pays, tous les attraits pour vivre une exp\u00e9rience unique.<\/p>\n<p>La Costa Daurada (la C\u00f4te Dor\u00e9e) est un territoire exceptionnel offrant un h\u00e9ritage architectural spectaculaire. Elle dispose des meilleures propositions de loisirs ainsi que d\u2019un riche patrimoine naturel. Nous vous proposons de d\u00e9couvrir le TOP 10 de la Costa Daurada. La meilleure introduction pour passer des vacances uniques en famille. La destination id\u00e9ale pour tous les membres de la famille\u00a0! Cliquez ici, vous trouverez toutes les destinations de Tourisme familial certifi\u00e9es.<\/p>\n<p>Le TOP 10 de la Costa Daurada<\/p>\n<p>1.- L\u2019Histoire a laiss\u00e9 une empreinte importante dans le <a href=\"https:\/\/costadaurada.info\/fr\/activitats\/cultura\/atractius-culturals\" target=\"_blank\" rel=\"noopener\">patrimoine monumental<\/a> de la Costa Daurada. Depuis la Pr\u00e9histoire avec les peintures rupestres de Rojals ou de Cabac\u00e9s, la splendeur du monast\u00e8re Santa Mar\u00eda de Poblet en passant par l\u2019ensemble monumental de l\u2019antique Tarraco ou les valeurs et la tradition bicentenaire des <em><u>castells<\/u><\/em> (tours humaines) sans oublier le r\u00e9gime m\u00e9diterran\u00e9en et ses bienfaits pour notre sant\u00e9. Tous inscrits au Patrimoine mondial de l\u2019UNESCO.<\/p>\n<p>2.- La Costa Daurada nous offre quatre-vingts kilom\u00e8tres de littoral. Plus de <a href=\"https:\/\/costadaurada.info\/fr\/activites\/plages-et-criques\" target=\"_blank\" rel=\"noopener\">soixante plages<\/a> am\u00e9nag\u00e9es pour tous les publics\u00a0: de longues extensions de sable fin et dor\u00e9 d\u2019acc\u00e8s facile aux eaux bleues de la M\u00e9diterran\u00e9e mais aussi des criques entour\u00e9es de v\u00e9g\u00e9tation luxuriante. Du nord au sud, la Costa Daurada vous offre une infinit\u00e9 de propositions.<\/p>\n<p>3.- <a href=\"https:\/\/costadaurada.info\/fr\/activites\/loisirs\/parcs-dattractions\" target=\"_blank\" rel=\"noopener\">PortAventura World<\/a> est synonyme d\u2019univers de loisirs et de divertissement. Faites une escapade et d\u00e9couvrez les aires th\u00e9matiques du parc o\u00f9 vous pourrez vous immerger dans un monde d\u2019aventures \u00e0 vous couper le souffle, du mythique Dragon Khan en passant par les eaux turbulentes des toboggans de PortAventura Caribe Aquatic Park ou les spectaculaires attractions de Ferrari Land. Vous allez passer \u00e0 c\u00f4t\u00e9\u00a0?<\/p>\n<p>4.- La diversit\u00e9 de la Costa Daurada met \u00e0 votre port\u00e9e un territoire unique pour l\u2019\u00e9laboration du vin. Une singularit\u00e9 qui se traduit par sept d\u00e9nominations d\u2019origines diff\u00e9rentes. Suivez <a href=\"https:\/\/costadaurada.info\/fr\/activites\/oeno-gastronomie\/caves-et-routes-du-vin\" target=\"_blank\" rel=\"noopener\"><u>les routes du vin<\/u><\/a> de la Costa Daurada et d\u00e9gustez les vins des AOC Conca de Barber\u00e0, Montsant, Pened\u00e8s, Tarragona, Catalunya, Cava et de l\u2019AOP Priorat.<\/p>\n<p>5.- L\u2019empereur Auguste gu\u00e9rit d\u2019une maladie \u00e0 <a href=\"https:\/\/costadaurada.info\/fr\/activitats\/cultura\/patrimoni-de-la-humanitat\" target=\"_blank\" rel=\"noopener\">Tarragona<\/a>. La ville, qui \u00e9tait appr\u00e9ci\u00e9e par les Romains pour sa luminosit\u00e9 et sa temp\u00e9rature id\u00e9ale, vous attend aujourd\u2019hui avec son patrimoine impressionnant\u00a0: Amphith\u00e9\u00e2tre, Cirque, Forum de la colonie ou Pr\u00e9toire. On dit qu\u2019\u00e0 Tarragone, ville inscrite au Patrimoine mondial, les pierres parlent. Et c\u2019est le cas\u00a0! Fl\u00e2nez dans le centre historique, suivez les empreintes des Romains et vous d\u00e9couvrirez l\u2019histoire d\u2019une magnifique ville\u00a0!<\/p>\n<p>6.- Les <a href=\"https:\/\/costadaurada.info\/fr\/activitats\/cultura\/ruta-del-cister\" target=\"_blank\" rel=\"noopener\"><u>moines cisterciens<\/u><\/a> arriv\u00e8rent sur la Costa Daurada au Moyen \u00c2ge. Ils construisirent des monast\u00e8res \u00e0 Poblet, Santes Creus et aussi \u00e0 Vallbona de les Monjes (monast\u00e8re de moniales situ\u00e9 dans la province de Lleida). Si vous parcourez la Route cistercienne, vous pourrez d\u00e9couvrir les anciens dortoirs, cuisines, salles capitulaires, biblioth\u00e8ques, vous promener dans les clo\u00eetres o\u00f9 l\u2019eau de la fontaine sera le seul bruit que vous entendrez sous les vo\u00fbtes de ces espaces harmonieux et uniques.<\/p>\n<p>7.- La Costa Daurada fut habit\u00e9e par des artistes qui la convertirent en art. Le <a href=\"https:\/\/costadaurada.info\/fr\/activitats\/cultura\/paisatge-dels-genis\" target=\"_blank\" rel=\"noopener\">Paysage des G\u00e9nies<\/a> vous propose de conna\u00eetre Reus, le berceau de Gaud\u00ed, avec 29 \u00e9difices formant la Route moderniste, ainsi que le Centre Gaud\u00ed. En parcourant cet itin\u00e9raire vous pourrez \u00e9galement \u00e9couter les notes musicales que le violoncelliste Pau Casals interpr\u00e9ta depuis sa villa de la plage de Sant Salvador, \u00e0 El Vendrell, ou bien visiter le Mont-roig del Camp qui captiva Joan Mir\u00f3 durant soixante-cinq ans.<\/p>\n<p>8.- Vous d\u00e9sirez des vacances actives\u00a0? Vous trouverez sur la Costa Daurada des propositions pour pratiquer des <a href=\"https:\/\/costadaurada.info\/fr\/activites\/sport\/sports-nautiques\" target=\"_blank\" rel=\"noopener\">sports nautiques<\/a>, randonner dans les montagnes \u00e0 pied, \u00e0 <a href=\"https:\/\/costadaurada.info\/fr\/activites\/sport\/cicloturisme-et-vtt\" target=\"_blank\" rel=\"noopener\">v\u00e9lo<\/a> ou \u00e0 cheval. Si le <a href=\"https:\/\/costadaurada.info\/fr\/activites\/sport\/golf-pitch-putt\" target=\"_blank\" rel=\"noopener\">golf<\/a> vous passionne, nous vous proposons des terrains o\u00f9 la pratique de ce sport devient une exp\u00e9rience inoubliable. Mais si vous pr\u00e9f\u00e9rez pratiquer l\u2019<a href=\"https:\/\/costadaurada.info\/fr\/activites\/sport\/escalade\" target=\"_blank\" rel=\"noopener\">escalade<\/a>, la Costa Daurada est parfaite et offre un grand nombre de voies pour escalader ses montages. N\u2019oublions pas le v\u00e9lo, vous aurez l\u2019occasion sur la Costa Daurada de parcourir une infinit\u00e9 de routes \u00e0 v\u00e9lo (v\u00e9lo de montagne ou de route).<\/p>\n<p>9.- Saviez-vous que le vert a de nombreuses tonalit\u00e9s\u00a0? Vous les retrouverez toutes en vous promenant, en faisant des excursions ou en pratiquant un sport dans les magnifiques espaces naturels de l\u2019arri\u00e8re-pays tels que le <a href=\"https:\/\/costadaurada.info\/fr\/activites\/nature\/parcs-naturels\/parc-natural-de-la-serra-de-montsant\" target=\"_blank\" rel=\"noopener\">Parc Naturel de la Sierra del Montsant<\/a>, les <a href=\"https:\/\/costadaurada.info\/fr\/activites\/nature\/autres-lieux\/muntanyes-de-prades\" target=\"_blank\" rel=\"noopener\">montagnes de Prades<\/a>, la <a href=\"https:\/\/costadaurada.info\/fr\/activites\/nature\/autres-lieux\/riu-gaia-albereda-de-santes-creus\" target=\"_blank\" rel=\"noopener\">peupleraie de Santes Creus<\/a> ou de la c\u00f4te comme la plage del Torn \u00e0 <a href=\"https:\/\/costadaurada.info\/fr\/activites\/plages-et-criques\/espaces-naturels-proteges-du-littoral\/la-rojala-platja-del-torn\" target=\"_blank\" rel=\"noopener\">El Hospitalet del Infant i la Valle del Llors<\/a> ou les <a href=\"https:\/\/costadaurada.info\/fr\/activites\/plages-et-criques\/espaces-naturels-proteges-du-littoral\/platja-de-torredembarra-i-creixell\" target=\"_blank\" rel=\"noopener\">Muntanyans \u00e0 Torredembarra et Creixell.<\/a><\/p>\n<p>10.- Les jardins potagers, la mer mais aussi les montagnes de notre r\u00e9gion produisent des <a href=\"https:\/\/costadaurada.info\/fr\/activites\/oeno-gastronomie\/saveurs-locales\" target=\"_blank\" rel=\"noopener\">produits de qualit\u00e9<\/a> \u00e0 l\u2019identit\u00e9 propre. Vous vous r\u00e9galerez avec nos <a href=\"https:\/\/costadaurada.info\/fr\/activites\/oeno-gastronomie\/experiences-oeno-gastronomiques\" target=\"_blank\" rel=\"noopener\">plats cuisin\u00e9s<\/a> selon le corpus de la cuisine catalane, mais proposant \u00e9galement des plats les plus innovateurs. Vous avez l\u2019eau \u00e0 la bouche\u00a0?<\/p>\n<p>La <a href=\"https:\/\/costadaurada.info\/fr\/activites\/tourisme-familial\" target=\"_blank\" rel=\"noopener\">Costa Daurada<\/a> est un territoire unique o\u00f9 vous passerez des moments merveilleux en famille. Un grand nombre de destinations offrent d\u2019ailleurs des \u00e9quipements adapt\u00e9s \u00e0 tous les membres de la famille. Venez et profitez d\u2019une exp\u00e9rience inoubliable\u00a0!<\/p>\n","protected":false},"featured_media":13943,"template":"","meta":{"_acf_changed":false},"portfolio-types":[177],"class_list":["post-9542","portfolio","type-portfolio","status-publish","has-post-thumbnail","hentry","portfolio-types-entorn-fr"],"acf":[],"yoast_head":"<!-- This site is optimized with the Yoast SEO plugin v26.6 - https:\/\/yoast.com\/wordpress\/plugins\/seo\/ -->\n<title>Costa Daurada | Vila-seca - La Pineda Platja<\/title>\n<meta name=\"description\" content=\"Les Romains tomb\u00e8rent sous le charme de la Costa Daurada. Une terre pr\u00e9sentant, de la c\u00f4te \u00e0 l\u2019arri\u00e8re-pays, tous les attraits pour vivre une exp\u00e9rience\" \/>\n<meta name=\"robots\" content=\"index, follow, max-snippet:-1, max-image-preview:large, max-video-preview:-1\" \/>\n<link rel=\"canonical\" href=\"https:\/\/lapinedaplatja.info\/fr\/item\/costa-daurada\/\" \/>\n<meta property=\"og:locale\" content=\"fr_FR\" \/>\n<meta property=\"og:type\" content=\"article\" \/>\n<meta property=\"og:title\" content=\"Costa Daurada | Vila-seca - La Pineda Platja\" \/>\n<meta property=\"og:description\" content=\"Les Romains tomb\u00e8rent sous le charme de la Costa Daurada. Une terre pr\u00e9sentant, de la c\u00f4te \u00e0 l\u2019arri\u00e8re-pays, tous les attraits pour vivre une exp\u00e9rience\" \/>\n<meta property=\"og:url\" content=\"https:\/\/lapinedaplatja.info\/fr\/item\/costa-daurada\/\" \/>\n<meta property=\"og:site_name\" content=\"Vila-seca - La Pineda Platja\" \/>\n<meta property=\"article:publisher\" content=\"https:\/\/www.facebook.com\/lapinedaplatja\/\" \/>\n<meta property=\"article:modified_time\" content=\"2025-09-17T09:15:19+00:00\" \/>\n<meta property=\"og:image\" content=\"https:\/\/lapinedaplatja.info\/wp-content\/uploads\/2020\/02\/Costa-Daurada-2500x1667.jpg\" \/>\n\t<meta property=\"og:image:width\" content=\"2500\" \/>\n\t<meta property=\"og:image:height\" content=\"1667\" \/>\n\t<meta property=\"og:image:type\" content=\"image\/jpeg\" \/>\n<meta name=\"twitter:card\" content=\"summary_large_image\" \/>\n<meta name=\"twitter:site\" content=\"@lapinedaplatja\" \/>\n<meta name=\"twitter:label1\" content=\"Dur\u00e9e de lecture estim\u00e9e\" \/>\n\t<meta name=\"twitter:data1\" content=\"5 minutes\" \/>\n<script type=\"application\/ld+json\" class=\"yoast-schema-graph\">{\"@context\":\"https:\/\/schema.org\",\"@graph\":[{\"@type\":\"WebPage\",\"@id\":\"https:\/\/lapinedaplatja.info\/fr\/item\/costa-daurada\/\",\"url\":\"https:\/\/lapinedaplatja.info\/fr\/item\/costa-daurada\/\",\"name\":\"Costa Daurada | Vila-seca - La Pineda Platja\",\"isPartOf\":{\"@id\":\"https:\/\/lapinedaplatja.info\/fr\/#website\"},\"primaryImageOfPage\":{\"@id\":\"https:\/\/lapinedaplatja.info\/fr\/item\/costa-daurada\/#primaryimage\"},\"image\":{\"@id\":\"https:\/\/lapinedaplatja.info\/fr\/item\/costa-daurada\/#primaryimage\"},\"thumbnailUrl\":\"https:\/\/lapinedaplatja.info\/wp-content\/uploads\/2020\/02\/Costa-Daurada.jpg\",\"datePublished\":\"2019-03-26T11:25:53+00:00\",\"dateModified\":\"2025-09-17T09:15:19+00:00\",\"description\":\"Les Romains tomb\u00e8rent sous le charme de la Costa Daurada. Une terre pr\u00e9sentant, de la c\u00f4te \u00e0 l\u2019arri\u00e8re-pays, tous les attraits pour vivre une exp\u00e9rience\",\"breadcrumb\":{\"@id\":\"https:\/\/lapinedaplatja.info\/fr\/item\/costa-daurada\/#breadcrumb\"},\"inLanguage\":\"fr-FR\",\"potentialAction\":[{\"@type\":\"ReadAction\",\"target\":[\"https:\/\/lapinedaplatja.info\/fr\/item\/costa-daurada\/\"]}]},{\"@type\":\"ImageObject\",\"inLanguage\":\"fr-FR\",\"@id\":\"https:\/\/lapinedaplatja.info\/fr\/item\/costa-daurada\/#primaryimage\",\"url\":\"https:\/\/lapinedaplatja.info\/wp-content\/uploads\/2020\/02\/Costa-Daurada.jpg\",\"contentUrl\":\"https:\/\/lapinedaplatja.info\/wp-content\/uploads\/2020\/02\/Costa-Daurada.jpg\",\"width\":2500,\"height\":1667,\"caption\":\"Montroig, Baix Camp, Cala Misteri \/ Santa Fe\"},{\"@type\":\"BreadcrumbList\",\"@id\":\"https:\/\/lapinedaplatja.info\/fr\/item\/costa-daurada\/#breadcrumb\",\"itemListElement\":[{\"@type\":\"ListItem\",\"position\":1,\"name\":\"Portada\",\"item\":\"https:\/\/lapinedaplatja.info\/fr\/\"},{\"@type\":\"ListItem\",\"position\":2,\"name\":\"Environnement\",\"item\":\"https:\/\/lapinedaplatja.info\/fr\/tipus\/entorn-fr\/\"},{\"@type\":\"ListItem\",\"position\":3,\"name\":\"Costa Daurada\"}]},{\"@type\":\"WebSite\",\"@id\":\"https:\/\/lapinedaplatja.info\/fr\/#website\",\"url\":\"https:\/\/lapinedaplatja.info\/fr\/\",\"name\":\"La Pineda Platja | Vila-seca\",\"description\":\"Oficina de Turismo de La Pineda.\",\"publisher\":{\"@id\":\"https:\/\/lapinedaplatja.info\/fr\/#organization\"},\"potentialAction\":[{\"@type\":\"SearchAction\",\"target\":{\"@type\":\"EntryPoint\",\"urlTemplate\":\"https:\/\/lapinedaplatja.info\/fr\/?s={search_term_string}\"},\"query-input\":{\"@type\":\"PropertyValueSpecification\",\"valueRequired\":true,\"valueName\":\"search_term_string\"}}],\"inLanguage\":\"fr-FR\"},{\"@type\":\"Organization\",\"@id\":\"https:\/\/lapinedaplatja.info\/fr\/#organization\",\"name\":\"Patronat Municipal de Turisme de Vila-seca\",\"url\":\"https:\/\/lapinedaplatja.info\/fr\/\",\"logo\":{\"@type\":\"ImageObject\",\"inLanguage\":\"fr-FR\",\"@id\":\"https:\/\/lapinedaplatja.info\/fr\/#\/schema\/logo\/image\/\",\"url\":\"https:\/\/lapinedaplatja.info\/wp-content\/uploads\/2018\/10\/cropped-13260099_989491457837088_3488030785405353200_n.jpg\",\"contentUrl\":\"https:\/\/lapinedaplatja.info\/wp-content\/uploads\/2018\/10\/cropped-13260099_989491457837088_3488030785405353200_n.jpg\",\"width\":600,\"height\":600,\"caption\":\"Patronat Municipal de Turisme de Vila-seca\"},\"image\":{\"@id\":\"https:\/\/lapinedaplatja.info\/fr\/#\/schema\/logo\/image\/\"},\"sameAs\":[\"https:\/\/www.facebook.com\/lapinedaplatja\/\",\"https:\/\/x.com\/lapinedaplatja\",\"https:\/\/www.instagram.com\/lapinedaplatja\/\"]}]}<\/script>\n<!-- \/ Yoast SEO plugin. -->","yoast_head_json":{"title":"Costa Daurada | Vila-seca - La Pineda Platja","description":"Les Romains tomb\u00e8rent sous le charme de la Costa Daurada. Une terre pr\u00e9sentant, de la c\u00f4te \u00e0 l\u2019arri\u00e8re-pays, tous les attraits pour vivre une exp\u00e9rience","robots":{"index":"index","follow":"follow","max-snippet":"max-snippet:-1","max-image-preview":"max-image-preview:large","max-video-preview":"max-video-preview:-1"},"canonical":"https:\/\/lapinedaplatja.info\/fr\/item\/costa-daurada\/","og_locale":"fr_FR","og_type":"article","og_title":"Costa Daurada | Vila-seca - La Pineda Platja","og_description":"Les Romains tomb\u00e8rent sous le charme de la Costa Daurada. Une terre pr\u00e9sentant, de la c\u00f4te \u00e0 l\u2019arri\u00e8re-pays, tous les attraits pour vivre une exp\u00e9rience","og_url":"https:\/\/lapinedaplatja.info\/fr\/item\/costa-daurada\/","og_site_name":"Vila-seca - La Pineda Platja","article_publisher":"https:\/\/www.facebook.com\/lapinedaplatja\/","article_modified_time":"2025-09-17T09:15:19+00:00","og_image":[{"width":2500,"height":1667,"url":"https:\/\/lapinedaplatja.info\/wp-content\/uploads\/2020\/02\/Costa-Daurada-2500x1667.jpg","type":"image\/jpeg"}],"twitter_card":"summary_large_image","twitter_site":"@lapinedaplatja","twitter_misc":{"Dur\u00e9e de lecture estim\u00e9e":"5 minutes"},"schema":{"@context":"https:\/\/schema.org","@graph":[{"@type":"WebPage","@id":"https:\/\/lapinedaplatja.info\/fr\/item\/costa-daurada\/","url":"https:\/\/lapinedaplatja.info\/fr\/item\/costa-daurada\/","name":"Costa Daurada | Vila-seca - La Pineda Platja","isPartOf":{"@id":"https:\/\/lapinedaplatja.info\/fr\/#website"},"primaryImageOfPage":{"@id":"https:\/\/lapinedaplatja.info\/fr\/item\/costa-daurada\/#primaryimage"},"image":{"@id":"https:\/\/lapinedaplatja.info\/fr\/item\/costa-daurada\/#primaryimage"},"thumbnailUrl":"https:\/\/lapinedaplatja.info\/wp-content\/uploads\/2020\/02\/Costa-Daurada.jpg","datePublished":"2019-03-26T11:25:53+00:00","dateModified":"2025-09-17T09:15:19+00:00","description":"Les Romains tomb\u00e8rent sous le charme de la Costa Daurada. Une terre pr\u00e9sentant, de la c\u00f4te \u00e0 l\u2019arri\u00e8re-pays, tous les attraits pour vivre une exp\u00e9rience","breadcrumb":{"@id":"https:\/\/lapinedaplatja.info\/fr\/item\/costa-daurada\/#breadcrumb"},"inLanguage":"fr-FR","potentialAction":[{"@type":"ReadAction","target":["https:\/\/lapinedaplatja.info\/fr\/item\/costa-daurada\/"]}]},{"@type":"ImageObject","inLanguage":"fr-FR","@id":"https:\/\/lapinedaplatja.info\/fr\/item\/costa-daurada\/#primaryimage","url":"https:\/\/lapinedaplatja.info\/wp-content\/uploads\/2020\/02\/Costa-Daurada.jpg","contentUrl":"https:\/\/lapinedaplatja.info\/wp-content\/uploads\/2020\/02\/Costa-Daurada.jpg","width":2500,"height":1667,"caption":"Montroig, Baix Camp, Cala Misteri \/ Santa Fe"},{"@type":"BreadcrumbList","@id":"https:\/\/lapinedaplatja.info\/fr\/item\/costa-daurada\/#breadcrumb","itemListElement":[{"@type":"ListItem","position":1,"name":"Portada","item":"https:\/\/lapinedaplatja.info\/fr\/"},{"@type":"ListItem","position":2,"name":"Environnement","item":"https:\/\/lapinedaplatja.info\/fr\/tipus\/entorn-fr\/"},{"@type":"ListItem","position":3,"name":"Costa Daurada"}]},{"@type":"WebSite","@id":"https:\/\/lapinedaplatja.info\/fr\/#website","url":"https:\/\/lapinedaplatja.info\/fr\/","name":"La Pineda Platja | Vila-seca","description":"Oficina de Turismo de La Pineda.","publisher":{"@id":"https:\/\/lapinedaplatja.info\/fr\/#organization"},"potentialAction":[{"@type":"SearchAction","target":{"@type":"EntryPoint","urlTemplate":"https:\/\/lapinedaplatja.info\/fr\/?s={search_term_string}"},"query-input":{"@type":"PropertyValueSpecification","valueRequired":true,"valueName":"search_term_string"}}],"inLanguage":"fr-FR"},{"@type":"Organization","@id":"https:\/\/lapinedaplatja.info\/fr\/#organization","name":"Patronat Municipal de Turisme de Vila-seca","url":"https:\/\/lapinedaplatja.info\/fr\/","logo":{"@type":"ImageObject","inLanguage":"fr-FR","@id":"https:\/\/lapinedaplatja.info\/fr\/#\/schema\/logo\/image\/","url":"https:\/\/lapinedaplatja.info\/wp-content\/uploads\/2018\/10\/cropped-13260099_989491457837088_3488030785405353200_n.jpg","contentUrl":"https:\/\/lapinedaplatja.info\/wp-content\/uploads\/2018\/10\/cropped-13260099_989491457837088_3488030785405353200_n.jpg","width":600,"height":600,"caption":"Patronat Municipal de Turisme de Vila-seca"},"image":{"@id":"https:\/\/lapinedaplatja.info\/fr\/#\/schema\/logo\/image\/"},"sameAs":["https:\/\/www.facebook.com\/lapinedaplatja\/","https:\/\/x.com\/lapinedaplatja","https:\/\/www.instagram.com\/lapinedaplatja\/"]}]}},"_links":{"self":[{"href":"https:\/\/lapinedaplatja.info\/fr\/wp-json\/wp\/v2\/portfolio\/9542","targetHints":{"allow":["GET"]}}],"collection":[{"href":"https:\/\/lapinedaplatja.info\/fr\/wp-json\/wp\/v2\/portfolio"}],"about":[{"href":"https:\/\/lapinedaplatja.info\/fr\/wp-json\/wp\/v2\/types\/portfolio"}],"version-history":[{"count":0,"href":"https:\/\/lapinedaplatja.info\/fr\/wp-json\/wp\/v2\/portfolio\/9542\/revisions"}],"wp:featuredmedia":[{"embeddable":true,"href":"https:\/\/lapinedaplatja.info\/fr\/wp-json\/wp\/v2\/media\/13943"}],"wp:attachment":[{"href":"https:\/\/lapinedaplatja.info\/fr\/wp-json\/wp\/v2\/media?parent=9542"}],"wp:term":[{"taxonomy":"portfolio-types","embeddable":true,"href":"https:\/\/lapinedaplatja.info\/fr\/wp-json\/wp\/v2\/portfolio-types?post=9542"}],"curies":[{"name":"wp","href":"https:\/\/api.w.org\/{rel}","templated":true}]}}