{"id":9555,"date":"2019-04-16T08:02:30","date_gmt":"2019-04-16T08:02:30","guid":{"rendered":"http:\/\/lapinedaplatja.info\/item\/patronat\/"},"modified":"2023-05-10T11:18:56","modified_gmt":"2023-05-10T09:18:56","slug":"patronat","status":"publish","type":"portfolio","link":"https:\/\/lapinedaplatja.info\/fr\/item\/patronat\/","title":{"rendered":"Patronat Municipal de Turisme de Vila\u2011seca"},"content":{"rendered":"<p>Le Patronat Municipal de Turisme de Vila-seca est un organisme autonome local de nature administrative, dot\u00e9 d\u2019une personnalis\u00e9 juridique propre, de la pleine capacit\u00e9 pour agir et d\u2019une autonomie financi\u00e8re et fonctionnelle.<\/p>\n<p>Le Patronat Municipal de Turisme de Vila-seca est r\u00e9gi par ses propres statuts. Le Conseil Directeur est l\u2019organe de gouvernance et d\u2019administration de gestion sup\u00e9rieure du Patronat Municipal de Turisme et est compos\u00e9 des repr\u00e9sentants de la Mairie de Vila-seca ainsi que de repr\u00e9sentants du secteur touristique et commercial de la commune.<\/p>\n<p>Entre autres fonctions, le Conseil Directeur est charg\u00e9 d\u2019approuver le budget annuel du Patronat Municipal de Turisme et de l\u2019\u00e9lever \u00e0 la Mairie pour son int\u00e9gration dans le budget g\u00e9n\u00e9ral.<\/p>\n","protected":false},"featured_media":14432,"template":"","meta":{"_acf_changed":false},"portfolio-types":[],"class_list":["post-9555","portfolio","type-portfolio","status-publish","has-post-thumbnail","hentry"],"acf":[],"yoast_head":"<!-- This site is optimized with the Yoast SEO plugin v26.6 - https:\/\/yoast.com\/wordpress\/plugins\/seo\/ -->\n<title>Patronat Municipal de Turisme de Vila\u2011seca | Vila-seca - La Pineda Platja<\/title>\n<meta name=\"description\" content=\"Le Patronat Municipal de Turisme de Vila-seca est un organisme autonome local de nature administrative, dot\u00e9 d\u2019une personnalis\u00e9 juridique propre, de la\" \/>\n<meta name=\"robots\" content=\"index, follow, max-snippet:-1, max-image-preview:large, max-video-preview:-1\" \/>\n<link rel=\"canonical\" href=\"https:\/\/lapinedaplatja.info\/fr\/item\/patronat\/\" \/>\n<meta property=\"og:locale\" content=\"fr_FR\" \/>\n<meta property=\"og:type\" content=\"article\" \/>\n<meta property=\"og:title\" content=\"Patronat Municipal de Turisme de Vila\u2011seca | Vila-seca - La Pineda Platja\" \/>\n<meta property=\"og:description\" content=\"Le Patronat Municipal de Turisme de Vila-seca est un organisme autonome local de nature administrative, dot\u00e9 d\u2019une personnalis\u00e9 juridique propre, de la\" \/>\n<meta property=\"og:url\" content=\"https:\/\/lapinedaplatja.info\/fr\/item\/patronat\/\" \/>\n<meta property=\"og:site_name\" content=\"Vila-seca - La Pineda Platja\" \/>\n<meta property=\"article:publisher\" content=\"https:\/\/www.facebook.com\/lapinedaplatja\/\" \/>\n<meta property=\"article:modified_time\" content=\"2023-05-10T09:18:56+00:00\" \/>\n<meta property=\"og:image\" content=\"https:\/\/lapinedaplatja.info\/wp-content\/uploads\/2019\/04\/2020_001_item_patronat.jpg\" \/>\n\t<meta property=\"og:image:width\" content=\"1440\" \/>\n\t<meta property=\"og:image:height\" content=\"550\" \/>\n\t<meta property=\"og:image:type\" content=\"image\/jpeg\" \/>\n<meta name=\"twitter:card\" content=\"summary_large_image\" \/>\n<meta name=\"twitter:site\" content=\"@lapinedaplatja\" \/>\n<meta name=\"twitter:label1\" content=\"Dur\u00e9e de lecture estim\u00e9e\" \/>\n\t<meta name=\"twitter:data1\" content=\"1 minute\" \/>\n<script type=\"application\/ld+json\" class=\"yoast-schema-graph\">{\"@context\":\"https:\/\/schema.org\",\"@graph\":[{\"@type\":\"WebPage\",\"@id\":\"https:\/\/lapinedaplatja.info\/fr\/item\/patronat\/\",\"url\":\"https:\/\/lapinedaplatja.info\/fr\/item\/patronat\/\",\"name\":\"Patronat Municipal de Turisme de Vila\u2011seca | Vila-seca - La Pineda Platja\",\"isPartOf\":{\"@id\":\"https:\/\/lapinedaplatja.info\/fr\/#website\"},\"primaryImageOfPage\":{\"@id\":\"https:\/\/lapinedaplatja.info\/fr\/item\/patronat\/#primaryimage\"},\"image\":{\"@id\":\"https:\/\/lapinedaplatja.info\/fr\/item\/patronat\/#primaryimage\"},\"thumbnailUrl\":\"https:\/\/lapinedaplatja.info\/wp-content\/uploads\/2019\/04\/2020_001_item_patronat.jpg\",\"datePublished\":\"2019-04-16T08:02:30+00:00\",\"dateModified\":\"2023-05-10T09:18:56+00:00\",\"description\":\"Le Patronat Municipal de Turisme de Vila-seca est un organisme autonome local de nature administrative, dot\u00e9 d\u2019une personnalis\u00e9 juridique propre, de la\",\"breadcrumb\":{\"@id\":\"https:\/\/lapinedaplatja.info\/fr\/item\/patronat\/#breadcrumb\"},\"inLanguage\":\"fr-FR\",\"potentialAction\":[{\"@type\":\"ReadAction\",\"target\":[\"https:\/\/lapinedaplatja.info\/fr\/item\/patronat\/\"]}]},{\"@type\":\"ImageObject\",\"inLanguage\":\"fr-FR\",\"@id\":\"https:\/\/lapinedaplatja.info\/fr\/item\/patronat\/#primaryimage\",\"url\":\"https:\/\/lapinedaplatja.info\/wp-content\/uploads\/2019\/04\/2020_001_item_patronat.jpg\",\"contentUrl\":\"https:\/\/lapinedaplatja.info\/wp-content\/uploads\/2019\/04\/2020_001_item_patronat.jpg\",\"width\":1440,\"height\":550},{\"@type\":\"BreadcrumbList\",\"@id\":\"https:\/\/lapinedaplatja.info\/fr\/item\/patronat\/#breadcrumb\",\"itemListElement\":[{\"@type\":\"ListItem\",\"position\":1,\"name\":\"Portada\",\"item\":\"https:\/\/lapinedaplatja.info\/fr\/\"},{\"@type\":\"ListItem\",\"position\":2,\"name\":\"Patronat Municipal de Turisme de Vila\u2011seca\"}]},{\"@type\":\"WebSite\",\"@id\":\"https:\/\/lapinedaplatja.info\/fr\/#website\",\"url\":\"https:\/\/lapinedaplatja.info\/fr\/\",\"name\":\"La Pineda Platja | Vila-seca\",\"description\":\"Oficina de Turismo de La Pineda.\",\"publisher\":{\"@id\":\"https:\/\/lapinedaplatja.info\/fr\/#organization\"},\"potentialAction\":[{\"@type\":\"SearchAction\",\"target\":{\"@type\":\"EntryPoint\",\"urlTemplate\":\"https:\/\/lapinedaplatja.info\/fr\/?s={search_term_string}\"},\"query-input\":{\"@type\":\"PropertyValueSpecification\",\"valueRequired\":true,\"valueName\":\"search_term_string\"}}],\"inLanguage\":\"fr-FR\"},{\"@type\":\"Organization\",\"@id\":\"https:\/\/lapinedaplatja.info\/fr\/#organization\",\"name\":\"Patronat Municipal de Turisme de Vila-seca\",\"url\":\"https:\/\/lapinedaplatja.info\/fr\/\",\"logo\":{\"@type\":\"ImageObject\",\"inLanguage\":\"fr-FR\",\"@id\":\"https:\/\/lapinedaplatja.info\/fr\/#\/schema\/logo\/image\/\",\"url\":\"https:\/\/lapinedaplatja.info\/wp-content\/uploads\/2018\/10\/cropped-13260099_989491457837088_3488030785405353200_n.jpg\",\"contentUrl\":\"https:\/\/lapinedaplatja.info\/wp-content\/uploads\/2018\/10\/cropped-13260099_989491457837088_3488030785405353200_n.jpg\",\"width\":600,\"height\":600,\"caption\":\"Patronat Municipal de Turisme de Vila-seca\"},\"image\":{\"@id\":\"https:\/\/lapinedaplatja.info\/fr\/#\/schema\/logo\/image\/\"},\"sameAs\":[\"https:\/\/www.facebook.com\/lapinedaplatja\/\",\"https:\/\/x.com\/lapinedaplatja\",\"https:\/\/www.instagram.com\/lapinedaplatja\/\"]}]}<\/script>\n<!-- \/ Yoast SEO plugin. -->","yoast_head_json":{"title":"Patronat Municipal de Turisme de Vila\u2011seca | Vila-seca - La Pineda Platja","description":"Le Patronat Municipal de Turisme de Vila-seca est un organisme autonome local de nature administrative, dot\u00e9 d\u2019une personnalis\u00e9 juridique propre, de la","robots":{"index":"index","follow":"follow","max-snippet":"max-snippet:-1","max-image-preview":"max-image-preview:large","max-video-preview":"max-video-preview:-1"},"canonical":"https:\/\/lapinedaplatja.info\/fr\/item\/patronat\/","og_locale":"fr_FR","og_type":"article","og_title":"Patronat Municipal de Turisme de Vila\u2011seca | Vila-seca - La Pineda Platja","og_description":"Le Patronat Municipal de Turisme de Vila-seca est un organisme autonome local de nature administrative, dot\u00e9 d\u2019une personnalis\u00e9 juridique propre, de la","og_url":"https:\/\/lapinedaplatja.info\/fr\/item\/patronat\/","og_site_name":"Vila-seca - La Pineda Platja","article_publisher":"https:\/\/www.facebook.com\/lapinedaplatja\/","article_modified_time":"2023-05-10T09:18:56+00:00","og_image":[{"width":1440,"height":550,"url":"https:\/\/lapinedaplatja.info\/wp-content\/uploads\/2019\/04\/2020_001_item_patronat.jpg","type":"image\/jpeg"}],"twitter_card":"summary_large_image","twitter_site":"@lapinedaplatja","twitter_misc":{"Dur\u00e9e de lecture estim\u00e9e":"1 minute"},"schema":{"@context":"https:\/\/schema.org","@graph":[{"@type":"WebPage","@id":"https:\/\/lapinedaplatja.info\/fr\/item\/patronat\/","url":"https:\/\/lapinedaplatja.info\/fr\/item\/patronat\/","name":"Patronat Municipal de Turisme de Vila\u2011seca | Vila-seca - La Pineda Platja","isPartOf":{"@id":"https:\/\/lapinedaplatja.info\/fr\/#website"},"primaryImageOfPage":{"@id":"https:\/\/lapinedaplatja.info\/fr\/item\/patronat\/#primaryimage"},"image":{"@id":"https:\/\/lapinedaplatja.info\/fr\/item\/patronat\/#primaryimage"},"thumbnailUrl":"https:\/\/lapinedaplatja.info\/wp-content\/uploads\/2019\/04\/2020_001_item_patronat.jpg","datePublished":"2019-04-16T08:02:30+00:00","dateModified":"2023-05-10T09:18:56+00:00","description":"Le Patronat Municipal de Turisme de Vila-seca est un organisme autonome local de nature administrative, dot\u00e9 d\u2019une personnalis\u00e9 juridique propre, de la","breadcrumb":{"@id":"https:\/\/lapinedaplatja.info\/fr\/item\/patronat\/#breadcrumb"},"inLanguage":"fr-FR","potentialAction":[{"@type":"ReadAction","target":["https:\/\/lapinedaplatja.info\/fr\/item\/patronat\/"]}]},{"@type":"ImageObject","inLanguage":"fr-FR","@id":"https:\/\/lapinedaplatja.info\/fr\/item\/patronat\/#primaryimage","url":"https:\/\/lapinedaplatja.info\/wp-content\/uploads\/2019\/04\/2020_001_item_patronat.jpg","contentUrl":"https:\/\/lapinedaplatja.info\/wp-content\/uploads\/2019\/04\/2020_001_item_patronat.jpg","width":1440,"height":550},{"@type":"BreadcrumbList","@id":"https:\/\/lapinedaplatja.info\/fr\/item\/patronat\/#breadcrumb","itemListElement":[{"@type":"ListItem","position":1,"name":"Portada","item":"https:\/\/lapinedaplatja.info\/fr\/"},{"@type":"ListItem","position":2,"name":"Patronat Municipal de Turisme de Vila\u2011seca"}]},{"@type":"WebSite","@id":"https:\/\/lapinedaplatja.info\/fr\/#website","url":"https:\/\/lapinedaplatja.info\/fr\/","name":"La Pineda Platja | Vila-seca","description":"Oficina de Turismo de La Pineda.","publisher":{"@id":"https:\/\/lapinedaplatja.info\/fr\/#organization"},"potentialAction":[{"@type":"SearchAction","target":{"@type":"EntryPoint","urlTemplate":"https:\/\/lapinedaplatja.info\/fr\/?s={search_term_string}"},"query-input":{"@type":"PropertyValueSpecification","valueRequired":true,"valueName":"search_term_string"}}],"inLanguage":"fr-FR"},{"@type":"Organization","@id":"https:\/\/lapinedaplatja.info\/fr\/#organization","name":"Patronat Municipal de Turisme de Vila-seca","url":"https:\/\/lapinedaplatja.info\/fr\/","logo":{"@type":"ImageObject","inLanguage":"fr-FR","@id":"https:\/\/lapinedaplatja.info\/fr\/#\/schema\/logo\/image\/","url":"https:\/\/lapinedaplatja.info\/wp-content\/uploads\/2018\/10\/cropped-13260099_989491457837088_3488030785405353200_n.jpg","contentUrl":"https:\/\/lapinedaplatja.info\/wp-content\/uploads\/2018\/10\/cropped-13260099_989491457837088_3488030785405353200_n.jpg","width":600,"height":600,"caption":"Patronat Municipal de Turisme de Vila-seca"},"image":{"@id":"https:\/\/lapinedaplatja.info\/fr\/#\/schema\/logo\/image\/"},"sameAs":["https:\/\/www.facebook.com\/lapinedaplatja\/","https:\/\/x.com\/lapinedaplatja","https:\/\/www.instagram.com\/lapinedaplatja\/"]}]}},"_links":{"self":[{"href":"https:\/\/lapinedaplatja.info\/fr\/wp-json\/wp\/v2\/portfolio\/9555","targetHints":{"allow":["GET"]}}],"collection":[{"href":"https:\/\/lapinedaplatja.info\/fr\/wp-json\/wp\/v2\/portfolio"}],"about":[{"href":"https:\/\/lapinedaplatja.info\/fr\/wp-json\/wp\/v2\/types\/portfolio"}],"version-history":[{"count":0,"href":"https:\/\/lapinedaplatja.info\/fr\/wp-json\/wp\/v2\/portfolio\/9555\/revisions"}],"wp:featuredmedia":[{"embeddable":true,"href":"https:\/\/lapinedaplatja.info\/fr\/wp-json\/wp\/v2\/media\/14432"}],"wp:attachment":[{"href":"https:\/\/lapinedaplatja.info\/fr\/wp-json\/wp\/v2\/media?parent=9555"}],"wp:term":[{"taxonomy":"portfolio-types","embeddable":true,"href":"https:\/\/lapinedaplatja.info\/fr\/wp-json\/wp\/v2\/portfolio-types?post=9555"}],"curies":[{"name":"wp","href":"https:\/\/api.w.org\/{rel}","templated":true}]}}