{"id":9571,"date":"2019-04-16T07:20:51","date_gmt":"2019-04-16T07:20:51","guid":{"rendered":"http:\/\/lapinedaplatja.info\/item\/1-dia-resta-any\/"},"modified":"2023-08-18T11:48:43","modified_gmt":"2023-08-18T09:48:43","slug":"1-dia-resta-any","status":"publish","type":"portfolio","link":"https:\/\/lapinedaplatja.info\/fr\/item\/1-dia-resta-any\/","title":{"rendered":"1 Jour"},"content":{"rendered":"<h2>Vila-seca, la Pineda Platja, aussi en automne<\/h2>\n<p>Vila-seca, la Pineda Platja est une destination surtout connue pour ses plages tranquilles mais aussi pour ses nombreux attraits qui la rendent id\u00e9ale pour des visites au printemps, en automne et en hiver. Si votre visite ne dure que quelques heures, voici ce que vous ne pouvez pas manquer.<\/p>\n<h3>Matin\u00e9e du jour 1\u00a0: une promenade en bord de mer<\/h3>\n<p>Vila-seca se caract\u00e9rise par sa plage et la promenade maritime qui l\u2019encercle. Ses 3\u00a0kilom\u00e8tres et plus sont un plaisir \u00e0 parcourir m\u00eame en dehors de la saison estivale. Faites une agr\u00e9able promenade en bord de mer et rendez-vous aux points d&rsquo;int\u00e9r\u00eat de la plage\u00a0: les ensembles sculpturaux Marca d\u2019Aigua et Pineda, en plus du Parc del Pinar de Perruquet, un parc urbain de grande envergure tout pr\u00e8s du sable.<\/p>\n<p>En milieu de matin\u00e9e, venez d\u00e9couvrir l&rsquo;espace naturel de la S\u00e9quia Major, o\u00f9 vous contemplerez des esp\u00e8ces v\u00e9g\u00e9tales et animales, dont certaines sont menac\u00e9es d&rsquo;extinction. Cet important mar\u00e9cage de Catalogne est prot\u00e9g\u00e9 depuis 1992 par le Pla d\u2019Espais d\u2019Inter\u00e8s Natural (PEIN &#8211; <em>Plan des espaces d<\/em>\u2019<em>int\u00e9r\u00eat naturel<\/em>) de la Generalitat de Catalunya. Si vous \u00eates un amateur de la nature et de l&rsquo;observation d&rsquo;oiseaux, vous allez adorer. R\u00e9servez votre visite guid\u00e9e gratuite (entre les mois d&rsquo;ao\u00fbt et de f\u00e9vrier, lorsque les oiseaux ne nidifient pas) au 0034.977.39.03.62.<\/p>\n<h3>Apr\u00e8s-midi du jour 1\u00a0: d\u00e9couvrez la vieille ville et d\u00e9connectez corps et esprit<\/h3>\n<p>L&rsquo;apr\u00e8s-midi, nous vous attendons \u00e0 Vila-seca pour la d\u00e9couverte de son patrimoine culturel en parcourant un itin\u00e9raire libre dans la vieille ville. Ce circuit peut \u00eatre parcouru en suivant les 10\u00a0totems d&rsquo;identification contenant des informations QR, situ\u00e9s pr\u00e8s des monuments les plus significatifs. Un bon point de d\u00e9part est le Raval de la Mar o\u00f9 se trouve la Creu de la Beguda du XII<sup>\u00e8me<\/sup> si\u00e8cle. De ce point, vous pouvez continuer votre itin\u00e9raire en visitant le Ch\u00e2teau ; l&rsquo;\u00c9glise de Sant Esteve ; le Celler ; le Portail de Sant Antoni (XIV<sup>\u00e8me<\/sup>)\u00a0; la Tour de la Tuies del Caf\u00e8 (XVI<sup>\u00e8me<\/sup>) et les Tours de l\u2019Abadia, de l\u2019Ardiaca, del Delme et de l\u2019Homenatge (XII<sup>\u00e8me<\/sup>).<\/p>\n<p>Pour retourner chez vous revigor\u00e9, passez, avant de partir, dans l&rsquo;un des centres de bien-\u00eatre et wellness de Vila-seca. Nous disposons de deux espaces de r\u00e9f\u00e9rence sur le territoire\u00a0: l\u2019Aquum Spa &amp; Wellness et le Spalas Spa &amp; Wellness, dans lesquels vous pourrez profiter d&rsquo;une exp\u00e9rience relaxante et revitalisante \u00e0 travers des soins, des sensations thermiques, des saunas, des massages, des circuits d&rsquo;eaux, etc.<\/p>\n","protected":false},"featured_media":14468,"template":"","meta":{"_acf_changed":false},"portfolio-types":[185],"class_list":["post-9571","portfolio","type-portfolio","status-publish","has-post-thumbnail","hentry","portfolio-types-resta-any-fr"],"acf":[],"yoast_head":"<!-- This site is optimized with the Yoast SEO plugin v26.6 - https:\/\/yoast.com\/wordpress\/plugins\/seo\/ -->\n<title>1 Jour | Vila-seca - La Pineda Platja<\/title>\n<meta name=\"description\" content=\"Vila-seca, la Pineda Platja, aussi en automne Vila-seca, la Pineda Platja est une destination surtout connue pour ses plages tranquilles mais aussi pour\" \/>\n<meta name=\"robots\" content=\"index, follow, max-snippet:-1, max-image-preview:large, max-video-preview:-1\" \/>\n<link rel=\"canonical\" href=\"https:\/\/lapinedaplatja.info\/fr\/item\/1-dia-resta-any\/\" \/>\n<meta property=\"og:locale\" content=\"fr_FR\" \/>\n<meta property=\"og:type\" content=\"article\" \/>\n<meta property=\"og:title\" content=\"1 Jour | Vila-seca - La Pineda Platja\" \/>\n<meta property=\"og:description\" content=\"Vila-seca, la Pineda Platja, aussi en automne Vila-seca, la Pineda Platja est une destination surtout connue pour ses plages tranquilles mais aussi pour\" \/>\n<meta property=\"og:url\" content=\"https:\/\/lapinedaplatja.info\/fr\/item\/1-dia-resta-any\/\" \/>\n<meta property=\"og:site_name\" content=\"Vila-seca - La Pineda Platja\" \/>\n<meta property=\"article:publisher\" content=\"https:\/\/www.facebook.com\/lapinedaplatja\/\" \/>\n<meta property=\"article:modified_time\" content=\"2023-08-18T09:48:43+00:00\" \/>\n<meta property=\"og:image\" content=\"https:\/\/lapinedaplatja.info\/wp-content\/uploads\/2019\/04\/2020_001_item_resta-any.jpg\" \/>\n\t<meta property=\"og:image:width\" content=\"1440\" \/>\n\t<meta property=\"og:image:height\" content=\"550\" \/>\n\t<meta property=\"og:image:type\" content=\"image\/jpeg\" \/>\n<meta name=\"twitter:card\" content=\"summary_large_image\" \/>\n<meta name=\"twitter:site\" content=\"@lapinedaplatja\" \/>\n<meta name=\"twitter:label1\" content=\"Dur\u00e9e de lecture estim\u00e9e\" \/>\n\t<meta name=\"twitter:data1\" content=\"3 minutes\" \/>\n<script type=\"application\/ld+json\" class=\"yoast-schema-graph\">{\"@context\":\"https:\/\/schema.org\",\"@graph\":[{\"@type\":\"WebPage\",\"@id\":\"https:\/\/lapinedaplatja.info\/fr\/item\/1-dia-resta-any\/\",\"url\":\"https:\/\/lapinedaplatja.info\/fr\/item\/1-dia-resta-any\/\",\"name\":\"1 Jour | Vila-seca - La Pineda Platja\",\"isPartOf\":{\"@id\":\"https:\/\/lapinedaplatja.info\/fr\/#website\"},\"primaryImageOfPage\":{\"@id\":\"https:\/\/lapinedaplatja.info\/fr\/item\/1-dia-resta-any\/#primaryimage\"},\"image\":{\"@id\":\"https:\/\/lapinedaplatja.info\/fr\/item\/1-dia-resta-any\/#primaryimage\"},\"thumbnailUrl\":\"https:\/\/lapinedaplatja.info\/wp-content\/uploads\/2019\/04\/2020_001_item_resta-any.jpg\",\"datePublished\":\"2019-04-16T07:20:51+00:00\",\"dateModified\":\"2023-08-18T09:48:43+00:00\",\"description\":\"Vila-seca, la Pineda Platja, aussi en automne Vila-seca, la Pineda Platja est une destination surtout connue pour ses plages tranquilles mais aussi pour\",\"breadcrumb\":{\"@id\":\"https:\/\/lapinedaplatja.info\/fr\/item\/1-dia-resta-any\/#breadcrumb\"},\"inLanguage\":\"fr-FR\",\"potentialAction\":[{\"@type\":\"ReadAction\",\"target\":[\"https:\/\/lapinedaplatja.info\/fr\/item\/1-dia-resta-any\/\"]}]},{\"@type\":\"ImageObject\",\"inLanguage\":\"fr-FR\",\"@id\":\"https:\/\/lapinedaplatja.info\/fr\/item\/1-dia-resta-any\/#primaryimage\",\"url\":\"https:\/\/lapinedaplatja.info\/wp-content\/uploads\/2019\/04\/2020_001_item_resta-any.jpg\",\"contentUrl\":\"https:\/\/lapinedaplatja.info\/wp-content\/uploads\/2019\/04\/2020_001_item_resta-any.jpg\",\"width\":1440,\"height\":550},{\"@type\":\"BreadcrumbList\",\"@id\":\"https:\/\/lapinedaplatja.info\/fr\/item\/1-dia-resta-any\/#breadcrumb\",\"itemListElement\":[{\"@type\":\"ListItem\",\"position\":1,\"name\":\"Portada\",\"item\":\"https:\/\/lapinedaplatja.info\/fr\/\"},{\"@type\":\"ListItem\",\"position\":2,\"name\":\"Reste de l'ann\u00e9e\",\"item\":\"https:\/\/lapinedaplatja.info\/fr\/tipus\/resta-any-fr\/\"},{\"@type\":\"ListItem\",\"position\":3,\"name\":\"1 Jour\"}]},{\"@type\":\"WebSite\",\"@id\":\"https:\/\/lapinedaplatja.info\/fr\/#website\",\"url\":\"https:\/\/lapinedaplatja.info\/fr\/\",\"name\":\"La Pineda Platja | Vila-seca\",\"description\":\"Oficina de Turismo de La Pineda.\",\"publisher\":{\"@id\":\"https:\/\/lapinedaplatja.info\/fr\/#organization\"},\"potentialAction\":[{\"@type\":\"SearchAction\",\"target\":{\"@type\":\"EntryPoint\",\"urlTemplate\":\"https:\/\/lapinedaplatja.info\/fr\/?s={search_term_string}\"},\"query-input\":{\"@type\":\"PropertyValueSpecification\",\"valueRequired\":true,\"valueName\":\"search_term_string\"}}],\"inLanguage\":\"fr-FR\"},{\"@type\":\"Organization\",\"@id\":\"https:\/\/lapinedaplatja.info\/fr\/#organization\",\"name\":\"Patronat Municipal de Turisme de Vila-seca\",\"url\":\"https:\/\/lapinedaplatja.info\/fr\/\",\"logo\":{\"@type\":\"ImageObject\",\"inLanguage\":\"fr-FR\",\"@id\":\"https:\/\/lapinedaplatja.info\/fr\/#\/schema\/logo\/image\/\",\"url\":\"https:\/\/lapinedaplatja.info\/wp-content\/uploads\/2018\/10\/cropped-13260099_989491457837088_3488030785405353200_n.jpg\",\"contentUrl\":\"https:\/\/lapinedaplatja.info\/wp-content\/uploads\/2018\/10\/cropped-13260099_989491457837088_3488030785405353200_n.jpg\",\"width\":600,\"height\":600,\"caption\":\"Patronat Municipal de Turisme de Vila-seca\"},\"image\":{\"@id\":\"https:\/\/lapinedaplatja.info\/fr\/#\/schema\/logo\/image\/\"},\"sameAs\":[\"https:\/\/www.facebook.com\/lapinedaplatja\/\",\"https:\/\/x.com\/lapinedaplatja\",\"https:\/\/www.instagram.com\/lapinedaplatja\/\"]}]}<\/script>\n<!-- \/ Yoast SEO plugin. -->","yoast_head_json":{"title":"1 Jour | Vila-seca - La Pineda Platja","description":"Vila-seca, la Pineda Platja, aussi en automne Vila-seca, la Pineda Platja est une destination surtout connue pour ses plages tranquilles mais aussi pour","robots":{"index":"index","follow":"follow","max-snippet":"max-snippet:-1","max-image-preview":"max-image-preview:large","max-video-preview":"max-video-preview:-1"},"canonical":"https:\/\/lapinedaplatja.info\/fr\/item\/1-dia-resta-any\/","og_locale":"fr_FR","og_type":"article","og_title":"1 Jour | Vila-seca - La Pineda Platja","og_description":"Vila-seca, la Pineda Platja, aussi en automne Vila-seca, la Pineda Platja est une destination surtout connue pour ses plages tranquilles mais aussi pour","og_url":"https:\/\/lapinedaplatja.info\/fr\/item\/1-dia-resta-any\/","og_site_name":"Vila-seca - La Pineda Platja","article_publisher":"https:\/\/www.facebook.com\/lapinedaplatja\/","article_modified_time":"2023-08-18T09:48:43+00:00","og_image":[{"width":1440,"height":550,"url":"https:\/\/lapinedaplatja.info\/wp-content\/uploads\/2019\/04\/2020_001_item_resta-any.jpg","type":"image\/jpeg"}],"twitter_card":"summary_large_image","twitter_site":"@lapinedaplatja","twitter_misc":{"Dur\u00e9e de lecture estim\u00e9e":"3 minutes"},"schema":{"@context":"https:\/\/schema.org","@graph":[{"@type":"WebPage","@id":"https:\/\/lapinedaplatja.info\/fr\/item\/1-dia-resta-any\/","url":"https:\/\/lapinedaplatja.info\/fr\/item\/1-dia-resta-any\/","name":"1 Jour | Vila-seca - La Pineda Platja","isPartOf":{"@id":"https:\/\/lapinedaplatja.info\/fr\/#website"},"primaryImageOfPage":{"@id":"https:\/\/lapinedaplatja.info\/fr\/item\/1-dia-resta-any\/#primaryimage"},"image":{"@id":"https:\/\/lapinedaplatja.info\/fr\/item\/1-dia-resta-any\/#primaryimage"},"thumbnailUrl":"https:\/\/lapinedaplatja.info\/wp-content\/uploads\/2019\/04\/2020_001_item_resta-any.jpg","datePublished":"2019-04-16T07:20:51+00:00","dateModified":"2023-08-18T09:48:43+00:00","description":"Vila-seca, la Pineda Platja, aussi en automne Vila-seca, la Pineda Platja est une destination surtout connue pour ses plages tranquilles mais aussi pour","breadcrumb":{"@id":"https:\/\/lapinedaplatja.info\/fr\/item\/1-dia-resta-any\/#breadcrumb"},"inLanguage":"fr-FR","potentialAction":[{"@type":"ReadAction","target":["https:\/\/lapinedaplatja.info\/fr\/item\/1-dia-resta-any\/"]}]},{"@type":"ImageObject","inLanguage":"fr-FR","@id":"https:\/\/lapinedaplatja.info\/fr\/item\/1-dia-resta-any\/#primaryimage","url":"https:\/\/lapinedaplatja.info\/wp-content\/uploads\/2019\/04\/2020_001_item_resta-any.jpg","contentUrl":"https:\/\/lapinedaplatja.info\/wp-content\/uploads\/2019\/04\/2020_001_item_resta-any.jpg","width":1440,"height":550},{"@type":"BreadcrumbList","@id":"https:\/\/lapinedaplatja.info\/fr\/item\/1-dia-resta-any\/#breadcrumb","itemListElement":[{"@type":"ListItem","position":1,"name":"Portada","item":"https:\/\/lapinedaplatja.info\/fr\/"},{"@type":"ListItem","position":2,"name":"Reste de l'ann\u00e9e","item":"https:\/\/lapinedaplatja.info\/fr\/tipus\/resta-any-fr\/"},{"@type":"ListItem","position":3,"name":"1 Jour"}]},{"@type":"WebSite","@id":"https:\/\/lapinedaplatja.info\/fr\/#website","url":"https:\/\/lapinedaplatja.info\/fr\/","name":"La Pineda Platja | Vila-seca","description":"Oficina de Turismo de La Pineda.","publisher":{"@id":"https:\/\/lapinedaplatja.info\/fr\/#organization"},"potentialAction":[{"@type":"SearchAction","target":{"@type":"EntryPoint","urlTemplate":"https:\/\/lapinedaplatja.info\/fr\/?s={search_term_string}"},"query-input":{"@type":"PropertyValueSpecification","valueRequired":true,"valueName":"search_term_string"}}],"inLanguage":"fr-FR"},{"@type":"Organization","@id":"https:\/\/lapinedaplatja.info\/fr\/#organization","name":"Patronat Municipal de Turisme de Vila-seca","url":"https:\/\/lapinedaplatja.info\/fr\/","logo":{"@type":"ImageObject","inLanguage":"fr-FR","@id":"https:\/\/lapinedaplatja.info\/fr\/#\/schema\/logo\/image\/","url":"https:\/\/lapinedaplatja.info\/wp-content\/uploads\/2018\/10\/cropped-13260099_989491457837088_3488030785405353200_n.jpg","contentUrl":"https:\/\/lapinedaplatja.info\/wp-content\/uploads\/2018\/10\/cropped-13260099_989491457837088_3488030785405353200_n.jpg","width":600,"height":600,"caption":"Patronat Municipal de Turisme de Vila-seca"},"image":{"@id":"https:\/\/lapinedaplatja.info\/fr\/#\/schema\/logo\/image\/"},"sameAs":["https:\/\/www.facebook.com\/lapinedaplatja\/","https:\/\/x.com\/lapinedaplatja","https:\/\/www.instagram.com\/lapinedaplatja\/"]}]}},"_links":{"self":[{"href":"https:\/\/lapinedaplatja.info\/fr\/wp-json\/wp\/v2\/portfolio\/9571","targetHints":{"allow":["GET"]}}],"collection":[{"href":"https:\/\/lapinedaplatja.info\/fr\/wp-json\/wp\/v2\/portfolio"}],"about":[{"href":"https:\/\/lapinedaplatja.info\/fr\/wp-json\/wp\/v2\/types\/portfolio"}],"version-history":[{"count":0,"href":"https:\/\/lapinedaplatja.info\/fr\/wp-json\/wp\/v2\/portfolio\/9571\/revisions"}],"wp:featuredmedia":[{"embeddable":true,"href":"https:\/\/lapinedaplatja.info\/fr\/wp-json\/wp\/v2\/media\/14468"}],"wp:attachment":[{"href":"https:\/\/lapinedaplatja.info\/fr\/wp-json\/wp\/v2\/media?parent=9571"}],"wp:term":[{"taxonomy":"portfolio-types","embeddable":true,"href":"https:\/\/lapinedaplatja.info\/fr\/wp-json\/wp\/v2\/portfolio-types?post=9571"}],"curies":[{"name":"wp","href":"https:\/\/api.w.org\/{rel}","templated":true}]}}